 
 {"id":117,"date":"2012-10-15T15:06:04","date_gmt":"2012-10-15T14:06:04","guid":{"rendered":"http:\/\/atelierclermontfilmfest.wordpress.com\/?page_id=117"},"modified":"2021-03-24T21:26:58","modified_gmt":"2021-03-24T20:26:58","slug":"lycee-vercingetorix","status":"publish","type":"page","link":"https:\/\/atelier-filmfest.com\/archives\/lycee-vercingetorix\/","title":{"rendered":"Lyc\u00e9e Vercing\u00e9torix"},"content":{"rendered":"<p>&nbsp;<\/p>\n<p><a href=\"http:\/\/ns203004.ovh.net\/%7Eatelfilm\/wp-content\/uploads\/2012\/10\/05-02-13_objet_0005_prv.jpeg\"><img decoding=\"async\" loading=\"lazy\" class=\"aligncenter size-full wp-image-2521\" alt=\"05-02-13_objet_0005_prv\" src=\"http:\/\/ns203004.ovh.net\/%7Eatelfilm\/wp-content\/uploads\/2012\/10\/05-02-13_objet_0005_prv.jpeg\" width=\"640\" height=\"480\" srcset=\"https:\/\/atelier-filmfest.com\/archives\/wp-content\/uploads\/2012\/10\/05-02-13_objet_0005_prv.jpeg 640w, https:\/\/atelier-filmfest.com\/archives\/wp-content\/uploads\/2012\/10\/05-02-13_objet_0005_prv-300x225.jpeg 300w, https:\/\/atelier-filmfest.com\/archives\/wp-content\/uploads\/2012\/10\/05-02-13_objet_0005_prv-466x350.jpeg 466w\" sizes=\"(max-width: 640px) 100vw, 640px\" \/><\/a><\/p>\n<p style=\"text-align: justify;\">Labellis\u00e9 Lyc\u00e9e des M\u00e9tiers des technologies industrielles et de la communication, le\u00a0lyc\u00e9e Vercing\u00e9rotix\u00a0dispense des enseignements diversifi\u00e9s\u00a0: Electrotechnique, Maintenance des Equipements Industriels, Photographie, Production Graphique, Production Imprim\u00e9e, Communication Graphique.<b><\/b><\/p>\n<p style=\"text-align: justify;\">Nous offrons \u00e9galement des formations scolaires BTS \u00a0par apprentissage et assurons par le GRETA la formation continue des salari\u00e9s au service des entreprises.<\/p>\n<p style=\"text-align: justify;\">Le lyc\u00e9e Vercing\u00e9torix a vu la transformation de son CAP Photographie, en Bac Professionnel 3 ans Photographie en 2009.<\/p>\n<p style=\"text-align: justify;\">Formation tr\u00e8s demand\u00e9e, seuls 15 \u00e9l\u00e8ves peuvent int\u00e9grer cette section.<\/p>\n<p style=\"text-align: justify;\">Le titulaire du Bac Professionnel Photographie est capable de monter des projets en tenant compte des aspects artistiques, techniques et financiers. En prise de vue comme en d\u00e9veloppement ou en tirage, il ma\u00eetrise aussi bien les techniques traditionnelles de la photographie que les techniques num\u00e9riques.<\/p>\n<p style=\"text-align: justify;\">Lors de cette semaine \u00e0 l\u2019Atelier, 4 de nos lyc\u00e9ens animent un studio \u00ad(con\u00e7u par leurs soins) reprend le th\u00e8me retenu. Ils se chargeront \u00e9galement de r\u00e9aliser plusieurs reportages photos au sein de l\u2019Atelier.<\/p>\n<p>Site lyc\u00e9e\u00a0: <a href=\"http:\/\/www.lyc-vercingetorix.ac-clermont.fr\">www.lyc-vercingetorix.ac-clermont.fr<\/a><\/p>\n<!-- Rendered by FancyBox without labels BEGIN -->\n\n\t<style type=\"text\/css\">\n\t\t\t\t\t#gallery-0 {\n\t\t\t\t\t\tmargin: auto;\n\t\t\t\t\t}\n\t\t\t\t\t#gallery-0 .gallery-item {\n\t\t\t\t\t\tfloat: left;\n\t\t\t\t\t\tmargin-top: 10px;\n\t\t\t\t\t\ttext-align: center;\n\t\t\t\t\t\twidth: 32%;\n\t\t\t\t\t}\n\t\t\t\t\t#gallery-0 img {\n\t\t\t\t\t\tborder: 2px solid #cfcfcf;\n\t\t\t\t\t}\n\t\t\t\t\t#gallery-0 .gallery-caption {\n\t\t\t\t\t\tmargin-left: 0;\n\t\t\t\t\t}\n\t<\/style>\n<script type=\"text\/javascript\">\n$(document).ready(function() {\n\t\/*\n\t *  Simple image gallery. Uses default settings\n\t *\/\n\n\t$(\".fancybox\").fancybox({\n\t\t\"transitionIn\"\t\t: \"none\",\n\t\t\"transitionOut\"\t\t: \"none\",\n\t\t\"titlePosition\" \t: \"over\"\n\n\t});\n});\n<\/script>\n\n\t<div id=\"gallery-0\" class=\"gallery galleryid-0 gallery-size-thumbnail\" style=\"\"><dl class=\"gallery-item\"><dt class=\"gallery-icon\">\n\t\t<a class=\"fancybox\" href=\"https:\/\/atelier-filmfest.com\/archives\/wp-content\/uploads\/2012\/10\/08-02-13_objet_0023_prv.jpeg\" rel=\"gallery-0\"><img width=\"150\" height=\"150\" class=\"attachment-thumbnail\" alt=\"\" src=\"https:\/\/atelier-filmfest.com\/archives\/wp-content\/uploads\/2012\/10\/08-02-13_objet_0023_prv-150x150.jpeg\" \/><\/a><\/dt><\/dl>\n\n<dl class=\"gallery-item\"><dt class=\"gallery-icon\">\n\t\t<a class=\"fancybox\" href=\"https:\/\/atelier-filmfest.com\/archives\/wp-content\/uploads\/2012\/10\/08-02-13_objet_0022_prv.jpeg\" rel=\"gallery-0\"><img width=\"150\" height=\"150\" class=\"attachment-thumbnail\" alt=\"\" src=\"https:\/\/atelier-filmfest.com\/archives\/wp-content\/uploads\/2012\/10\/08-02-13_objet_0022_prv-150x150.jpeg\" \/><\/a><\/dt><\/dl>\n\n<dl class=\"gallery-item\"><dt class=\"gallery-icon\">\n\t\t<a class=\"fancybox\" href=\"https:\/\/atelier-filmfest.com\/archives\/wp-content\/uploads\/2012\/10\/08-02-13_objet_0021_prv.jpeg\" rel=\"gallery-0\"><img width=\"150\" height=\"150\" class=\"attachment-thumbnail\" alt=\"\" src=\"https:\/\/atelier-filmfest.com\/archives\/wp-content\/uploads\/2012\/10\/08-02-13_objet_0021_prv-150x150.jpeg\" \/><\/a><\/dt><\/dl>\n\n<dl class=\"gallery-item\"><dt class=\"gallery-icon\">\n\t\t<a class=\"fancybox\" href=\"https:\/\/atelier-filmfest.com\/archives\/wp-content\/uploads\/2012\/10\/08-02-13_objet_0020_prv.jpeg\" rel=\"gallery-0\"><img width=\"150\" height=\"150\" class=\"attachment-thumbnail\" alt=\"\" src=\"https:\/\/atelier-filmfest.com\/archives\/wp-content\/uploads\/2012\/10\/08-02-13_objet_0020_prv-150x150.jpeg\" \/><\/a><\/dt><\/dl>\n\n<dl class=\"gallery-item\"><dt class=\"gallery-icon\">\n\t\t<a class=\"fancybox\" href=\"https:\/\/atelier-filmfest.com\/archives\/wp-content\/uploads\/2012\/10\/08-02-13_objet_0019_prv.jpeg\" rel=\"gallery-0\"><img width=\"150\" height=\"150\" class=\"attachment-thumbnail\" alt=\"\" src=\"https:\/\/atelier-filmfest.com\/archives\/wp-content\/uploads\/2012\/10\/08-02-13_objet_0019_prv-150x150.jpeg\" \/><\/a><\/dt><\/dl>\n\n<dl class=\"gallery-item\"><dt class=\"gallery-icon\">\n\t\t<a class=\"fancybox\" href=\"https:\/\/atelier-filmfest.com\/archives\/wp-content\/uploads\/2012\/10\/08-02-13_objet_0018_prv.jpeg\" rel=\"gallery-0\"><img width=\"150\" height=\"150\" class=\"attachment-thumbnail\" alt=\"\" src=\"https:\/\/atelier-filmfest.com\/archives\/wp-content\/uploads\/2012\/10\/08-02-13_objet_0018_prv-150x150.jpeg\" \/><\/a><\/dt><\/dl>\n\n<dl class=\"gallery-item\"><dt class=\"gallery-icon\">\n\t\t<a class=\"fancybox\" href=\"https:\/\/atelier-filmfest.com\/archives\/wp-content\/uploads\/2012\/10\/08-02-13_objet_0017_prv.jpeg\" rel=\"gallery-0\"><img width=\"150\" height=\"150\" class=\"attachment-thumbnail\" alt=\"\" src=\"https:\/\/atelier-filmfest.com\/archives\/wp-content\/uploads\/2012\/10\/08-02-13_objet_0017_prv-150x150.jpeg\" \/><\/a><\/dt><\/dl>\n\n<dl class=\"gallery-item\"><dt class=\"gallery-icon\">\n\t\t<a class=\"fancybox\" href=\"https:\/\/atelier-filmfest.com\/archives\/wp-content\/uploads\/2012\/10\/07-02-13_objet_0001_prv.jpeg\" rel=\"gallery-0\"><img width=\"150\" height=\"150\" class=\"attachment-thumbnail\" alt=\"\" src=\"https:\/\/atelier-filmfest.com\/archives\/wp-content\/uploads\/2012\/10\/07-02-13_objet_0001_prv-150x150.jpeg\" \/><\/a><\/dt><\/dl>\n\n<dl class=\"gallery-item\"><dt class=\"gallery-icon\">\n\t\t<a class=\"fancybox\" href=\"https:\/\/atelier-filmfest.com\/archives\/wp-content\/uploads\/2012\/10\/06-02-13_objet_0016_prv.jpeg\" rel=\"gallery-0\"><img width=\"150\" height=\"150\" class=\"attachment-thumbnail\" alt=\"\" src=\"https:\/\/atelier-filmfest.com\/archives\/wp-content\/uploads\/2012\/10\/06-02-13_objet_0016_prv-150x150.jpeg\" \/><\/a><\/dt><\/dl>\n\n<dl class=\"gallery-item\"><dt class=\"gallery-icon\">\n\t\t<a class=\"fancybox\" href=\"https:\/\/atelier-filmfest.com\/archives\/wp-content\/uploads\/2012\/10\/06-02-13_objet_0015_prv.jpeg\" rel=\"gallery-0\"><img width=\"150\" height=\"150\" class=\"attachment-thumbnail\" alt=\"\" src=\"https:\/\/atelier-filmfest.com\/archives\/wp-content\/uploads\/2012\/10\/06-02-13_objet_0015_prv-150x150.jpeg\" \/><\/a><\/dt><\/dl>\n\n<dl class=\"gallery-item\"><dt class=\"gallery-icon\">\n\t\t<a class=\"fancybox\" href=\"https:\/\/atelier-filmfest.com\/archives\/wp-content\/uploads\/2012\/10\/06-02-13_objet_0014_prv.jpeg\" rel=\"gallery-0\"><img width=\"150\" height=\"150\" class=\"attachment-thumbnail\" alt=\"\" src=\"https:\/\/atelier-filmfest.com\/archives\/wp-content\/uploads\/2012\/10\/06-02-13_objet_0014_prv-150x150.jpeg\" \/><\/a><\/dt><\/dl>\n\n<dl class=\"gallery-item\"><dt class=\"gallery-icon\">\n\t\t<a class=\"fancybox\" href=\"https:\/\/atelier-filmfest.com\/archives\/wp-content\/uploads\/2012\/10\/06-02-13_objet_0013_prv.jpeg\" rel=\"gallery-0\"><img width=\"150\" height=\"150\" class=\"attachment-thumbnail\" alt=\"\" src=\"https:\/\/atelier-filmfest.com\/archives\/wp-content\/uploads\/2012\/10\/06-02-13_objet_0013_prv-150x150.jpeg\" \/><\/a><\/dt><\/dl>\n\n<dl class=\"gallery-item\"><dt class=\"gallery-icon\">\n\t\t<a class=\"fancybox\" href=\"https:\/\/atelier-filmfest.com\/archives\/wp-content\/uploads\/2012\/10\/06-02-13_objet_0012_prv.jpeg\" rel=\"gallery-0\"><img width=\"150\" height=\"150\" class=\"attachment-thumbnail\" alt=\"\" src=\"https:\/\/atelier-filmfest.com\/archives\/wp-content\/uploads\/2012\/10\/06-02-13_objet_0012_prv-150x150.jpeg\" \/><\/a><\/dt><\/dl>\n\n<dl class=\"gallery-item\"><dt class=\"gallery-icon\">\n\t\t<a class=\"fancybox\" href=\"https:\/\/atelier-filmfest.com\/archives\/wp-content\/uploads\/2012\/10\/06-02-13_objet_0011_prv.jpeg\" rel=\"gallery-0\"><img width=\"150\" height=\"150\" class=\"attachment-thumbnail\" alt=\"\" src=\"https:\/\/atelier-filmfest.com\/archives\/wp-content\/uploads\/2012\/10\/06-02-13_objet_0011_prv-150x150.jpeg\" \/><\/a><\/dt><\/dl>\n\n<dl class=\"gallery-item\"><dt class=\"gallery-icon\">\n\t\t<a class=\"fancybox\" href=\"https:\/\/atelier-filmfest.com\/archives\/wp-content\/uploads\/2012\/10\/06-02-13_objet_0010_prv.jpeg\" rel=\"gallery-0\"><img width=\"150\" height=\"150\" class=\"attachment-thumbnail\" alt=\"\" src=\"https:\/\/atelier-filmfest.com\/archives\/wp-content\/uploads\/2012\/10\/06-02-13_objet_0010_prv-150x150.jpeg\" \/><\/a><\/dt><\/dl>\n\n<dl class=\"gallery-item\"><dt class=\"gallery-icon\">\n\t\t<a class=\"fancybox\" href=\"https:\/\/atelier-filmfest.com\/archives\/wp-content\/uploads\/2012\/10\/06-02-13_objet_0009_prv.jpeg\" rel=\"gallery-0\"><img width=\"150\" height=\"150\" class=\"attachment-thumbnail\" alt=\"\" src=\"https:\/\/atelier-filmfest.com\/archives\/wp-content\/uploads\/2012\/10\/06-02-13_objet_0009_prv-150x150.jpeg\" \/><\/a><\/dt><\/dl>\n\n<dl class=\"gallery-item\"><dt class=\"gallery-icon\">\n\t\t<a class=\"fancybox\" href=\"https:\/\/atelier-filmfest.com\/archives\/wp-content\/uploads\/2012\/10\/05-02-13_objet_0008_prv.jpeg\" rel=\"gallery-0\"><img width=\"150\" height=\"150\" class=\"attachment-thumbnail\" alt=\"\" src=\"https:\/\/atelier-filmfest.com\/archives\/wp-content\/uploads\/2012\/10\/05-02-13_objet_0008_prv-150x150.jpeg\" \/><\/a><\/dt><\/dl>\n\n<dl class=\"gallery-item\"><dt class=\"gallery-icon\">\n\t\t<a class=\"fancybox\" href=\"https:\/\/atelier-filmfest.com\/archives\/wp-content\/uploads\/2012\/10\/05-02-13_objet_0007_prv.jpeg\" rel=\"gallery-0\"><img width=\"150\" height=\"150\" class=\"attachment-thumbnail\" alt=\"\" src=\"https:\/\/atelier-filmfest.com\/archives\/wp-content\/uploads\/2012\/10\/05-02-13_objet_0007_prv-150x150.jpeg\" \/><\/a><\/dt><\/dl>\n\n<dl class=\"gallery-item\"><dt class=\"gallery-icon\">\n\t\t<a class=\"fancybox\" href=\"https:\/\/atelier-filmfest.com\/archives\/wp-content\/uploads\/2012\/10\/05-02-13_objet_0006_prv.jpeg\" rel=\"gallery-0\"><img width=\"150\" height=\"150\" class=\"attachment-thumbnail\" alt=\"\" src=\"https:\/\/atelier-filmfest.com\/archives\/wp-content\/uploads\/2012\/10\/05-02-13_objet_0006_prv-150x150.jpeg\" \/><\/a><\/dt><\/dl>\n\n<dl class=\"gallery-item\"><dt class=\"gallery-icon\">\n\t\t<a class=\"fancybox\" href=\"https:\/\/atelier-filmfest.com\/archives\/wp-content\/uploads\/2012\/10\/05-02-13_objet_0005_prv1.jpeg\" rel=\"gallery-0\"><img width=\"150\" height=\"150\" class=\"attachment-thumbnail\" alt=\"\" src=\"https:\/\/atelier-filmfest.com\/archives\/wp-content\/uploads\/2012\/10\/05-02-13_objet_0005_prv1-150x150.jpeg\" \/><\/a><\/dt><\/dl>\n\n<dl class=\"gallery-item\"><dt class=\"gallery-icon\">\n\t\t<a class=\"fancybox\" href=\"https:\/\/atelier-filmfest.com\/archives\/wp-content\/uploads\/2012\/10\/04-02-13_objet_0004_prv.jpeg\" rel=\"gallery-0\"><img width=\"150\" height=\"150\" class=\"attachment-thumbnail\" alt=\"\" src=\"https:\/\/atelier-filmfest.com\/archives\/wp-content\/uploads\/2012\/10\/04-02-13_objet_0004_prv-150x150.jpeg\" \/><\/a><\/dt><\/dl>\n\n<dl class=\"gallery-item\"><dt class=\"gallery-icon\">\n\t\t<a class=\"fancybox\" href=\"https:\/\/atelier-filmfest.com\/archives\/wp-content\/uploads\/2012\/10\/04-02-13_objet_0003_prv.jpeg\" rel=\"gallery-0\"><img width=\"150\" height=\"150\" class=\"attachment-thumbnail\" alt=\"\" src=\"https:\/\/atelier-filmfest.com\/archives\/wp-content\/uploads\/2012\/10\/04-02-13_objet_0003_prv-150x150.jpeg\" \/><\/a><\/dt><\/dl>\n\n<dl class=\"gallery-item\"><dt class=\"gallery-icon\">\n\t\t<a class=\"fancybox\" href=\"https:\/\/atelier-filmfest.com\/archives\/wp-content\/uploads\/2012\/10\/04-02-13_objet_0002_prv.jpeg\" rel=\"gallery-0\"><img width=\"150\" height=\"150\" class=\"attachment-thumbnail\" alt=\"\" src=\"https:\/\/atelier-filmfest.com\/archives\/wp-content\/uploads\/2012\/10\/04-02-13_objet_0002_prv-150x150.jpeg\" \/><\/a><\/dt><\/dl>\n\n<dl class=\"gallery-item\"><dt class=\"gallery-icon\">\n\t\t<a class=\"fancybox\" href=\"https:\/\/atelier-filmfest.com\/archives\/wp-content\/uploads\/2012\/10\/07-02-13_objet_0515.jpeg\" rel=\"gallery-0\"><img width=\"150\" height=\"150\" class=\"attachment-thumbnail\" alt=\"\" src=\"https:\/\/atelier-filmfest.com\/archives\/wp-content\/uploads\/2012\/10\/07-02-13_objet_0515-150x150.jpeg\" \/><\/a><\/dt><\/dl>\n\n<\/div><br clear=\"all\" \/><!-- Rendered by FancyBox without labels END -->\n\n","protected":false},"excerpt":{"rendered":"<p>&nbsp; Labellis\u00e9 Lyc\u00e9e des M\u00e9tiers des technologies industrielles et de la communication, le\u00a0lyc\u00e9e Vercing\u00e9rotix\u00a0dispense des enseignements diversifi\u00e9s\u00a0: Electrotechnique, Maintenance des Equipements Industriels, Photographie, Production Graphique, Production Imprim\u00e9e, Communication Graphique. Nous offrons \u00e9galement des formations scolaires BTS \u00a0par apprentissage et assurons par le GRETA la formation continue des salari\u00e9s au service&#8230;<\/p>\n<p><a class='more-link' href='https:\/\/atelier-filmfest.com\/archives\/lycee-vercingetorix\/'><span class='screen-reader-text'>Lyc\u00e9e Vercing\u00e9torix<\/span><\/a><\/p>","protected":false},"author":3,"featured_media":0,"parent":0,"menu_order":0,"comment_status":"closed","ping_status":"closed","template":"","meta":[],"_links":{"self":[{"href":"https:\/\/atelier-filmfest.com\/archives\/wp-json\/wp\/v2\/pages\/117"}],"collection":[{"href":"https:\/\/atelier-filmfest.com\/archives\/wp-json\/wp\/v2\/pages"}],"about":[{"href":"https:\/\/atelier-filmfest.com\/archives\/wp-json\/wp\/v2\/types\/page"}],"author":[{"embeddable":true,"href":"https:\/\/atelier-filmfest.com\/archives\/wp-json\/wp\/v2\/users\/3"}],"replies":[{"embeddable":true,"href":"https:\/\/atelier-filmfest.com\/archives\/wp-json\/wp\/v2\/comments?post=117"}],"version-history":[{"count":1,"href":"https:\/\/atelier-filmfest.com\/archives\/wp-json\/wp\/v2\/pages\/117\/revisions"}],"predecessor-version":[{"id":6128,"href":"https:\/\/atelier-filmfest.com\/archives\/wp-json\/wp\/v2\/pages\/117\/revisions\/6128"}],"wp:attachment":[{"href":"https:\/\/atelier-filmfest.com\/archives\/wp-json\/wp\/v2\/media?parent=117"}],"curies":[{"name":"wp","href":"https:\/\/api.w.org\/{rel}","templated":true}]}}