 
 {"id":119,"date":"2012-10-15T15:07:12","date_gmt":"2012-10-15T13:07:12","guid":{"rendered":"http:\/\/atelierclermontfilmfest.wordpress.com\/?page_id=119"},"modified":"2021-03-24T21:26:58","modified_gmt":"2021-03-24T20:26:58","slug":"conservatoire-emmanuel-chabrier-2013","status":"publish","type":"page","link":"https:\/\/atelier-filmfest.com\/archives\/conservatoire-emmanuel-chabrier-2013\/","title":{"rendered":"Conservatoire Emmanuel-Chabrier"},"content":{"rendered":"<p><a href=\"http:\/\/atelierclermontfilmfest.files.wordpress.com\/2012\/10\/ville-clermont-fd-pour-conservatoire.jpg\"><!-- Rendered by FancyBox without labels BEGIN -->\n\n\t<style type=\"text\/css\">\n\t\t\t\t\t#gallery-0 {\n\t\t\t\t\t\tmargin: auto;\n\t\t\t\t\t}\n\t\t\t\t\t#gallery-0 .gallery-item {\n\t\t\t\t\t\tfloat: left;\n\t\t\t\t\t\tmargin-top: 10px;\n\t\t\t\t\t\ttext-align: center;\n\t\t\t\t\t\twidth: 32%;\n\t\t\t\t\t}\n\t\t\t\t\t#gallery-0 img {\n\t\t\t\t\t\tborder: 2px solid #cfcfcf;\n\t\t\t\t\t}\n\t\t\t\t\t#gallery-0 .gallery-caption {\n\t\t\t\t\t\tmargin-left: 0;\n\t\t\t\t\t}\n\t<\/style>\n<script type=\"text\/javascript\">\n$(document).ready(function() {\n\t\/*\n\t *  Simple image gallery. Uses default settings\n\t *\/\n\n\t$(\".fancybox\").fancybox({\n\t\t\"transitionIn\"\t\t: \"none\",\n\t\t\"transitionOut\"\t\t: \"none\",\n\t\t\"titlePosition\" \t: \"over\"\n\n\t});\n});\n<\/script>\n\n\t<div id=\"gallery-0\" class=\"gallery galleryid-0 gallery-size-thumbnail\" style=\"\"><dl class=\"gallery-item\"><dt class=\"gallery-icon\">\n\t\t<a class=\"fancybox\" href=\"https:\/\/atelier-filmfest.com\/archives\/wp-content\/uploads\/2012\/10\/Tournage.jpeg\" rel=\"gallery-0\"><img width=\"150\" height=\"150\" class=\"attachment-thumbnail\" alt=\"\" src=\"https:\/\/atelier-filmfest.com\/archives\/wp-content\/uploads\/2012\/10\/Tournage-150x150.jpeg\" \/><\/a><\/dt><\/dl>\n\n<dl class=\"gallery-item\"><dt class=\"gallery-icon\">\n\t\t<a class=\"fancybox\" href=\"https:\/\/atelier-filmfest.com\/archives\/wp-content\/uploads\/2012\/10\/Conservatoire-Jules-1024x683.jpeg\" rel=\"gallery-0\"><img width=\"150\" height=\"150\" class=\"attachment-thumbnail\" alt=\"\" src=\"https:\/\/atelier-filmfest.com\/archives\/wp-content\/uploads\/2012\/10\/Conservatoire-Jules-150x150.jpeg\" \/><\/a><\/dt><\/dl>\n\n<dl class=\"gallery-item\"><dt class=\"gallery-icon\">\n\t\t<a class=\"fancybox\" href=\"https:\/\/atelier-filmfest.com\/archives\/wp-content\/uploads\/2012\/10\/Ecal-1-1024x683.jpeg\" rel=\"gallery-0\"><img width=\"150\" height=\"150\" class=\"attachment-thumbnail\" alt=\"\" src=\"https:\/\/atelier-filmfest.com\/archives\/wp-content\/uploads\/2012\/10\/Ecal-1-150x150.jpeg\" \/><\/a><\/dt><\/dl>\n\n<\/div><br clear=\"all\" \/><!-- Rendered by FancyBox without labels END -->\n<\/p>\n<p><\/a><\/p>\n<p>En 2013, Sauve qui peut le court m\u00e9trage propose une nouvelle collaboration avec l\u2019Ecole Cantonale de Lausanne (E.C.A.L.).<\/p>\n<p style=\"text-align: justify;\">Les \u00e9l\u00e8ves du Cycle d\u2019Orientation Professionnelle du d\u00e9partement d\u2019\u2019art dramatique, apr\u00e8s plusieurs participations \u00e0 l\u2019Atelier Eph\u00e9m\u00e8re, vont suivre un stage d\u2019interpr\u00e9tation \u00ab\u00a0 le jeu d\u2019acteur face \u00e0 la cam\u00e9ra\u00a0\u00bb, \u00a0dirig\u00e9s par le r\u00e9alisateur Vincent Dietschy et les \u00e9l\u00e8ves de l\u2019E.C.A.L..<\/p>\n<p style=\"text-align: justify;\">Le conservatoire participe \u00e0 l\u2019Atelier Eph\u00e9m\u00e8re afin de se sensibiliser les \u00e9l\u00e8ves \u00e0 l\u2019\u00e9criture et \u00e0 la cr\u00e9ation cin\u00e9matographique. Il se se sont \u00e9galement essay\u00e9s\u00a0\u00e0 la r\u00e9alisation et aux techniques de l\u2019image et du son.<\/p>\n","protected":false},"excerpt":{"rendered":"<p>En 2013, Sauve qui peut le court m\u00e9trage propose une nouvelle collaboration avec l\u2019Ecole Cantonale de Lausanne (E.C.A.L.). Les \u00e9l\u00e8ves du Cycle d\u2019Orientation Professionnelle du d\u00e9partement d\u2019\u2019art dramatique, apr\u00e8s plusieurs participations \u00e0 l\u2019Atelier Eph\u00e9m\u00e8re, vont suivre un stage d\u2019interpr\u00e9tation \u00ab\u00a0 le jeu d\u2019acteur face \u00e0 la cam\u00e9ra\u00a0\u00bb, \u00a0dirig\u00e9s par le&#8230;<\/p>\n<p><a class='more-link' href='https:\/\/atelier-filmfest.com\/archives\/conservatoire-emmanuel-chabrier-2013\/'><span class='screen-reader-text'>Conservatoire Emmanuel-Chabrier<\/span><\/a><\/p>","protected":false},"author":3,"featured_media":0,"parent":0,"menu_order":0,"comment_status":"closed","ping_status":"closed","template":"","meta":[],"_links":{"self":[{"href":"https:\/\/atelier-filmfest.com\/archives\/wp-json\/wp\/v2\/pages\/119"}],"collection":[{"href":"https:\/\/atelier-filmfest.com\/archives\/wp-json\/wp\/v2\/pages"}],"about":[{"href":"https:\/\/atelier-filmfest.com\/archives\/wp-json\/wp\/v2\/types\/page"}],"author":[{"embeddable":true,"href":"https:\/\/atelier-filmfest.com\/archives\/wp-json\/wp\/v2\/users\/3"}],"replies":[{"embeddable":true,"href":"https:\/\/atelier-filmfest.com\/archives\/wp-json\/wp\/v2\/comments?post=119"}],"version-history":[{"count":1,"href":"https:\/\/atelier-filmfest.com\/archives\/wp-json\/wp\/v2\/pages\/119\/revisions"}],"predecessor-version":[{"id":6108,"href":"https:\/\/atelier-filmfest.com\/archives\/wp-json\/wp\/v2\/pages\/119\/revisions\/6108"}],"wp:attachment":[{"href":"https:\/\/atelier-filmfest.com\/archives\/wp-json\/wp\/v2\/media?parent=119"}],"curies":[{"name":"wp","href":"https:\/\/api.w.org\/{rel}","templated":true}]}}