 
 {"id":123,"date":"2012-10-15T15:08:34","date_gmt":"2012-10-15T14:08:34","guid":{"rendered":"http:\/\/atelierclermontfilmfest.wordpress.com\/?page_id=123"},"modified":"2021-03-24T21:26:58","modified_gmt":"2021-03-24T20:26:58","slug":"ens-darchitecture","status":"publish","type":"page","link":"https:\/\/atelier-filmfest.com\/archives\/ens-darchitecture\/","title":{"rendered":"ENSACF"},"content":{"rendered":"<p><a href=\"http:\/\/ns203004.ovh.net\/%7Eatelfilm\/wp-content\/uploads\/2012\/10\/D\u00e9cors-finis.jpeg\"><img decoding=\"async\" loading=\"lazy\" class=\"size-full wp-image-2436 alignnone\" alt=\"D\u00e9cors finis\" src=\"http:\/\/ns203004.ovh.net\/%7Eatelfilm\/wp-content\/uploads\/2012\/10\/D\u00e9cors-finis.jpeg\" width=\"4928\" height=\"3264\" srcset=\"https:\/\/atelier-filmfest.com\/archives\/wp-content\/uploads\/2012\/10\/D\u00e9cors-finis.jpeg 1200w, https:\/\/atelier-filmfest.com\/archives\/wp-content\/uploads\/2012\/10\/D\u00e9cors-finis-300x198.jpeg 300w, https:\/\/atelier-filmfest.com\/archives\/wp-content\/uploads\/2012\/10\/D\u00e9cors-finis-1024x678.jpeg 1024w, https:\/\/atelier-filmfest.com\/archives\/wp-content\/uploads\/2012\/10\/D\u00e9cors-finis-528x350.jpeg 528w\" sizes=\"(max-width: 4928px) 100vw, 4928px\" \/><\/a><\/p>\n<p style=\"text-align: justify;\"><strong>Les r\u00e9alisations dans le cadre de L&rsquo;Atelier<\/strong><\/p>\n<p style=\"text-align: justify;\"><b>Dans le cadre de la formation initiale, l\u2019\u00e9cole propose plusieurs modules p\u00e9dagogiques en liaison avec l\u2019Atelier. Il s\u2019agit d\u2019exp\u00e9rimentations p\u00e9dagogiques sur le th\u00e9me du continuum conception\/fabrication dans lesquels les \u00e9tudiants con\u00e7oivent et fabriquent leurs projets.<\/b><\/p>\n<p style=\"text-align: justify;\"><b>La transformation a proprement parl\u00e9 du rez-de-chauss\u00e9e a \u00e9t\u00e9 prise en charge cette ann\u00e9e par la vingtaine d\u2019\u00e9tudiants de M1 de l\u2019unit\u00e9 d\u2019enseignement \u00ab\u00a0Lieux de culture et Espaces publics\u00a0\u00bb du Domaine d\u2019\u00e9tude ETEH. <\/b><\/p>\n<p style=\"text-align: justify;\"><b>Les structures d\u2019accueil install\u00e9es dans la cour ont \u00e9t\u00e9 r\u00e9alis\u00e9es par des \u00e9tudiants de L3 dans le cadre d\u2019un enseignement optionnel \u00ab\u00a0Le kiosque\u00bb.<\/b><\/p>\n<p style=\"text-align: justify;\"><b>Les kiosques et les \u00e9l\u00e9ments de transformation sont r\u00e9alis\u00e9s dans le cadre de deux semaines intensives distinctes aux Grands Ateliers de l\u2019Isle d\u2019Abeau. <\/b><\/p>\n<p style=\"text-align: justify;\"><b>Les \u00ab\u00a0Grands Ateliers\u00bb sont un centre interdisciplinaire d\u2019enseignement, de recherche et d\u2019exp\u00e9rimentation dans le domaine de la construction.<\/b><\/p>\n<p style=\"text-align: justify;\"><b>Le d\u00e9cor du plateau de tournage a \u00e9t\u00e9 r\u00e9alis\u00e9 dans le cadre d\u2019un enseignement optionnel par 9 \u00e9tudiants de M1 accompagn\u00e9s par 3 \u00e9tudiants du Master Sc\u00e9nographie de l\u2019Ecole Nationale Sup\u00e9rieure d\u2019Architecture de Nantes. Le d\u00e9cor est r\u00e9alis\u00e9 \u00e0 l\u2019\u00e9cole d\u2019architecture au cours de cinq week-ends intensifs.<\/b><\/p>\n<p style=\"text-align: justify;\"><b>Le DPEA sc\u00e9nographe <\/b>(Dipl\u00f4me Propre Aux \u00c9coles d\u2019Architecture)<br \/>\nOuverte \u00e0 Nantes depuis 1999, cette formation est fond\u00e9e sur l\u2019id\u00e9e que l\u2019architecture, l\u2019urbain, le paysage, ont ceci de commun avec le th\u00e9\u00e2tre et le cin\u00e9ma, qu\u2019ils conjuguent l\u2019espace, le temps et l\u2019action pour susciter, chacun \u00e0 sa mani\u00e8re, sens et valeur. S\u2019\u00e9largissant \u00e0 la question de l\u2019architecture et de l\u2019espace urbain, la sc\u00e9nographie se d\u00e9finit comme une discipline op\u00e9ratoire, artistique et professionnelle, constitu\u00e9e par un travail sp\u00e9cifique de conception et de r\u00e9alisation d\u2019un espace en vue d\u2019une pr\u00e9sentation ou d\u2019une repr\u00e9sentation. La formation s\u2019adresse \u00e0 des \u00e9tudiants titulaires au minimum d\u2019un dipl\u00f4me de deuxi\u00e8me cycle dans les domaines de l\u2019architecture, des disciplines artistiques et de l\u2019histoire de l\u2019art. Elle est \u00e9galement accessible \u00e0 des professionnels justifiant d\u2019une exp\u00e9rience reconnue.<br \/>\nPar ailleurs, les enseignants du DPEA sc\u00e9nographe sont les moteurs du projet de [P\u00f4leFas], p\u00f4le de liaison et d&rsquo;\u00e9change pour la formation aux arts de la sc\u00e8ne.<\/p>\n<!-- Rendered by FancyBox without labels BEGIN -->\n\n\t<style type=\"text\/css\">\n\t\t\t\t\t#gallery-0 {\n\t\t\t\t\t\tmargin: auto;\n\t\t\t\t\t}\n\t\t\t\t\t#gallery-0 .gallery-item {\n\t\t\t\t\t\tfloat: left;\n\t\t\t\t\t\tmargin-top: 10px;\n\t\t\t\t\t\ttext-align: center;\n\t\t\t\t\t\twidth: 32%;\n\t\t\t\t\t}\n\t\t\t\t\t#gallery-0 img {\n\t\t\t\t\t\tborder: 2px solid #cfcfcf;\n\t\t\t\t\t}\n\t\t\t\t\t#gallery-0 .gallery-caption {\n\t\t\t\t\t\tmargin-left: 0;\n\t\t\t\t\t}\n\t<\/style>\n<script type=\"text\/javascript\">\n$(document).ready(function() {\n\t\/*\n\t *  Simple image gallery. Uses default settings\n\t *\/\n\n\t$(\".fancybox\").fancybox({\n\t\t\"transitionIn\"\t\t: \"none\",\n\t\t\"transitionOut\"\t\t: \"none\",\n\t\t\"titlePosition\" \t: \"over\"\n\n\t});\n});\n<\/script>\n\n\t<div id=\"gallery-0\" class=\"gallery galleryid-0 gallery-size-thumbnail\" style=\"\"><dl class=\"gallery-item\"><dt class=\"gallery-icon\">\n\t\t<a class=\"fancybox\" href=\"https:\/\/atelier-filmfest.com\/archives\/wp-content\/uploads\/2012\/10\/D\u00e9cors-finis-1024x678.jpeg\" rel=\"gallery-0\"><img width=\"150\" height=\"150\" class=\"attachment-thumbnail\" alt=\"\" src=\"https:\/\/atelier-filmfest.com\/archives\/wp-content\/uploads\/2012\/10\/D\u00e9cors-finis-150x150.jpeg\" \/><\/a><\/dt><\/dl>\n\n<dl class=\"gallery-item\"><dt class=\"gallery-icon\">\n\t\t<a class=\"fancybox\" href=\"https:\/\/atelier-filmfest.com\/archives\/wp-content\/uploads\/2012\/10\/Ecole-darchi-d\u00e9cors-1024x678.jpeg\" rel=\"gallery-0\"><img width=\"150\" height=\"150\" class=\"attachment-thumbnail\" alt=\"\" src=\"https:\/\/atelier-filmfest.com\/archives\/wp-content\/uploads\/2012\/10\/Ecole-darchi-d\u00e9cors-150x150.jpeg\" \/><\/a><\/dt><\/dl>\n\n<dl class=\"gallery-item\"><dt class=\"gallery-icon\">\n\t\t<a class=\"fancybox\" href=\"https:\/\/atelier-filmfest.com\/archives\/wp-content\/uploads\/2012\/10\/Ecole-darchi-installation-d\u00e9cors-1024x678.jpeg\" rel=\"gallery-0\"><img width=\"150\" height=\"150\" class=\"attachment-thumbnail\" alt=\"\" src=\"https:\/\/atelier-filmfest.com\/archives\/wp-content\/uploads\/2012\/10\/Ecole-darchi-installation-d\u00e9cors-150x150.jpeg\" \/><\/a><\/dt><\/dl>\n\n<dl class=\"gallery-item\"><dt class=\"gallery-icon\">\n\t\t<a class=\"fancybox\" href=\"https:\/\/atelier-filmfest.com\/archives\/wp-content\/uploads\/2012\/10\/DSCF2203-1024x768.jpg\" rel=\"gallery-0\"><img width=\"150\" height=\"150\" class=\"attachment-thumbnail\" alt=\"\" src=\"https:\/\/atelier-filmfest.com\/archives\/wp-content\/uploads\/2012\/10\/DSCF2203-150x150.jpg\" \/><\/a><\/dt><\/dl>\n\n<dl class=\"gallery-item\"><dt class=\"gallery-icon\">\n\t\t<a class=\"fancybox\" href=\"https:\/\/atelier-filmfest.com\/archives\/wp-content\/uploads\/2012\/10\/DSC_0891-1024x678.jpeg\" rel=\"gallery-0\"><img width=\"150\" height=\"150\" class=\"attachment-thumbnail\" alt=\"\" src=\"https:\/\/atelier-filmfest.com\/archives\/wp-content\/uploads\/2012\/10\/DSC_0891-150x150.jpeg\" \/><\/a><\/dt><\/dl>\n\n<dl class=\"gallery-item\"><dt class=\"gallery-icon\">\n\t\t<a class=\"fancybox\" href=\"https:\/\/atelier-filmfest.com\/archives\/wp-content\/uploads\/2012\/10\/Table-noir-1024x678.jpeg\" rel=\"gallery-0\"><img width=\"150\" height=\"150\" class=\"attachment-thumbnail\" alt=\"\" src=\"https:\/\/atelier-filmfest.com\/archives\/wp-content\/uploads\/2012\/10\/Table-noir-150x150.jpeg\" \/><\/a><\/dt><\/dl>\n\n<dl class=\"gallery-item\"><dt class=\"gallery-icon\">\n\t\t<a class=\"fancybox\" href=\"https:\/\/atelier-filmfest.com\/archives\/wp-content\/uploads\/2012\/10\/Plafond-sc\u00e9no-ext\u00e9rieur-1024x678.jpg\" rel=\"gallery-0\"><img width=\"150\" height=\"150\" class=\"attachment-thumbnail\" alt=\"\" src=\"https:\/\/atelier-filmfest.com\/archives\/wp-content\/uploads\/2012\/10\/Plafond-sc\u00e9no-ext\u00e9rieur-150x150.jpg\" \/><\/a><\/dt><\/dl>\n\n<dl class=\"gallery-item\"><dt class=\"gallery-icon\">\n\t\t<a class=\"fancybox\" href=\"https:\/\/atelier-filmfest.com\/archives\/wp-content\/uploads\/2012\/10\/LATELIER-17_12_12-3-1024x683.jpeg\" rel=\"gallery-0\"><img width=\"150\" height=\"150\" class=\"attachment-thumbnail\" alt=\"\" src=\"https:\/\/atelier-filmfest.com\/archives\/wp-content\/uploads\/2012\/10\/LATELIER-17_12_12-3-150x150.jpeg\" \/><\/a><\/dt><\/dl>\n\n<dl class=\"gallery-item\"><dt class=\"gallery-icon\">\n\t\t<a class=\"fancybox\" href=\"https:\/\/atelier-filmfest.com\/archives\/wp-content\/uploads\/2012\/10\/D\u00e9cors-finis1-1024x678.jpeg\" rel=\"gallery-0\"><img width=\"150\" height=\"150\" class=\"attachment-thumbnail\" alt=\"\" src=\"https:\/\/atelier-filmfest.com\/archives\/wp-content\/uploads\/2012\/10\/D\u00e9cors-finis1-150x150.jpeg\" \/><\/a><\/dt><\/dl>\n\n<dl class=\"gallery-item\"><dt class=\"gallery-icon\">\n\t\t<a class=\"fancybox\" href=\"https:\/\/atelier-filmfest.com\/archives\/wp-content\/uploads\/2012\/10\/DSCF2208-1024x768.jpg\" rel=\"gallery-0\"><img width=\"150\" height=\"150\" class=\"attachment-thumbnail\" alt=\"\" src=\"https:\/\/atelier-filmfest.com\/archives\/wp-content\/uploads\/2012\/10\/DSCF2208-150x150.jpg\" \/><\/a><\/dt><\/dl>\n\n<dl class=\"gallery-item\"><dt class=\"gallery-icon\">\n\t\t<a class=\"fancybox\" href=\"https:\/\/atelier-filmfest.com\/archives\/wp-content\/uploads\/2012\/10\/Table-avancement-1024x678.jpeg\" rel=\"gallery-0\"><img width=\"150\" height=\"150\" class=\"attachment-thumbnail\" alt=\"\" src=\"https:\/\/atelier-filmfest.com\/archives\/wp-content\/uploads\/2012\/10\/Table-avancement-150x150.jpeg\" \/><\/a><\/dt><\/dl>\n\n<dl class=\"gallery-item\"><dt class=\"gallery-icon\">\n\t\t<a class=\"fancybox\" href=\"https:\/\/atelier-filmfest.com\/archives\/wp-content\/uploads\/2012\/10\/DSCF2232.jpeg\" rel=\"gallery-0\"><img width=\"150\" height=\"150\" class=\"attachment-thumbnail\" alt=\"\" src=\"https:\/\/atelier-filmfest.com\/archives\/wp-content\/uploads\/2012\/10\/DSCF2232-150x150.jpeg\" \/><\/a><\/dt><\/dl>\n\n<dl class=\"gallery-item\"><dt class=\"gallery-icon\">\n\t\t<a class=\"fancybox\" href=\"https:\/\/atelier-filmfest.com\/archives\/wp-content\/uploads\/2012\/10\/DSCF2199-1024x768.jpg\" rel=\"gallery-0\"><img width=\"150\" height=\"150\" class=\"attachment-thumbnail\" alt=\"\" src=\"https:\/\/atelier-filmfest.com\/archives\/wp-content\/uploads\/2012\/10\/DSCF2199-150x150.jpg\" \/><\/a><\/dt><\/dl>\n\n<\/div><br clear=\"all\" \/><!-- Rendered by FancyBox without labels END -->\n\n","protected":false},"excerpt":{"rendered":"<p>Les r\u00e9alisations dans le cadre de L&rsquo;Atelier Dans le cadre de la formation initiale, l\u2019\u00e9cole propose plusieurs modules p\u00e9dagogiques en liaison avec l\u2019Atelier. Il s\u2019agit d\u2019exp\u00e9rimentations p\u00e9dagogiques sur le th\u00e9me du continuum conception\/fabrication dans lesquels les \u00e9tudiants con\u00e7oivent et fabriquent leurs projets. La transformation a proprement parl\u00e9 du rez-de-chauss\u00e9e a&#8230;<\/p>\n<p><a class='more-link' href='https:\/\/atelier-filmfest.com\/archives\/ens-darchitecture\/'><span class='screen-reader-text'>ENSACF<\/span><\/a><\/p>","protected":false},"author":3,"featured_media":0,"parent":0,"menu_order":0,"comment_status":"closed","ping_status":"closed","template":"","meta":[],"_links":{"self":[{"href":"https:\/\/atelier-filmfest.com\/archives\/wp-json\/wp\/v2\/pages\/123"}],"collection":[{"href":"https:\/\/atelier-filmfest.com\/archives\/wp-json\/wp\/v2\/pages"}],"about":[{"href":"https:\/\/atelier-filmfest.com\/archives\/wp-json\/wp\/v2\/types\/page"}],"author":[{"embeddable":true,"href":"https:\/\/atelier-filmfest.com\/archives\/wp-json\/wp\/v2\/users\/3"}],"replies":[{"embeddable":true,"href":"https:\/\/atelier-filmfest.com\/archives\/wp-json\/wp\/v2\/comments?post=123"}],"version-history":[{"count":1,"href":"https:\/\/atelier-filmfest.com\/archives\/wp-json\/wp\/v2\/pages\/123\/revisions"}],"predecessor-version":[{"id":6120,"href":"https:\/\/atelier-filmfest.com\/archives\/wp-json\/wp\/v2\/pages\/123\/revisions\/6120"}],"wp:attachment":[{"href":"https:\/\/atelier-filmfest.com\/archives\/wp-json\/wp\/v2\/media?parent=123"}],"curies":[{"name":"wp","href":"https:\/\/api.w.org\/{rel}","templated":true}]}}