 
 {"id":149,"date":"2012-10-15T15:17:12","date_gmt":"2012-10-15T14:17:12","guid":{"rendered":"http:\/\/atelierclermontfilmfest.wordpress.com\/?page_id=149"},"modified":"2021-03-24T21:26:58","modified_gmt":"2021-03-24T20:26:58","slug":"2011-2","status":"publish","type":"page","link":"https:\/\/atelier-filmfest.com\/archives\/archives-2\/2011-2\/","title":{"rendered":"2011"},"content":{"rendered":"<p style=\"text-align: center;\"><a href=\"http:\/\/ns203004.ovh.net\/%7Eatelfilm\/wp-content\/uploads\/2012\/10\/Affiche-2011.jpg\"><img decoding=\"async\" loading=\"lazy\" class=\" wp-image-1928 aligncenter\" alt=\"Affiche 2011\" src=\"http:\/\/ns203004.ovh.net\/%7Eatelfilm\/wp-content\/uploads\/2012\/10\/Affiche-2011.jpg\" width=\"1181\" height=\"1772\" srcset=\"https:\/\/atelier-filmfest.com\/archives\/wp-content\/uploads\/2012\/10\/Affiche-2011.jpg 682w, https:\/\/atelier-filmfest.com\/archives\/wp-content\/uploads\/2012\/10\/Affiche-2011-199x300.jpg 199w, https:\/\/atelier-filmfest.com\/archives\/wp-content\/uploads\/2012\/10\/Affiche-2011-233x350.jpg 233w\" sizes=\"(max-width: 1181px) 100vw, 1181px\" \/><\/a><\/p>\n<p>&nbsp;<\/p>\n<p style=\"text-align: center;\"><a href=\"http:\/\/ns203004.ovh.net\/%7Eatelfilm\/?page_id=154 \">Apple<\/a><\/p>\n<p style=\"text-align: center;\"><a href=\"http:\/\/ns203004.ovh.net\/%7Eatelfilm\/?page_id=358 \">Art Fx<\/a><\/p>\n<p style=\"text-align: center;\"><a href=\"http:\/\/ns203004.ovh.net\/%7Eatelfilm\/?page_id=194\">Conservatoire Emmanuel Chabrier<\/a><\/p>\n<p style=\"text-align: center;\"><a href=\"http:\/\/ns203004.ovh.net\/%7Eatelfilm\/?page_id=225\">ENS d&rsquo;Architecture<\/a><\/p>\n<p style=\"text-align: center;\"><a href=\"http:\/\/ns203004.ovh.net\/%7Eatelfilm\/?page_id=250\">Lyc\u00e9e Descartes<\/a><\/p>\n<p style=\"text-align: center;\"><a href=\"http:\/\/ns203004.ovh.net\/%7Eatelfilm\/?page_id=260\">Lyc\u00e9e Vercing\u00e9torix<\/a><\/p>\n<p style=\"text-align: center;\"><a href=\"http:\/\/ns203004.ovh.net\/%7Eatelfilm\/?page_id=266\">Tout court<\/a><\/p>\n","protected":false},"excerpt":{"rendered":"<p>&nbsp; Apple Art Fx Conservatoire Emmanuel Chabrier ENS d&rsquo;Architecture Lyc\u00e9e Descartes Lyc\u00e9e Vercing\u00e9torix Tout court<\/p>\n<p><a class='more-link' href='https:\/\/atelier-filmfest.com\/archives\/archives-2\/2011-2\/'><span class='screen-reader-text'>2011<\/span><\/a><\/p>","protected":false},"author":3,"featured_media":0,"parent":146,"menu_order":2,"comment_status":"closed","ping_status":"closed","template":"","meta":[],"_links":{"self":[{"href":"https:\/\/atelier-filmfest.com\/archives\/wp-json\/wp\/v2\/pages\/149"}],"collection":[{"href":"https:\/\/atelier-filmfest.com\/archives\/wp-json\/wp\/v2\/pages"}],"about":[{"href":"https:\/\/atelier-filmfest.com\/archives\/wp-json\/wp\/v2\/types\/page"}],"author":[{"embeddable":true,"href":"https:\/\/atelier-filmfest.com\/archives\/wp-json\/wp\/v2\/users\/3"}],"replies":[{"embeddable":true,"href":"https:\/\/atelier-filmfest.com\/archives\/wp-json\/wp\/v2\/comments?post=149"}],"version-history":[{"count":1,"href":"https:\/\/atelier-filmfest.com\/archives\/wp-json\/wp\/v2\/pages\/149\/revisions"}],"predecessor-version":[{"id":6067,"href":"https:\/\/atelier-filmfest.com\/archives\/wp-json\/wp\/v2\/pages\/149\/revisions\/6067"}],"up":[{"embeddable":true,"href":"https:\/\/atelier-filmfest.com\/archives\/wp-json\/wp\/v2\/pages\/146"}],"wp:attachment":[{"href":"https:\/\/atelier-filmfest.com\/archives\/wp-json\/wp\/v2\/media?parent=149"}],"curies":[{"name":"wp","href":"https:\/\/api.w.org\/{rel}","templated":true}]}}