 
 {"id":2631,"date":"2013-10-28T16:38:11","date_gmt":"2013-10-28T15:38:11","guid":{"rendered":"http:\/\/ns203004.ovh.net\/%7Eatelfilm\/?page_id=2631"},"modified":"2021-03-24T21:26:58","modified_gmt":"2021-03-24T20:26:58","slug":"ensacf-2","status":"publish","type":"page","link":"https:\/\/atelier-filmfest.com\/archives\/ensacf-2\/","title":{"rendered":"ENSACF"},"content":{"rendered":"<p><img decoding=\"async\" loading=\"lazy\" class=\"wp-image-5106 size-full\" style=\"font-size: 1em;\" src=\"http:\/\/atelier-filmfest.com\/wp-content\/uploads\/2018\/11\/DSC_3104.jpeg\" alt=\"\" width=\"1200\" height=\"802\" srcset=\"https:\/\/atelier-filmfest.com\/archives\/wp-content\/uploads\/2018\/11\/DSC_3104.jpeg 1200w, https:\/\/atelier-filmfest.com\/archives\/wp-content\/uploads\/2018\/11\/DSC_3104-300x200.jpeg 300w, https:\/\/atelier-filmfest.com\/archives\/wp-content\/uploads\/2018\/11\/DSC_3104-768x513.jpeg 768w, https:\/\/atelier-filmfest.com\/archives\/wp-content\/uploads\/2018\/11\/DSC_3104-1024x684.jpeg 1024w, https:\/\/atelier-filmfest.com\/archives\/wp-content\/uploads\/2018\/11\/DSC_3104-524x350.jpeg 524w\" sizes=\"(max-width: 1200px) 100vw, 1200px\" \/><\/p>\n<p>\u00a9 Jacques Pouillet<\/p>\n<p>Partenaire du festival depuis 17 ans, l\u2019\u00c9cole nationale sup\u00e9rieure d\u2019architecture de Clermont-Ferrand coordonne l\u2019Atelier durant 5 jours autour d\u2019une th\u00e9matique renouvel\u00e9e chaque ann\u00e9e.<\/p>\n<p>L\u2019\u00c9cole propose un enseignement optionnel de Master 1 en liaison directe avec l\u2019Atelier : le plateau de tournage. Dans le cadre de cet enseignement, les \u00e9tudiants ont en charge la conception et la fabrication du d\u00e9cor exploit\u00e9 durant la semaine du Festival par les \u00e9quipes de l\u2019Ecole nationale sup\u00e9rieure Louis Lumi\u00e8re.<\/p>\n<p>Les futurs architectes ont ainsi la possibilit\u00e9 d\u2019approfondir pendant un semestre leur formation en ouvrant leur champ de comp\u00e9tences sur les m\u00e9tiers du cin\u00e9ma.<\/p>\n<p>La coop\u00e9ration p\u00e9dagogique entre l\u2019ENSACF et <a href=\"https:\/\/atelier-filmfest.com\/ens-louis-lumiere\/\" target=\"_blank\" rel=\"noopener noreferrer\"><strong>l\u2019Ecole nationale sup\u00e9rieure Louis Lumi\u00e8re<\/strong><\/a> emm\u00e8ne les \u00e9tudiants architectes \u00e0 articuler les outils du projet (dessin, chiffrage, planification de chantier&#8230;), la mise en \u0153uvre et les techniques de construction de d\u00e9cor dans les ateliers d&rsquo;exp\u00e9rimentation \u00e0 l\u2019\u00e9chelle 1 de l\u2019\u00c9cole (structure, menuiserie, serrurerie, enduits et patines \u2026), les apports th\u00e9oriques (analyse filmique, esth\u00e9tique et grammaire du cin\u00e9ma, d\u00e9pouillement de sc\u00e9nario&#8230;), tout en collaborant activement avec les r\u00e9alisateurs et les \u00e9quipes de tournage dans les phases de pr\u00e9paration du tournage et d\u2019exploitation du plateau (travail d\u2019ensemblier et d\u2019accessoiriste).<\/p>\n<p>Depuis 5 ans, l\u2019\u00c9cole\u00a0nationale sup\u00e9rieure d\u2019architecture de Clermont-Ferrand a \u00e9tendu son partenariat avec Sauve qui peut le Court m\u00e9trage et accueille une r\u00e9sidence d\u2019\u00e9criture de sc\u00e9nario. La r\u00e9sidence se d\u00e9roule durant 5 semaines au sein de la Villa Sabourin (r\u00e9sidence des ann\u00e9es 30 enti\u00e8rement r\u00e9nov\u00e9e) dans l\u2019enceinte de l\u2019Ecole.<\/p>\n<ul>\n<li>En savoir plus :\u00a0<strong><a style=\"text-align: justify; font-size: 1em;\" href=\"http:\/\/www.clermont-fd.archi.fr\" target=\"_blank\" rel=\"noopener noreferrer\">Site Internet de l&rsquo;ENSACF<\/a><\/strong><\/li>\n<\/ul>\n<p>&nbsp;<\/p>\n<hr \/>\n<p style=\"text-align: left;\">Travail sur l&rsquo;ambiance et plan d&rsquo;int\u00e9gration du d\u00e9cor du film\u00a0<i>Le huiti\u00e8me Jour <\/i>par les \u00e9tudiants de\u00a0l\u2019\u00c9cole Nationale Sup\u00e9rieure d\u2019Architecture\u00a0pour l&rsquo;Atelier 2019 :<\/p>\n<div id=\"attachment_5267\" style=\"width: 400px\" class=\"wp-caption aligncenter\"><a href=\"http:\/\/atelier-filmfest.com\/ensacf-2\/photomontage19\/\" rel=\"attachment wp-att-5267\"><img aria-describedby=\"caption-attachment-5267\" decoding=\"async\" loading=\"lazy\" class=\"wp-image-5267\" src=\"http:\/\/atelier-filmfest.com\/wp-content\/uploads\/2019\/02\/photomontage19-235x300.jpg\" alt=\"\" width=\"390\" height=\"498\" srcset=\"https:\/\/atelier-filmfest.com\/archives\/wp-content\/uploads\/2019\/02\/photomontage19-235x300.jpg 235w, https:\/\/atelier-filmfest.com\/archives\/wp-content\/uploads\/2019\/02\/photomontage19-275x350.jpg 275w, https:\/\/atelier-filmfest.com\/archives\/wp-content\/uploads\/2019\/02\/photomontage19.jpg 724w\" sizes=\"(max-width: 390px) 100vw, 390px\" \/><\/a><p id=\"caption-attachment-5267\" class=\"wp-caption-text\">Photomontages<\/p><\/div>\n<p>&nbsp;<\/p>\n<div id=\"attachment_5234\" style=\"width: 294px\" class=\"wp-caption aligncenter\"><img aria-describedby=\"caption-attachment-5234\" decoding=\"async\" loading=\"lazy\" class=\"wp-image-5234 \" src=\"http:\/\/atelier-filmfest.com\/wp-content\/uploads\/2019\/02\/modele3Ddecor-300x185.jpg\" alt=\"\" width=\"284\" height=\"175\" srcset=\"https:\/\/atelier-filmfest.com\/archives\/wp-content\/uploads\/2019\/02\/modele3Ddecor-300x185.jpg 300w, https:\/\/atelier-filmfest.com\/archives\/wp-content\/uploads\/2019\/02\/modele3Ddecor-768x472.jpg 768w, https:\/\/atelier-filmfest.com\/archives\/wp-content\/uploads\/2019\/02\/modele3Ddecor-1024x630.jpg 1024w, https:\/\/atelier-filmfest.com\/archives\/wp-content\/uploads\/2019\/02\/modele3Ddecor-569x350.jpg 569w, https:\/\/atelier-filmfest.com\/archives\/wp-content\/uploads\/2019\/02\/modele3Ddecor.jpg 1200w\" sizes=\"(max-width: 284px) 100vw, 284px\" \/><p id=\"caption-attachment-5234\" class=\"wp-caption-text\">Mod\u00e9lisation 3D<\/p><\/div>\n<p>&nbsp;<\/p>\n<hr \/>\n<ul>\n<li>Cr\u00e9ation du d\u00e9cor \u00e0 l&rsquo;Ecole d&rsquo;Architecture<\/li>\n<\/ul>\n<p><center><!-- Rendered by FancyBox without labels BEGIN -->\n\n\t<style type=\"text\/css\">\n\t\t\t\t\t#gallery-0 {\n\t\t\t\t\t\tmargin: auto;\n\t\t\t\t\t}\n\t\t\t\t\t#gallery-0 .gallery-item {\n\t\t\t\t\t\tfloat: left;\n\t\t\t\t\t\tmargin-top: 10px;\n\t\t\t\t\t\ttext-align: center;\n\t\t\t\t\t\twidth: 19%;\n\t\t\t\t\t}\n\t\t\t\t\t#gallery-0 img {\n\t\t\t\t\t\tborder: 2px solid #cfcfcf;\n\t\t\t\t\t}\n\t\t\t\t\t#gallery-0 .gallery-caption {\n\t\t\t\t\t\tmargin-left: 0;\n\t\t\t\t\t}\n\t<\/style>\n<script type=\"text\/javascript\">\n$(document).ready(function() {\n\t\/*\n\t *  Simple image gallery. Uses default settings\n\t *\/\n\n\t$(\".fancybox\").fancybox({\n\t\t\"transitionIn\"\t\t: \"none\",\n\t\t\"transitionOut\"\t\t: \"none\",\n\t\t\"titlePosition\" \t: \"over\"\n\n\t});\n});\n<\/script>\n\n\t<div id=\"gallery-0\" class=\"gallery galleryid-0 gallery-size-thumbnail\" style=\"\"><dl class=\"gallery-item\"><dt class=\"gallery-icon\">\n\t\t<a class=\"fancybox\" href=\"https:\/\/atelier-filmfest.com\/archives\/wp-content\/uploads\/2018\/11\/Plateau-tournage-2019-ENSACF-2-1024x683.jpg\" rel=\"gallery-0\"><img width=\"150\" height=\"150\" class=\"attachment-thumbnail\" alt=\"\" src=\"https:\/\/atelier-filmfest.com\/archives\/wp-content\/uploads\/2018\/11\/Plateau-tournage-2019-ENSACF-2-150x150.jpg\" \/><\/a><\/dt><\/dl>\n\n<dl class=\"gallery-item\"><dt class=\"gallery-icon\">\n\t\t<a class=\"fancybox\" href=\"https:\/\/atelier-filmfest.com\/archives\/wp-content\/uploads\/2018\/11\/Plateau-tournage-2019-ENSACF-3-1024x683.jpg\" rel=\"gallery-0\"><img width=\"150\" height=\"150\" class=\"attachment-thumbnail\" alt=\"\" src=\"https:\/\/atelier-filmfest.com\/archives\/wp-content\/uploads\/2018\/11\/Plateau-tournage-2019-ENSACF-3-150x150.jpg\" \/><\/a><\/dt><\/dl>\n\n<dl class=\"gallery-item\"><dt class=\"gallery-icon\">\n\t\t<a class=\"fancybox\" href=\"https:\/\/atelier-filmfest.com\/archives\/wp-content\/uploads\/2018\/11\/Plateau-tournage-2019-ENSACF-4-1024x683.jpg\" rel=\"gallery-0\"><img width=\"150\" height=\"150\" class=\"attachment-thumbnail\" alt=\"\" src=\"https:\/\/atelier-filmfest.com\/archives\/wp-content\/uploads\/2018\/11\/Plateau-tournage-2019-ENSACF-4-150x150.jpg\" \/><\/a><\/dt><\/dl>\n\n<dl class=\"gallery-item\"><dt class=\"gallery-icon\">\n\t\t<a class=\"fancybox\" href=\"https:\/\/atelier-filmfest.com\/archives\/wp-content\/uploads\/2018\/11\/Plateau-tournage-2019-ENSACF-5-683x1024.jpg\" rel=\"gallery-0\"><img width=\"150\" height=\"150\" class=\"attachment-thumbnail\" alt=\"\" src=\"https:\/\/atelier-filmfest.com\/archives\/wp-content\/uploads\/2018\/11\/Plateau-tournage-2019-ENSACF-5-150x150.jpg\" \/><\/a><\/dt><\/dl>\n\n<dl class=\"gallery-item\"><dt class=\"gallery-icon\">\n\t\t<a class=\"fancybox\" href=\"https:\/\/atelier-filmfest.com\/archives\/wp-content\/uploads\/2018\/11\/Plateau-tournage-2019-ENSACF-6-683x1024.jpg\" rel=\"gallery-0\"><img width=\"150\" height=\"150\" class=\"attachment-thumbnail\" alt=\"\" src=\"https:\/\/atelier-filmfest.com\/archives\/wp-content\/uploads\/2018\/11\/Plateau-tournage-2019-ENSACF-6-150x150.jpg\" \/><\/a><\/dt><\/dl>\n\n<dl class=\"gallery-item\"><dt class=\"gallery-icon\">\n\t\t<a class=\"fancybox\" href=\"https:\/\/atelier-filmfest.com\/archives\/wp-content\/uploads\/2018\/11\/Plateau-tournage-2019-ENSACF-7-1024x683.jpg\" rel=\"gallery-0\"><img width=\"150\" height=\"150\" class=\"attachment-thumbnail\" alt=\"\" src=\"https:\/\/atelier-filmfest.com\/archives\/wp-content\/uploads\/2018\/11\/Plateau-tournage-2019-ENSACF-7-150x150.jpg\" \/><\/a><\/dt><\/dl>\n\n<dl class=\"gallery-item\"><dt class=\"gallery-icon\">\n\t\t<a class=\"fancybox\" href=\"https:\/\/atelier-filmfest.com\/archives\/wp-content\/uploads\/2018\/11\/Plateau-tournage-2019-ENSACF-8-683x1024.jpg\" rel=\"gallery-0\"><img width=\"150\" height=\"150\" class=\"attachment-thumbnail\" alt=\"\" src=\"https:\/\/atelier-filmfest.com\/archives\/wp-content\/uploads\/2018\/11\/Plateau-tournage-2019-ENSACF-8-150x150.jpg\" \/><\/a><\/dt><\/dl>\n\n<dl class=\"gallery-item\"><dt class=\"gallery-icon\">\n\t\t<a class=\"fancybox\" href=\"https:\/\/atelier-filmfest.com\/archives\/wp-content\/uploads\/2018\/11\/Plateau-tournage-2019-ENSACF-10-1024x683.jpg\" rel=\"gallery-0\"><img width=\"150\" height=\"150\" class=\"attachment-thumbnail\" alt=\"\" src=\"https:\/\/atelier-filmfest.com\/archives\/wp-content\/uploads\/2018\/11\/Plateau-tournage-2019-ENSACF-10-150x150.jpg\" \/><\/a><\/dt><\/dl>\n\n<dl class=\"gallery-item\"><dt class=\"gallery-icon\">\n\t\t<a class=\"fancybox\" href=\"https:\/\/atelier-filmfest.com\/archives\/wp-content\/uploads\/2018\/11\/Plateau-tournage-2019-ENSACF-11-683x1024.jpg\" rel=\"gallery-0\"><img width=\"150\" height=\"150\" class=\"attachment-thumbnail\" alt=\"\" src=\"https:\/\/atelier-filmfest.com\/archives\/wp-content\/uploads\/2018\/11\/Plateau-tournage-2019-ENSACF-11-150x150.jpg\" \/><\/a><\/dt><\/dl>\n\n<dl class=\"gallery-item\"><dt class=\"gallery-icon\">\n\t\t<a class=\"fancybox\" href=\"https:\/\/atelier-filmfest.com\/archives\/wp-content\/uploads\/2018\/11\/Plateau-tournage-2019-ENSACF-12-1024x683.jpg\" rel=\"gallery-0\"><img width=\"150\" height=\"150\" class=\"attachment-thumbnail\" alt=\"\" src=\"https:\/\/atelier-filmfest.com\/archives\/wp-content\/uploads\/2018\/11\/Plateau-tournage-2019-ENSACF-12-150x150.jpg\" \/><\/a><\/dt><\/dl>\n\n<dl class=\"gallery-item\"><dt class=\"gallery-icon\">\n\t\t<a class=\"fancybox\" href=\"https:\/\/atelier-filmfest.com\/archives\/wp-content\/uploads\/2018\/11\/Plateau-tournage-2019-ENSACF-13-1024x683.jpg\" rel=\"gallery-0\"><img width=\"150\" height=\"150\" class=\"attachment-thumbnail\" alt=\"\" src=\"https:\/\/atelier-filmfest.com\/archives\/wp-content\/uploads\/2018\/11\/Plateau-tournage-2019-ENSACF-13-150x150.jpg\" \/><\/a><\/dt><\/dl>\n\n<dl class=\"gallery-item\"><dt class=\"gallery-icon\">\n\t\t<a class=\"fancybox\" href=\"https:\/\/atelier-filmfest.com\/archives\/wp-content\/uploads\/2018\/11\/Plateau-tournage-2019-ENSACF-14-683x1024.jpg\" rel=\"gallery-0\"><img width=\"150\" height=\"150\" class=\"attachment-thumbnail\" alt=\"\" src=\"https:\/\/atelier-filmfest.com\/archives\/wp-content\/uploads\/2018\/11\/Plateau-tournage-2019-ENSACF-14-150x150.jpg\" \/><\/a><\/dt><\/dl>\n\n<dl class=\"gallery-item\"><dt class=\"gallery-icon\">\n\t\t<a class=\"fancybox\" href=\"https:\/\/atelier-filmfest.com\/archives\/wp-content\/uploads\/2018\/11\/Plateau-tournage-2019-ENSACF-15-1024x683.jpg\" rel=\"gallery-0\"><img width=\"150\" height=\"150\" class=\"attachment-thumbnail\" alt=\"\" src=\"https:\/\/atelier-filmfest.com\/archives\/wp-content\/uploads\/2018\/11\/Plateau-tournage-2019-ENSACF-15-150x150.jpg\" \/><\/a><\/dt><\/dl>\n\n<dl class=\"gallery-item\"><dt class=\"gallery-icon\">\n\t\t<a class=\"fancybox\" href=\"https:\/\/atelier-filmfest.com\/archives\/wp-content\/uploads\/2018\/11\/Plateau-tournage-2019-ENSACF-16-1024x683.jpg\" rel=\"gallery-0\"><img width=\"150\" height=\"150\" class=\"attachment-thumbnail\" alt=\"\" src=\"https:\/\/atelier-filmfest.com\/archives\/wp-content\/uploads\/2018\/11\/Plateau-tournage-2019-ENSACF-16-150x150.jpg\" \/><\/a><\/dt><\/dl>\n\n<dl class=\"gallery-item\"><dt class=\"gallery-icon\">\n\t\t<a class=\"fancybox\" href=\"https:\/\/atelier-filmfest.com\/archives\/wp-content\/uploads\/2018\/11\/Plateau-tournage-2019-ENSACF-19-1024x683.jpg\" rel=\"gallery-0\"><img width=\"150\" height=\"150\" class=\"attachment-thumbnail\" alt=\"\" src=\"https:\/\/atelier-filmfest.com\/archives\/wp-content\/uploads\/2018\/11\/Plateau-tournage-2019-ENSACF-19-150x150.jpg\" \/><\/a><\/dt><\/dl>\n\n<dl class=\"gallery-item\"><dt class=\"gallery-icon\">\n\t\t<a class=\"fancybox\" href=\"https:\/\/atelier-filmfest.com\/archives\/wp-content\/uploads\/2018\/11\/Plateau-tournage-2019-ENSACF-20-1024x683.jpg\" rel=\"gallery-0\"><img width=\"150\" height=\"150\" class=\"attachment-thumbnail\" alt=\"\" src=\"https:\/\/atelier-filmfest.com\/archives\/wp-content\/uploads\/2018\/11\/Plateau-tournage-2019-ENSACF-20-150x150.jpg\" \/><\/a><\/dt><\/dl>\n\n<dl class=\"gallery-item\"><dt class=\"gallery-icon\">\n\t\t<a class=\"fancybox\" href=\"https:\/\/atelier-filmfest.com\/archives\/wp-content\/uploads\/2018\/11\/Plateau-tournage-2019-ENSACF-22-1024x683.jpg\" rel=\"gallery-0\"><img width=\"150\" height=\"150\" class=\"attachment-thumbnail\" alt=\"\" src=\"https:\/\/atelier-filmfest.com\/archives\/wp-content\/uploads\/2018\/11\/Plateau-tournage-2019-ENSACF-22-150x150.jpg\" \/><\/a><\/dt><\/dl>\n\n<dl class=\"gallery-item\"><dt class=\"gallery-icon\">\n\t\t<a class=\"fancybox\" href=\"https:\/\/atelier-filmfest.com\/archives\/wp-content\/uploads\/2018\/11\/Plateau-tournage-2019-ENSACF-23-1024x683.jpg\" rel=\"gallery-0\"><img width=\"150\" height=\"150\" class=\"attachment-thumbnail\" alt=\"\" src=\"https:\/\/atelier-filmfest.com\/archives\/wp-content\/uploads\/2018\/11\/Plateau-tournage-2019-ENSACF-23-150x150.jpg\" \/><\/a><\/dt><\/dl>\n\n<dl class=\"gallery-item\"><dt class=\"gallery-icon\">\n\t\t<a class=\"fancybox\" href=\"https:\/\/atelier-filmfest.com\/archives\/wp-content\/uploads\/2018\/11\/Plateau-tournage-2019-ENSACF-24-1024x768.jpg\" rel=\"gallery-0\"><img width=\"150\" height=\"150\" class=\"attachment-thumbnail\" alt=\"\" src=\"https:\/\/atelier-filmfest.com\/archives\/wp-content\/uploads\/2018\/11\/Plateau-tournage-2019-ENSACF-24-150x150.jpg\" \/><\/a><\/dt><\/dl>\n\n<dl class=\"gallery-item\"><dt class=\"gallery-icon\">\n\t\t<a class=\"fancybox\" href=\"https:\/\/atelier-filmfest.com\/archives\/wp-content\/uploads\/2018\/11\/Plateau-tournage-2019-ENSACF-26-1024x683.jpg\" rel=\"gallery-0\"><img width=\"150\" height=\"150\" class=\"attachment-thumbnail\" alt=\"\" src=\"https:\/\/atelier-filmfest.com\/archives\/wp-content\/uploads\/2018\/11\/Plateau-tournage-2019-ENSACF-26-150x150.jpg\" \/><\/a><\/dt><\/dl>\n\n<dl class=\"gallery-item\"><dt class=\"gallery-icon\">\n\t\t<a class=\"fancybox\" href=\"https:\/\/atelier-filmfest.com\/archives\/wp-content\/uploads\/2018\/11\/Plateau-tournage-2019-ENSACF-29-683x1024.jpg\" rel=\"gallery-0\"><img width=\"150\" height=\"150\" class=\"attachment-thumbnail\" alt=\"\" src=\"https:\/\/atelier-filmfest.com\/archives\/wp-content\/uploads\/2018\/11\/Plateau-tournage-2019-ENSACF-29-150x150.jpg\" \/><\/a><\/dt><\/dl>\n\n<dl class=\"gallery-item\"><dt class=\"gallery-icon\">\n\t\t<a class=\"fancybox\" href=\"https:\/\/atelier-filmfest.com\/archives\/wp-content\/uploads\/2018\/11\/Plateau-tournage-2019-ENSACF-31-683x1024.jpg\" rel=\"gallery-0\"><img width=\"150\" height=\"150\" class=\"attachment-thumbnail\" alt=\"\" src=\"https:\/\/atelier-filmfest.com\/archives\/wp-content\/uploads\/2018\/11\/Plateau-tournage-2019-ENSACF-31-150x150.jpg\" \/><\/a><\/dt><\/dl>\n\n<dl class=\"gallery-item\"><dt class=\"gallery-icon\">\n\t\t<a class=\"fancybox\" href=\"https:\/\/atelier-filmfest.com\/archives\/wp-content\/uploads\/2018\/11\/Plateau-tournage-2019-ENSACF-33-1024x683.jpg\" rel=\"gallery-0\"><img width=\"150\" height=\"150\" class=\"attachment-thumbnail\" alt=\"\" src=\"https:\/\/atelier-filmfest.com\/archives\/wp-content\/uploads\/2018\/11\/Plateau-tournage-2019-ENSACF-33-150x150.jpg\" \/><\/a><\/dt><\/dl>\n\n<dl class=\"gallery-item\"><dt class=\"gallery-icon\">\n\t\t<a class=\"fancybox\" href=\"https:\/\/atelier-filmfest.com\/archives\/wp-content\/uploads\/2018\/11\/Plateau-tournage-2019-ENSACF-38-1024x683.jpg\" rel=\"gallery-0\"><img width=\"150\" height=\"150\" class=\"attachment-thumbnail\" alt=\"\" src=\"https:\/\/atelier-filmfest.com\/archives\/wp-content\/uploads\/2018\/11\/Plateau-tournage-2019-ENSACF-38-150x150.jpg\" \/><\/a><\/dt><\/dl>\n\n<dl class=\"gallery-item\"><dt class=\"gallery-icon\">\n\t\t<a class=\"fancybox\" href=\"https:\/\/atelier-filmfest.com\/archives\/wp-content\/uploads\/2018\/11\/Plateau-tournage-2019-ENSACF-39-1024x683.jpg\" rel=\"gallery-0\"><img width=\"150\" height=\"150\" class=\"attachment-thumbnail\" alt=\"\" src=\"https:\/\/atelier-filmfest.com\/archives\/wp-content\/uploads\/2018\/11\/Plateau-tournage-2019-ENSACF-39-150x150.jpg\" \/><\/a><\/dt><\/dl>\n\n<dl class=\"gallery-item\"><dt class=\"gallery-icon\">\n\t\t<a class=\"fancybox\" href=\"https:\/\/atelier-filmfest.com\/archives\/wp-content\/uploads\/2018\/11\/Plateau-tournage-2019-ENSACF-40-1024x683.jpg\" rel=\"gallery-0\"><img width=\"150\" height=\"150\" class=\"attachment-thumbnail\" alt=\"\" src=\"https:\/\/atelier-filmfest.com\/archives\/wp-content\/uploads\/2018\/11\/Plateau-tournage-2019-ENSACF-40-150x150.jpg\" \/><\/a><\/dt><\/dl>\n\n<\/div><br clear=\"all\" \/><!-- Rendered by FancyBox without labels END -->\n<\/p>\n<p>&nbsp;<\/p>\n<p>&nbsp;<\/p>\n<p>&nbsp;<\/p>\n<p><\/center><\/p>\n<ul>\n<li>Cr\u00e9ation du d\u00e9cor \u00e0 l&rsquo;Ecole Sup\u00e9rieure de Commerce<\/li>\n<\/ul>\n<p><center><!-- Rendered by FancyBox without labels BEGIN -->\n\n\t<style type=\"text\/css\">\n\t\t\t\t\t#gallery-1 {\n\t\t\t\t\t\tmargin: auto;\n\t\t\t\t\t}\n\t\t\t\t\t#gallery-1 .gallery-item {\n\t\t\t\t\t\tfloat: left;\n\t\t\t\t\t\tmargin-top: 10px;\n\t\t\t\t\t\ttext-align: center;\n\t\t\t\t\t\twidth: 19%;\n\t\t\t\t\t}\n\t\t\t\t\t#gallery-1 img {\n\t\t\t\t\t\tborder: 2px solid #cfcfcf;\n\t\t\t\t\t}\n\t\t\t\t\t#gallery-1 .gallery-caption {\n\t\t\t\t\t\tmargin-left: 0;\n\t\t\t\t\t}\n\t<\/style>\n<script type=\"text\/javascript\">\n$(document).ready(function() {\n\t\/*\n\t *  Simple image gallery. Uses default settings\n\t *\/\n\n\t$(\".fancybox\").fancybox({\n\t\t\"transitionIn\"\t\t: \"none\",\n\t\t\"transitionOut\"\t\t: \"none\",\n\t\t\"titlePosition\" \t: \"over\"\n\n\t});\n});\n<\/script>\n\n\t<div id=\"gallery-1\" class=\"gallery galleryid-1 gallery-size-thumbnail\" style=\"\"><dl class=\"gallery-item\"><dt class=\"gallery-icon\">\n\t\t<a class=\"fancybox\" href=\"https:\/\/atelier-filmfest.com\/archives\/wp-content\/uploads\/2019\/02\/Plateau-tournage-2019-ENSACF-45-683x1024.jpg\" rel=\"gallery-1\"><img width=\"150\" height=\"150\" class=\"attachment-thumbnail\" alt=\"\" src=\"https:\/\/atelier-filmfest.com\/archives\/wp-content\/uploads\/2019\/02\/Plateau-tournage-2019-ENSACF-45-150x150.jpg\" \/><\/a><\/dt><\/dl>\n\n<dl class=\"gallery-item\"><dt class=\"gallery-icon\">\n\t\t<a class=\"fancybox\" href=\"https:\/\/atelier-filmfest.com\/archives\/wp-content\/uploads\/2019\/02\/DSC07670-1024x683.jpg\" rel=\"gallery-1\"><img width=\"150\" height=\"150\" class=\"attachment-thumbnail\" alt=\"\" src=\"https:\/\/atelier-filmfest.com\/archives\/wp-content\/uploads\/2019\/02\/DSC07670-150x150.jpg\" \/><\/a><\/dt><\/dl>\n\n<dl class=\"gallery-item\"><dt class=\"gallery-icon\">\n\t\t<a class=\"fancybox\" href=\"https:\/\/atelier-filmfest.com\/archives\/wp-content\/uploads\/2019\/02\/Plateau-tournage-2019-ENSACF-56-683x1024.jpg\" rel=\"gallery-1\"><img width=\"150\" height=\"150\" class=\"attachment-thumbnail\" alt=\"\" src=\"https:\/\/atelier-filmfest.com\/archives\/wp-content\/uploads\/2019\/02\/Plateau-tournage-2019-ENSACF-56-150x150.jpg\" \/><\/a><\/dt><\/dl>\n\n<dl class=\"gallery-item\"><dt class=\"gallery-icon\">\n\t\t<a class=\"fancybox\" href=\"https:\/\/atelier-filmfest.com\/archives\/wp-content\/uploads\/2019\/02\/Plateau-tournage-2019-ENSACF-43-683x1024.jpg\" rel=\"gallery-1\"><img width=\"150\" height=\"150\" class=\"attachment-thumbnail\" alt=\"\" src=\"https:\/\/atelier-filmfest.com\/archives\/wp-content\/uploads\/2019\/02\/Plateau-tournage-2019-ENSACF-43-150x150.jpg\" \/><\/a><\/dt><\/dl>\n\n<dl class=\"gallery-item\"><dt class=\"gallery-icon\">\n\t\t<a class=\"fancybox\" href=\"https:\/\/atelier-filmfest.com\/archives\/wp-content\/uploads\/2019\/02\/Plateau-tournage-2019-ENSACF-49-683x1024.jpg\" rel=\"gallery-1\"><img width=\"150\" height=\"150\" class=\"attachment-thumbnail\" alt=\"\" src=\"https:\/\/atelier-filmfest.com\/archives\/wp-content\/uploads\/2019\/02\/Plateau-tournage-2019-ENSACF-49-150x150.jpg\" \/><\/a><\/dt><\/dl>\n\n<dl class=\"gallery-item\"><dt class=\"gallery-icon\">\n\t\t<a class=\"fancybox\" href=\"https:\/\/atelier-filmfest.com\/archives\/wp-content\/uploads\/2019\/02\/Plateau-tournage-2019-ENSACF-47-1024x683.jpg\" rel=\"gallery-1\"><img width=\"150\" height=\"150\" class=\"attachment-thumbnail\" alt=\"\" src=\"https:\/\/atelier-filmfest.com\/archives\/wp-content\/uploads\/2019\/02\/Plateau-tournage-2019-ENSACF-47-150x150.jpg\" \/><\/a><\/dt><\/dl>\n\n<dl class=\"gallery-item\"><dt class=\"gallery-icon\">\n\t\t<a class=\"fancybox\" href=\"https:\/\/atelier-filmfest.com\/archives\/wp-content\/uploads\/2019\/02\/DSC07691-1024x683.jpg\" rel=\"gallery-1\"><img width=\"150\" height=\"150\" class=\"attachment-thumbnail\" alt=\"\" src=\"https:\/\/atelier-filmfest.com\/archives\/wp-content\/uploads\/2019\/02\/DSC07691-150x150.jpg\" \/><\/a><\/dt><\/dl>\n\n<dl class=\"gallery-item\"><dt class=\"gallery-icon\">\n\t\t<a class=\"fancybox\" href=\"https:\/\/atelier-filmfest.com\/archives\/wp-content\/uploads\/2019\/02\/DSC07703-1024x683.jpg\" rel=\"gallery-1\"><img width=\"150\" height=\"150\" class=\"attachment-thumbnail\" alt=\"\" src=\"https:\/\/atelier-filmfest.com\/archives\/wp-content\/uploads\/2019\/02\/DSC07703-150x150.jpg\" \/><\/a><\/dt><\/dl>\n\n<dl class=\"gallery-item\"><dt class=\"gallery-icon\">\n\t\t<a class=\"fancybox\" href=\"https:\/\/atelier-filmfest.com\/archives\/wp-content\/uploads\/2019\/02\/Plateau-tournage-2019-ENSACF-55-1024x683.jpg\" rel=\"gallery-1\"><img width=\"150\" height=\"150\" class=\"attachment-thumbnail\" alt=\"\" src=\"https:\/\/atelier-filmfest.com\/archives\/wp-content\/uploads\/2019\/02\/Plateau-tournage-2019-ENSACF-55-150x150.jpg\" \/><\/a><\/dt><\/dl>\n\n<dl class=\"gallery-item\"><dt class=\"gallery-icon\">\n\t\t<a class=\"fancybox\" href=\"https:\/\/atelier-filmfest.com\/archives\/wp-content\/uploads\/2019\/02\/DSC07704-1024x683.jpg\" rel=\"gallery-1\"><img width=\"150\" height=\"150\" class=\"attachment-thumbnail\" alt=\"\" src=\"https:\/\/atelier-filmfest.com\/archives\/wp-content\/uploads\/2019\/02\/DSC07704-150x150.jpg\" \/><\/a><\/dt><\/dl>\n\n<dl class=\"gallery-item\"><dt class=\"gallery-icon\">\n\t\t<a class=\"fancybox\" href=\"https:\/\/atelier-filmfest.com\/archives\/wp-content\/uploads\/2019\/02\/DSC07747-1024x683.jpg\" rel=\"gallery-1\"><img width=\"150\" height=\"150\" class=\"attachment-thumbnail\" alt=\"\" src=\"https:\/\/atelier-filmfest.com\/archives\/wp-content\/uploads\/2019\/02\/DSC07747-150x150.jpg\" \/><\/a><\/dt><\/dl>\n\n<dl class=\"gallery-item\"><dt class=\"gallery-icon\">\n\t\t<a class=\"fancybox\" href=\"https:\/\/atelier-filmfest.com\/archives\/wp-content\/uploads\/2019\/02\/Plateau-tournage-2019-ENSACF-46-1024x768.jpg\" rel=\"gallery-1\"><img width=\"150\" height=\"150\" class=\"attachment-thumbnail\" alt=\"\" src=\"https:\/\/atelier-filmfest.com\/archives\/wp-content\/uploads\/2019\/02\/Plateau-tournage-2019-ENSACF-46-150x150.jpg\" \/><\/a><\/dt><\/dl>\n\n<dl class=\"gallery-item\"><dt class=\"gallery-icon\">\n\t\t<a class=\"fancybox\" href=\"https:\/\/atelier-filmfest.com\/archives\/wp-content\/uploads\/2019\/02\/IMG_4171-1024x683.jpg\" rel=\"gallery-1\"><img width=\"150\" height=\"150\" class=\"attachment-thumbnail\" alt=\"\" src=\"https:\/\/atelier-filmfest.com\/archives\/wp-content\/uploads\/2019\/02\/IMG_4171-150x150.jpg\" \/><\/a><\/dt><\/dl>\n\n<dl class=\"gallery-item\"><dt class=\"gallery-icon\">\n\t\t<a class=\"fancybox\" href=\"https:\/\/atelier-filmfest.com\/archives\/wp-content\/uploads\/2019\/02\/IMG_4063-1024x683.jpg\" rel=\"gallery-1\"><img width=\"150\" height=\"150\" class=\"attachment-thumbnail\" alt=\"\" src=\"https:\/\/atelier-filmfest.com\/archives\/wp-content\/uploads\/2019\/02\/IMG_4063-150x150.jpg\" \/><\/a><\/dt><\/dl>\n\n<dl class=\"gallery-item\"><dt class=\"gallery-icon\">\n\t\t<a class=\"fancybox\" href=\"https:\/\/atelier-filmfest.com\/archives\/wp-content\/uploads\/2019\/02\/IMG_4066-1024x683.jpg\" rel=\"gallery-1\"><img width=\"150\" height=\"150\" class=\"attachment-thumbnail\" alt=\"\" src=\"https:\/\/atelier-filmfest.com\/archives\/wp-content\/uploads\/2019\/02\/IMG_4066-150x150.jpg\" \/><\/a><\/dt><\/dl>\n\n<dl class=\"gallery-item\"><dt class=\"gallery-icon\">\n\t\t<a class=\"fancybox\" href=\"https:\/\/atelier-filmfest.com\/archives\/wp-content\/uploads\/2019\/02\/DSC_6093-1024x683.jpg\" rel=\"gallery-1\"><img width=\"150\" height=\"150\" class=\"attachment-thumbnail\" alt=\"\" src=\"https:\/\/atelier-filmfest.com\/archives\/wp-content\/uploads\/2019\/02\/DSC_6093-150x150.jpg\" \/><\/a><\/dt><\/dl>\n\n<dl class=\"gallery-item\"><dt class=\"gallery-icon\">\n\t\t<a class=\"fancybox\" href=\"https:\/\/atelier-filmfest.com\/archives\/wp-content\/uploads\/2019\/02\/IMG_4200-1024x683.jpg\" rel=\"gallery-1\"><img width=\"150\" height=\"150\" class=\"attachment-thumbnail\" alt=\"\" src=\"https:\/\/atelier-filmfest.com\/archives\/wp-content\/uploads\/2019\/02\/IMG_4200-150x150.jpg\" \/><\/a><\/dt><\/dl>\n\n<dl class=\"gallery-item\"><dt class=\"gallery-icon\">\n\t\t<a class=\"fancybox\" href=\"https:\/\/atelier-filmfest.com\/archives\/wp-content\/uploads\/2019\/02\/Plateau-tournage-2019-ENSACF-44-1-1024x683.jpg\" rel=\"gallery-1\"><img width=\"150\" height=\"150\" class=\"attachment-thumbnail\" alt=\"\" src=\"https:\/\/atelier-filmfest.com\/archives\/wp-content\/uploads\/2019\/02\/Plateau-tournage-2019-ENSACF-44-1-150x150.jpg\" \/><\/a><\/dt><\/dl>\n\n<\/div><br clear=\"all\" \/><!-- Rendered by FancyBox without labels END -->\n<\/p>\n<p>&nbsp;<\/p>\n<p>&nbsp;<\/p>\n<p style=\"text-align: justify;\"><img decoding=\"async\" loading=\"lazy\" class=\"wp-image-3992 aligncenter\" src=\"http:\/\/atelier-filmfest.com\/wp-content\/uploads\/2013\/10\/logo-ensacf-quadri-300x77.jpg\" alt=\"Logo ensacf\" width=\"222\" height=\"57\" srcset=\"https:\/\/atelier-filmfest.com\/archives\/wp-content\/uploads\/2013\/10\/logo-ensacf-quadri-300x77.jpg 300w, https:\/\/atelier-filmfest.com\/archives\/wp-content\/uploads\/2013\/10\/logo-ensacf-quadri.jpg 662w\" sizes=\"(max-width: 222px) 100vw, 222px\" \/><\/p>\n<p>&nbsp;<\/p>\n<p><\/center><\/p>\n","protected":false},"excerpt":{"rendered":"<p>\u00a9 Jacques Pouillet Partenaire du festival depuis 17 ans, l\u2019\u00c9cole nationale sup\u00e9rieure d\u2019architecture de Clermont-Ferrand coordonne l\u2019Atelier durant 5 jours autour d\u2019une th\u00e9matique renouvel\u00e9e chaque ann\u00e9e. L\u2019\u00c9cole propose un enseignement optionnel de Master 1 en liaison directe avec l\u2019Atelier : le plateau de tournage. Dans le cadre de cet enseignement,&#8230;<\/p>\n<p><a class='more-link' href='https:\/\/atelier-filmfest.com\/archives\/ensacf-2\/'><span class='screen-reader-text'>ENSACF<\/span><\/a><\/p>","protected":false},"author":3,"featured_media":0,"parent":0,"menu_order":0,"comment_status":"closed","ping_status":"open","template":"","meta":[],"_links":{"self":[{"href":"https:\/\/atelier-filmfest.com\/archives\/wp-json\/wp\/v2\/pages\/2631"}],"collection":[{"href":"https:\/\/atelier-filmfest.com\/archives\/wp-json\/wp\/v2\/pages"}],"about":[{"href":"https:\/\/atelier-filmfest.com\/archives\/wp-json\/wp\/v2\/types\/page"}],"author":[{"embeddable":true,"href":"https:\/\/atelier-filmfest.com\/archives\/wp-json\/wp\/v2\/users\/3"}],"replies":[{"embeddable":true,"href":"https:\/\/atelier-filmfest.com\/archives\/wp-json\/wp\/v2\/comments?post=2631"}],"version-history":[{"count":1,"href":"https:\/\/atelier-filmfest.com\/archives\/wp-json\/wp\/v2\/pages\/2631\/revisions"}],"predecessor-version":[{"id":6119,"href":"https:\/\/atelier-filmfest.com\/archives\/wp-json\/wp\/v2\/pages\/2631\/revisions\/6119"}],"wp:attachment":[{"href":"https:\/\/atelier-filmfest.com\/archives\/wp-json\/wp\/v2\/media?parent=2631"}],"curies":[{"name":"wp","href":"https:\/\/api.w.org\/{rel}","templated":true}]}}