 
 {"id":2663,"date":"2013-10-29T10:56:58","date_gmt":"2013-10-29T09:56:58","guid":{"rendered":"http:\/\/ns203004.ovh.net\/%7Eatelfilm\/?page_id=2663"},"modified":"2021-03-24T21:26:58","modified_gmt":"2021-03-24T20:26:58","slug":"ens-louis-lumiere","status":"publish","type":"page","link":"https:\/\/atelier-filmfest.com\/archives\/ens-louis-lumiere\/","title":{"rendered":"ENS Louis-Lumi\u00e8re"},"content":{"rendered":"<p>&nbsp;<\/p>\n<p><a href=\"http:\/\/atelier-filmfest.com\/wp-content\/uploads\/2013\/10\/cite-cinema.jpg\" target=\"_blank\" rel=\"noopener noreferrer\"><img decoding=\"async\" loading=\"lazy\" class=\" wp-image-4081 size-full aligncenter\" src=\"http:\/\/atelier-filmfest.com\/wp-content\/uploads\/2013\/10\/cite-cinema.jpg\" alt=\"cit\u00e9 cin\u00e9ma\" width=\"980\" height=\"450\" srcset=\"https:\/\/atelier-filmfest.com\/archives\/wp-content\/uploads\/2013\/10\/cite-cinema.jpg 980w, https:\/\/atelier-filmfest.com\/archives\/wp-content\/uploads\/2013\/10\/cite-cinema-300x138.jpg 300w, https:\/\/atelier-filmfest.com\/archives\/wp-content\/uploads\/2013\/10\/cite-cinema-700x321.jpg 700w\" sizes=\"(max-width: 980px) 100vw, 980px\" \/><\/a><\/p>\n<p><strong>Du lundi 03 \u2013 au vendredi 08 f\u00e9vrier 2020\u00a0: En direct sur le plateau de tournage, assistez <\/strong><strong>\u00e0 la r\u00e9alisation de plans s\u00e9quences avec l\u2019\u00c9cole nationale sup\u00e9rieure Louis-Lumi\u00e8re <\/strong><\/p>\n<p>Comment faire un plan s\u00e9quence ? Quelles implications pour les m\u00e9tiers de l\u2019image (lumi\u00e8re, cadre, assistanat cam\u00e9ra), du cadre et du son?<\/p>\n<p>Autant de sujets que nous vous proposons de d\u00e9couvrir sur le plateau de tournage, avec une projection en direct des images tourn\u00e9es par les \u00e9tudiants.<\/p>\n<p>Ils s\u2019efforceront chaque jour de r\u00e9aliser des plans s\u00e9quences en s&rsquo;inspirant des sc\u00e8nes des films suivants\u00a0:<\/p>\n<p>&#8211; <em>3 Amigos<\/em>de John Landis (tournage lundi)<\/p>\n<p>&#8211; <em>Il \u00e9tait une fois dans l&rsquo;ouest\u00a0<\/em>de Sergio Leone (tournage mardi et mercredi)<\/p>\n<p>&#8211; <em>Johnny Guitar<\/em> de Nicholas Ray (tournage jeudi et vendredi matin)<\/p>\n<p>&#8211; <em>B\u00e9lier<\/em> de Grimur Hakonarson (tournage vendredi apr\u00e8s-midi)<\/p>\n<p>Et vous pourrez observer les diff\u00e9rents m\u00e9tiers en action de 10h \u00e0 17h\u00a0!<\/p>\n<p>Le d\u00e9cor est con\u00e7u et fabriqu\u00e9 par les \u00e9l\u00e8ves de <a href=\"https:\/\/atelier-filmfest.com\/ensacf-2\/\" target=\"_blank\" rel=\"noopener noreferrer\"><strong>l&rsquo;Ecole d\u2019architecture<\/strong><\/a> de Clermont-Ferrand, les acteurs \u00e9tudient au <a href=\"https:\/\/atelier-filmfest.com\/conservatoire-emmanuel-chabrier\/\" target=\"_blank\" rel=\"noopener noreferrer\"><strong>Conservatoire<\/strong><\/a> de Clermont-Ferrand, les \u00e9tudiants de <a href=\"https:\/\/atelier-filmfest.com\/maquillage\/\" target=\"_blank\" rel=\"noopener noreferrer\"><strong>l&rsquo;\u00e9cole Baptistini Fournier<\/strong><\/a> assurent le maquillage et enfin ceux du <a href=\"https:\/\/atelier-filmfest.com\/studio-coiffure-lycee-marie-curie\/\" target=\"_blank\" rel=\"noopener noreferrer\"><strong>lyc\u00e9e Marie Curie<\/strong><\/a> la coiffure.<\/p>\n<p>Les \u00e9tudiants et les membres de l\u2019ENS Louis-Lumi\u00e8re seront pr\u00e9sents pour vous accueillir et r\u00e9pondre \u00e0 vos questions sur le projet en cours mais \u00e9galement sur l\u2019Ecole\u00a0; sa p\u00e9dagogie, le concours d\u2019entr\u00e9e, les d\u00e9bouch\u00e9s professionnels.<\/p>\n<p>L\u2019Ecole Louis-Lumi\u00e8re remercie tr\u00e8s chaleureusement ses fid\u00e8les partenaires qui permettent la tenue de cet atelier :<\/p>\n<p>&#8211; Thales Ang\u00e9nieux, fabricant mondialement reconnu d\u2019optiques de pr\u00e9cision pour la production cin\u00e9matographique ou t\u00e9l\u00e9visuelle.<\/p>\n<p>&#8211; Transpalux, r\u00e9f\u00e9rence incontournable pour l\u2019\u00e9clairage cin\u00e9ma et audiovisuel.<\/p>\n<ul>\n<li>En savoir plus : <strong><a href=\"https:\/\/www.ens-louis-lumiere.fr\" target=\"_blank\" rel=\"noopener noreferrer\">Site Internet ENS Louis Lumi\u00e8re<\/a><\/strong><\/li>\n<\/ul>\n<h5><img decoding=\"async\" loading=\"lazy\" class=\"aligncenter size-full wp-image-3993\" src=\"http:\/\/atelier-filmfest.com\/wp-content\/uploads\/2013\/10\/ens-louis-lumiere.jpg\" alt=\"\" width=\"853\" height=\"480\" srcset=\"https:\/\/atelier-filmfest.com\/archives\/wp-content\/uploads\/2013\/10\/ens-louis-lumiere.jpg 853w, https:\/\/atelier-filmfest.com\/archives\/wp-content\/uploads\/2013\/10\/ens-louis-lumiere-300x169.jpg 300w, https:\/\/atelier-filmfest.com\/archives\/wp-content\/uploads\/2013\/10\/ens-louis-lumiere-622x350.jpg 622w\" sizes=\"(max-width: 853px) 100vw, 853px\" \/><\/h5>\n<p>&nbsp;<\/p>\n<p>&nbsp;<\/p>\n","protected":false},"excerpt":{"rendered":"<p>&nbsp; Du lundi 03 \u2013 au vendredi 08 f\u00e9vrier 2020\u00a0: En direct sur le plateau de tournage, assistez \u00e0 la r\u00e9alisation de plans s\u00e9quences avec l\u2019\u00c9cole nationale sup\u00e9rieure Louis-Lumi\u00e8re Comment faire un plan s\u00e9quence ? Quelles implications pour les m\u00e9tiers de l\u2019image (lumi\u00e8re, cadre, assistanat cam\u00e9ra), du cadre et du&#8230;<\/p>\n<p><a class='more-link' href='https:\/\/atelier-filmfest.com\/archives\/ens-louis-lumiere\/'><span class='screen-reader-text'>ENS Louis-Lumi\u00e8re<\/span><\/a><\/p>","protected":false},"author":3,"featured_media":0,"parent":0,"menu_order":0,"comment_status":"closed","ping_status":"closed","template":"","meta":[],"_links":{"self":[{"href":"https:\/\/atelier-filmfest.com\/archives\/wp-json\/wp\/v2\/pages\/2663"}],"collection":[{"href":"https:\/\/atelier-filmfest.com\/archives\/wp-json\/wp\/v2\/pages"}],"about":[{"href":"https:\/\/atelier-filmfest.com\/archives\/wp-json\/wp\/v2\/types\/page"}],"author":[{"embeddable":true,"href":"https:\/\/atelier-filmfest.com\/archives\/wp-json\/wp\/v2\/users\/3"}],"replies":[{"embeddable":true,"href":"https:\/\/atelier-filmfest.com\/archives\/wp-json\/wp\/v2\/comments?post=2663"}],"version-history":[{"count":2,"href":"https:\/\/atelier-filmfest.com\/archives\/wp-json\/wp\/v2\/pages\/2663\/revisions"}],"predecessor-version":[{"id":6292,"href":"https:\/\/atelier-filmfest.com\/archives\/wp-json\/wp\/v2\/pages\/2663\/revisions\/6292"}],"wp:attachment":[{"href":"https:\/\/atelier-filmfest.com\/archives\/wp-json\/wp\/v2\/media?parent=2663"}],"curies":[{"name":"wp","href":"https:\/\/api.w.org\/{rel}","templated":true}]}}