 
 {"id":2727,"date":"2013-10-29T17:52:23","date_gmt":"2013-10-29T16:52:23","guid":{"rendered":"http:\/\/ns203004.ovh.net\/%7Eatelfilm\/?page_id=2727"},"modified":"2021-03-24T21:26:58","modified_gmt":"2021-03-24T20:26:58","slug":"lycee-vercingetorix-2","status":"publish","type":"page","link":"https:\/\/atelier-filmfest.com\/archives\/lycee-vercingetorix-2\/","title":{"rendered":"<!--:fr-->Lyc\u00e9e Vercing\u00e9torix<!--:-->"},"content":{"rendered":"<p><!--:fr--><img decoding=\"async\" loading=\"lazy\" class=\"size-full wp-image-2214 alignleft\" src=\"http:\/\/ns203004.ovh.net\/%7Eatelfilm\/wp-content\/uploads\/2013\/02\/Vercing\u00e9torix-853x480-e1386328856374.jpg\" alt=\"Vercing\u00e9torix 853x480\" width=\"213\" height=\"120\" \/><\/p>\n<p style=\"text-align: justify;\">Situ\u00e9 au pied du plateau de Gergovie, le Lyc\u00e9e Vercing\u00e9torix, dot\u00e9<i>\u00a0<\/i>d\u2019\u00e9quipements p\u00e9dagogiques modernes et de qualit\u00e9, est ancr\u00e9 dans son territoire et ouvert sur le monde des nouvelles technologies.<\/p>\n<p style=\"text-align: justify;\">Labellis\u00e9 Lyc\u00e9e des M\u00e9tiers des technologies industrielles et de la communication, nous\u00a0 dispensons des enseignements diversifi\u00e9s. Le lyc\u00e9e Vercing\u00e9torix a vu la transformation de son Bac Professionnel 3 ans Photographie en 2009. Formation tr\u00e8s demand\u00e9e, seuls 15 \u00e9l\u00e8ves peuvent int\u00e9grer cette section. Le titulaire du Bac Professionnel Photographie est capable de monter des projets en tenant compte des aspects artistiques, techniques et financiers. En prise de vue comme en traitement\u00a0ou en tirage, il ma\u00eetrise aussi bien les techniques traditionnelles de la photographie que les techniques num\u00e9riques.<\/p>\n<p style=\"text-align: justify;\">Lors de cette semaine \u00e0 l\u2019Atelier, 4 de nos lyc\u00e9ens animent un studio (con\u00e7u par leurs soins) qui reprend le th\u00e8me retenu. Ils se chargeront \u00e9galement de r\u00e9aliser plusieurs reportages photos au sein de l\u2019Atelier.<\/p>\n<p style=\"text-align: justify;\"><em>Dans le cadre de la refonte de la carte des formations de la r\u00e9gion Auvergne, la section sera transf\u00e9r\u00e9e en septembre 2015, au Lyc\u00e9e La Fayette de Clermont-Ferrand, au sein d\u2019un p\u00f4le communication.<\/em><\/p>\n<p style=\"text-align: justify;\">Site du lyc\u00e9e\u00a0:\u00a0<a href=\"http:\/\/www.lyc-vercingetorix.ac-clermont.fr\" target=\"_blank\" rel=\"noopener\">www.lyc-vercingetorix.ac-clermont.fr<\/a><\/p>\n<p><!--:--><\/p>\n","protected":false},"excerpt":{"rendered":"<p>Situ\u00e9 au pied du plateau de Gergovie, le Lyc\u00e9e Vercing\u00e9torix, dot\u00e9\u00a0d\u2019\u00e9quipements p\u00e9dagogiques modernes et de qualit\u00e9, est ancr\u00e9 dans son territoire et ouvert sur le monde des nouvelles technologies. Labellis\u00e9 Lyc\u00e9e des M\u00e9tiers des technologies industrielles et de la communication, nous\u00a0 dispensons des enseignements diversifi\u00e9s. Le lyc\u00e9e Vercing\u00e9torix a vu&#8230;<\/p>\n<p><a class='more-link' href='https:\/\/atelier-filmfest.com\/archives\/lycee-vercingetorix-2\/'><span class='screen-reader-text'><!--:fr-->Lyc\u00e9e Vercing\u00e9torix<!--:--><\/span><\/a><\/p>","protected":false},"author":3,"featured_media":0,"parent":0,"menu_order":0,"comment_status":"closed","ping_status":"open","template":"","meta":[],"_links":{"self":[{"href":"https:\/\/atelier-filmfest.com\/archives\/wp-json\/wp\/v2\/pages\/2727"}],"collection":[{"href":"https:\/\/atelier-filmfest.com\/archives\/wp-json\/wp\/v2\/pages"}],"about":[{"href":"https:\/\/atelier-filmfest.com\/archives\/wp-json\/wp\/v2\/types\/page"}],"author":[{"embeddable":true,"href":"https:\/\/atelier-filmfest.com\/archives\/wp-json\/wp\/v2\/users\/3"}],"replies":[{"embeddable":true,"href":"https:\/\/atelier-filmfest.com\/archives\/wp-json\/wp\/v2\/comments?post=2727"}],"version-history":[{"count":1,"href":"https:\/\/atelier-filmfest.com\/archives\/wp-json\/wp\/v2\/pages\/2727\/revisions"}],"predecessor-version":[{"id":6059,"href":"https:\/\/atelier-filmfest.com\/archives\/wp-json\/wp\/v2\/pages\/2727\/revisions\/6059"}],"wp:attachment":[{"href":"https:\/\/atelier-filmfest.com\/archives\/wp-json\/wp\/v2\/media?parent=2727"}],"curies":[{"name":"wp","href":"https:\/\/api.w.org\/{rel}","templated":true}]}}