 
 {"id":2764,"date":"2013-10-30T17:42:59","date_gmt":"2013-10-30T16:42:59","guid":{"rendered":"http:\/\/ns203004.ovh.net\/%7Eatelfilm\/?page_id=2764"},"modified":"2021-03-24T21:26:58","modified_gmt":"2021-03-24T20:26:58","slug":"dma-lycee-rene-descartes","status":"publish","type":"page","link":"https:\/\/atelier-filmfest.com\/archives\/dma-lycee-rene-descartes\/","title":{"rendered":"DNMADE mention cin\u00e9ma d&rsquo;animation Lyc\u00e9e Ren\u00e9 Descartes"},"content":{"rendered":"<p>[:fr]<\/p>\n<p style=\"text-align: justify;\"><a href=\"http:\/\/atelier-filmfest.com\/wp-content\/uploads\/2013\/10\/dsc_0280.jpeg\"><img decoding=\"async\" loading=\"lazy\" class=\"aligncenter wp-image-4092\" src=\"http:\/\/atelier-filmfest.com\/wp-content\/uploads\/2013\/10\/dsc_0280.jpeg\" alt=\"DSC_0280\" width=\"563\" height=\"377\" srcset=\"https:\/\/atelier-filmfest.com\/archives\/wp-content\/uploads\/2013\/10\/dsc_0280.jpeg 640w, https:\/\/atelier-filmfest.com\/archives\/wp-content\/uploads\/2013\/10\/dsc_0280-300x201.jpeg 300w, https:\/\/atelier-filmfest.com\/archives\/wp-content\/uploads\/2013\/10\/dsc_0280-522x350.jpeg 522w\" sizes=\"(max-width: 563px) 100vw, 563px\" \/><\/a><\/p>\n<h4 style=\"text-align: center;\">Le dipl\u00f4me national des m\u00e9tiers d\u2019art et du design mention cin\u00e9ma d\u2019animation du lyc\u00e9e Ren\u00e9 Descartes de Cournon d\u2019Auvergne<\/h4>\n<p><span style=\"text-decoration: underline;\"><strong>L&rsquo;\u00c9COLE :<br \/>\n<\/strong><\/span><\/p>\n<p>Le DMA cin\u00e9ma d\u2019animation\u00a0du lyc\u00e9e Ren\u00e9 Descartes de Cournon d\u2019Auvergne\u00a0se transforme en\u00a0un dipl\u00f4me valant grade licence,\u00a0le\u00a0Dipl\u00f4me National des M\u00e9tiers d&rsquo;Art et du Design, le DNMADE\u00a0mention cin\u00e9ma d\u2019animation et mat\u00e9riaux graphiques. Ouvert depuis la rentr\u00e9e 2019 dans de nouveaux locaux plus spacieux,\u00a0ce nouveau\u00a0dipl\u00f4me met en exergue\u00a0la polyvalence des comp\u00e9tences de cette profession (savoir animer, faire bouger un personnage gr\u00e2ce au dessin, savoir manier les outils infographiques, mais aussi savoir travailler le son et approfondir le sc\u00e9nario) et\u00a0l&rsquo;importance du travail d\u2019\u00e9quipe.<\/p>\n<p>Le titulaire de ce DNMADE\u00a0sera apte \u00e0 assumer, au niveau europ\u00e9en\u00a0et international, seul ou au sein d\u2019une \u00e9quipe, une part des responsabilit\u00e9s artistiques et techniques\u00a0dans les \u00e9tapes de conception et de r\u00e9alisation d\u2019un film d\u2019animation.\u00a0La progression pens\u00e9e par les \u00e9quipes enseignantes permet au fil des semestres de d\u00e9velopper deux approches\u00a0diff\u00e9renciables : une favorisant l\u2019excellence technique permettant \u00e0 l\u2019\u00e9tudiant\u00a0d\u2019entrer dans le monde professionnel et l\u2019autre se focalisant sur le travail d\u2019\u00e9criture\u00a0et de recherche permettant de devenir auteur. La formation est ponctu\u00e9e de nombreux ateliers et rencontres avec les\u00a0professionnels.<\/p>\n<ul>\n<li>En savoir plus : <strong><a href=\"http:\/\/www.dma-cinemadanimation-descartes.blogspot.fr\" target=\"_blank\" rel=\"noopener noreferrer\">Blog du DMA<\/a><\/strong><\/li>\n<\/ul>\n<p>&nbsp;<\/p>\n<p><span style=\"text-decoration: underline;\"><strong>L&rsquo;ATELIER : Terres \u00c9ph\u00e9m\u00e8res<br \/>\n<\/strong><\/span><\/p>\n<p>D\u00e9couvrez un cin\u00e9ma autour du travail de la terre en mouvement, 2 plaques interpos\u00e9es sur lesquels des animateurs se r\u00e9pondent en animant de l\u2019argile et b\u00e2tissent ensemble un court m\u00e9trage.<\/p>\n<p>Les \u00e9l\u00e8ves du DNMADE Cin\u00e9ma d\u2019Animation, encadr\u00e9s par <a href=\"https:\/\/atelier-filmfest.com\/machin-machin\/\" target=\"_blank\" rel=\"noopener noreferrer\"><strong>Machin Machin<\/strong><\/a> r\u00e9aliseront une s\u00e9quence anim\u00e9e tout au long de la semaine. \u00c0 la mani\u00e8re de la peinture anim\u00e9 les \u00e9tudiants pourront exploiter les propri\u00e9t\u00e9s \u00e9ph\u00e9m\u00e8res de la terre pour la mettre en mouvement, durant la nuit l\u2019argile sera amen\u00e9 \u00e0 s\u00e9cher, ainsi la journ\u00e9e suivante ils pourront entamer un nouveau cycle d\u2019animation en commen\u00e7ant par le grattage de la mati\u00e8re s\u00e8che. Les r\u00e9alisations des deux plaques se rejoindront au montage avec un split screen qui nous permettra d\u2019appr\u00e9cier le dialogue qui s\u2019est effectu\u00e9 entre les deux \u00e9quipes d\u2019animateurs, les \u00e9chos, jeux de sym\u00e9trie ou encore la continuit\u00e9 pr\u00e9caire d\u2019une m\u00eame animation.<\/p>\n<p>&nbsp;<\/p>\n<p><img decoding=\"async\" loading=\"lazy\" class=\"size-medium wp-image-3996 aligncenter\" src=\"http:\/\/atelier-filmfest.com\/wp-content\/uploads\/2013\/10\/dma-descartes-300x75.jpg\" alt=\"Print - copie\" width=\"300\" height=\"75\" srcset=\"https:\/\/atelier-filmfest.com\/archives\/wp-content\/uploads\/2013\/10\/dma-descartes-300x75.jpg 300w, https:\/\/atelier-filmfest.com\/archives\/wp-content\/uploads\/2013\/10\/dma-descartes-1024x256.jpg 1024w, https:\/\/atelier-filmfest.com\/archives\/wp-content\/uploads\/2013\/10\/dma-descartes-700x175.jpg 700w, https:\/\/atelier-filmfest.com\/archives\/wp-content\/uploads\/2013\/10\/dma-descartes.jpg 1110w\" sizes=\"(max-width: 300px) 100vw, 300px\" \/>[:en]<\/p>\n<p style=\"text-align: justify;\">Le seuil d&rsquo;entr\u00e9e dans un film, ainsi que sa porte de sortie, voil\u00e0 qui signale le moment du spectacle cin\u00e9matographique, tout en r\u00e9v\u00e9lant aux spectateurs, les noms de ceux qui ont tir\u00e9 les ficelles. Pour la derni\u00e8re de l&rsquo;atelier dans sa version d&rsquo;origine, les \u00e9tudiants du DMA option cinema d&rsquo;animation du lyc\u00e9e Descartes c\u00e9l\u00e9breront ces parenth\u00e8ses graphiques et cin\u00e9tiques par une pratique de l&rsquo;animation traditionnelle.<\/p>\n<p><iframe loading=\"lazy\" src=\"https:\/\/player.vimeo.com\/video\/87161032?dnt=1&amp;app_id=122963\" width=\"500\" height=\"281\" frameborder=\"0\" allow=\"autoplay; fullscreen\" allowfullscreen title=\"atelier rototropes\"><\/iframe><\/p>\n<div>\n<div style=\"text-align: justify;\">\n<p><a href=\"http:\/\/ns203004.ovh.net\/%7Eatelfilm\/wp-content\/uploads\/2013\/10\/logo-descartes2.jpg\"><img decoding=\"async\" loading=\"lazy\" class=\"size-full wp-image-2944 alignleft\" src=\"http:\/\/ns203004.ovh.net\/%7Eatelfilm\/wp-content\/uploads\/2013\/10\/logo-descartes2-e1386328757784.jpg\" alt=\"Print - copie\" width=\"277\" height=\"69\" \/><\/a>\u00abLes \u00e9tudiants du DMA option cin\u00e9ma d\u2019animation du Lyc\u00e9e Ren\u00e9 Descartes expliqueront le contenu de cette formation publique et auvergnate qui se fait en 2 ans apr\u00e8s un bac STD2A \u00ab arts appliqu\u00e9s \u00bb, ou un bac g\u00e9n\u00e9ral suivi d\u2019une ann\u00e9e de mise \u00e0 niveau.<\/p>\n<p><a href=\"http:\/\/dma-cinemadanimation-descartes.blogspot.fr\" target=\"_blank\" rel=\"noopener noreferrer\">Blog\u00a0du DMA Lyc\u00e9e Descartes<\/a><\/p>\n<\/div>\n<\/div>\n<p>[:]<\/p>\n","protected":false},"excerpt":{"rendered":"<p>[:fr] Le dipl\u00f4me national des m\u00e9tiers d\u2019art et du design mention cin\u00e9ma d\u2019animation du lyc\u00e9e Ren\u00e9 Descartes de Cournon d\u2019Auvergne L&rsquo;\u00c9COLE : Le DMA cin\u00e9ma d\u2019animation\u00a0du lyc\u00e9e Ren\u00e9 Descartes de Cournon d\u2019Auvergne\u00a0se transforme en\u00a0un dipl\u00f4me valant grade licence,\u00a0le\u00a0Dipl\u00f4me National des M\u00e9tiers d&rsquo;Art et du Design, le DNMADE\u00a0mention cin\u00e9ma d\u2019animation et&#8230;<\/p>\n<p><a class='more-link' href='https:\/\/atelier-filmfest.com\/archives\/dma-lycee-rene-descartes\/'><span class='screen-reader-text'>DNMADE mention cin\u00e9ma d&rsquo;animation Lyc\u00e9e Ren\u00e9 Descartes<\/span><\/a><\/p>","protected":false},"author":3,"featured_media":0,"parent":0,"menu_order":0,"comment_status":"closed","ping_status":"closed","template":"","meta":[],"_links":{"self":[{"href":"https:\/\/atelier-filmfest.com\/archives\/wp-json\/wp\/v2\/pages\/2764"}],"collection":[{"href":"https:\/\/atelier-filmfest.com\/archives\/wp-json\/wp\/v2\/pages"}],"about":[{"href":"https:\/\/atelier-filmfest.com\/archives\/wp-json\/wp\/v2\/types\/page"}],"author":[{"embeddable":true,"href":"https:\/\/atelier-filmfest.com\/archives\/wp-json\/wp\/v2\/users\/3"}],"replies":[{"embeddable":true,"href":"https:\/\/atelier-filmfest.com\/archives\/wp-json\/wp\/v2\/comments?post=2764"}],"version-history":[{"count":1,"href":"https:\/\/atelier-filmfest.com\/archives\/wp-json\/wp\/v2\/pages\/2764\/revisions"}],"predecessor-version":[{"id":6112,"href":"https:\/\/atelier-filmfest.com\/archives\/wp-json\/wp\/v2\/pages\/2764\/revisions\/6112"}],"wp:attachment":[{"href":"https:\/\/atelier-filmfest.com\/archives\/wp-json\/wp\/v2\/media?parent=2764"}],"curies":[{"name":"wp","href":"https:\/\/api.w.org\/{rel}","templated":true}]}}