 
 {"id":2780,"date":"2013-10-31T11:23:19","date_gmt":"2013-10-31T10:23:19","guid":{"rendered":"http:\/\/ns203004.ovh.net\/%7Eatelfilm\/?page_id=2780"},"modified":"2021-03-24T21:26:58","modified_gmt":"2021-03-24T20:26:58","slug":"ecal-3-2","status":"publish","type":"page","link":"https:\/\/atelier-filmfest.com\/archives\/ecal-3-2\/","title":{"rendered":"ECAL"},"content":{"rendered":"<p style=\"text-align: justify;\"><img decoding=\"async\" loading=\"lazy\" class=\" wp-image-4008 size-full aligncenter\" src=\"http:\/\/atelier-filmfest.com\/wp-content\/uploads\/2013\/10\/3_ecal_federicoberardi.jpeg\" alt=\"3_ECAL_FedericoBerardi\" width=\"426\" height=\"342\" srcset=\"https:\/\/atelier-filmfest.com\/archives\/wp-content\/uploads\/2013\/10\/3_ecal_federicoberardi.jpeg 426w, https:\/\/atelier-filmfest.com\/archives\/wp-content\/uploads\/2013\/10\/3_ecal_federicoberardi-300x241.jpeg 300w\" sizes=\"(max-width: 426px) 100vw, 426px\" \/><\/p>\n<h4 style=\"text-align: center;\">\u00c9cole Cantonale d\u2019Art de Lausanne<br \/>\nD\u00e9partement Cin\u00e9ma<\/h4>\n<p><span style=\"text-decoration: underline;\"><strong>L&rsquo;\u00c9COLE :<\/strong><\/span><\/p>\n<p>Depuis sa conception en 1988, le D\u00e9partement Cin\u00e9ma de l\u2019ECAL pr\u00e9pare les \u00e9tudiant.e.s \u00e0 la profession de r\u00e9alisateur\/trice en audiovisuel polyvalent. D\u2019abord con\u00e7ue par le r\u00e9alisateur Yves Yersin, la formation est, depuis l\u2019an 2002, dirig\u00e9e par le cin\u00e9aste Lionel Baier et Rachel No\u00ebl. Le cursus prend en compte les multiples champs d\u2019application qui sont associ\u00e9s \u00e0 la pratique de ce m\u00e9tier : le cin\u00e9ma aussi bien documentaire que de fiction, le programme t\u00e9l\u00e9visuel, le clip et la publicit\u00e9.<\/p>\n<ul>\n<li>En savoir plus : <strong><a href=\"https:\/\/www.ecal.ch\/fr\/100\/homepage\" target=\"_blank\" rel=\"noopener noreferrer\">Site Internet de l&rsquo;ECAL<\/a><\/strong><\/li>\n<\/ul>\n<p>&nbsp;<\/p>\n<p><span style=\"text-decoration: underline;\"><strong>L&rsquo;ATELIER :<\/strong><\/span><\/p>\n<p>Durant le festival de Clermont-Ferrand et pour la huiti\u00e8me ann\u00e9e cons\u00e9cutive le d\u00e9partement cin\u00e9ma de l\u2019ECAL invite un.e r\u00e9alisateur.trice de renom pour encadrer un atelier ayant pour objet la direction d\u2019acteurs et actrices au cin\u00e9ma.<\/p>\n<p>Cette ann\u00e9e le r\u00e9alisateur Camille Vidal-Naquet encadrera l\u2019atelier. Pendant cinq jours, sous son regard et avec sa participation active, des \u00e9tudiant.e.s en r\u00e9alisation de l\u2019ECAL \u00ab\u00a0exp\u00e9rimenteront\u00a0\u00bb avec des \u00e9tudiant.e.s du <a href=\"https:\/\/atelier-filmfest.com\/conservatoire-emmanuel-chabrier\/\" target=\"_blank\" rel=\"noopener noreferrer\"><strong>Conservatoire National<\/strong><\/a> de Clermont Ferrand.<\/p>\n<p>&nbsp;<\/p>\n<p><a href=\"http:\/\/www.ecal.ch\/fr\/100\/homepage\" target=\"_blank\" rel=\"noopener noreferrer\"><br \/>\n<\/a><img decoding=\"async\" loading=\"lazy\" class=\"wp-image-4023 aligncenter\" src=\"http:\/\/atelier-filmfest.com\/wp-content\/uploads\/2013\/10\/ecal-300x93.jpg\" alt=\"Impression\" width=\"339\" height=\"105\" srcset=\"https:\/\/atelier-filmfest.com\/archives\/wp-content\/uploads\/2013\/10\/ecal-300x93.jpg 300w, https:\/\/atelier-filmfest.com\/archives\/wp-content\/uploads\/2013\/10\/ecal.jpg 520w\" sizes=\"(max-width: 339px) 100vw, 339px\" \/><\/p>\n","protected":false},"excerpt":{"rendered":"<p>\u00c9cole Cantonale d\u2019Art de Lausanne D\u00e9partement Cin\u00e9ma L&rsquo;\u00c9COLE : Depuis sa conception en 1988, le D\u00e9partement Cin\u00e9ma de l\u2019ECAL pr\u00e9pare les \u00e9tudiant.e.s \u00e0 la profession de r\u00e9alisateur\/trice en audiovisuel polyvalent. D\u2019abord con\u00e7ue par le r\u00e9alisateur Yves Yersin, la formation est, depuis l\u2019an 2002, dirig\u00e9e par le cin\u00e9aste Lionel Baier et&#8230;<\/p>\n<p><a class='more-link' href='https:\/\/atelier-filmfest.com\/archives\/ecal-3-2\/'><span class='screen-reader-text'>ECAL<\/span><\/a><\/p>","protected":false},"author":3,"featured_media":0,"parent":0,"menu_order":0,"comment_status":"closed","ping_status":"closed","template":"","meta":[],"_links":{"self":[{"href":"https:\/\/atelier-filmfest.com\/archives\/wp-json\/wp\/v2\/pages\/2780"}],"collection":[{"href":"https:\/\/atelier-filmfest.com\/archives\/wp-json\/wp\/v2\/pages"}],"about":[{"href":"https:\/\/atelier-filmfest.com\/archives\/wp-json\/wp\/v2\/types\/page"}],"author":[{"embeddable":true,"href":"https:\/\/atelier-filmfest.com\/archives\/wp-json\/wp\/v2\/users\/3"}],"replies":[{"embeddable":true,"href":"https:\/\/atelier-filmfest.com\/archives\/wp-json\/wp\/v2\/comments?post=2780"}],"version-history":[{"count":1,"href":"https:\/\/atelier-filmfest.com\/archives\/wp-json\/wp\/v2\/pages\/2780\/revisions"}],"predecessor-version":[{"id":6113,"href":"https:\/\/atelier-filmfest.com\/archives\/wp-json\/wp\/v2\/pages\/2780\/revisions\/6113"}],"wp:attachment":[{"href":"https:\/\/atelier-filmfest.com\/archives\/wp-json\/wp\/v2\/media?parent=2780"}],"curies":[{"name":"wp","href":"https:\/\/api.w.org\/{rel}","templated":true}]}}