 
 {"id":2861,"date":"2013-11-26T15:44:47","date_gmt":"2013-11-26T14:44:47","guid":{"rendered":"http:\/\/ns203004.ovh.net\/%7Eatelfilm\/?page_id=2861"},"modified":"2021-03-24T21:26:58","modified_gmt":"2021-03-24T20:26:58","slug":"collaboration-ensa-nantes","status":"publish","type":"page","link":"https:\/\/atelier-filmfest.com\/archives\/collaboration-ensa-nantes\/","title":{"rendered":"Collaboration ENSA Nantes"},"content":{"rendered":"<p style=\"text-align: center;\"><strong>Collaboration ENSACF et ENSA Nantes<\/strong><br \/>\n<strong> Travaux pr\u00e9paratoires<\/strong><\/p>\n<p style=\"text-align: center;\"><span style=\"text-decoration: underline;\"><strong>Les diff\u00e9rentes implantations du d\u00e9cor au plateau<\/strong><\/span><\/p>\n<!-- Rendered by FancyBox without labels BEGIN -->\n\n\t<style type=\"text\/css\">\n\t\t\t\t\t#gallery-0 {\n\t\t\t\t\t\tmargin: auto;\n\t\t\t\t\t}\n\t\t\t\t\t#gallery-0 .gallery-item {\n\t\t\t\t\t\tfloat: left;\n\t\t\t\t\t\tmargin-top: 10px;\n\t\t\t\t\t\ttext-align: center;\n\t\t\t\t\t\twidth: 32%;\n\t\t\t\t\t}\n\t\t\t\t\t#gallery-0 img {\n\t\t\t\t\t\tborder: 2px solid #cfcfcf;\n\t\t\t\t\t}\n\t\t\t\t\t#gallery-0 .gallery-caption {\n\t\t\t\t\t\tmargin-left: 0;\n\t\t\t\t\t}\n\t<\/style>\n<script type=\"text\/javascript\">\n$(document).ready(function() {\n\t\/*\n\t *  Simple image gallery. Uses default settings\n\t *\/\n\n\t$(\".fancybox\").fancybox({\n\t\t\"transitionIn\"\t\t: \"none\",\n\t\t\"transitionOut\"\t\t: \"none\",\n\t\t\"titlePosition\" \t: \"over\"\n\n\t});\n});\n<\/script>\n\n\t<div id=\"gallery-0\" class=\"gallery galleryid-0 gallery-size-thumbnail\" style=\"\"><dl class=\"gallery-item\"><dt class=\"gallery-icon\">\n\t\t<a class=\"fancybox\" href=\"https:\/\/atelier-filmfest.com\/archives\/wp-content\/uploads\/2013\/11\/Bureau-1-espace-A-1024x785.jpg\" rel=\"gallery-0\"><img width=\"150\" height=\"150\" class=\"attachment-thumbnail\" alt=\"Bureau 1\" src=\"https:\/\/atelier-filmfest.com\/archives\/wp-content\/uploads\/2013\/11\/Bureau-1-espace-A-150x150.jpg\" \/><\/a><\/dt><\/dl>\n\n<dl class=\"gallery-item\"><dt class=\"gallery-icon\">\n\t\t<a class=\"fancybox\" href=\"https:\/\/atelier-filmfest.com\/archives\/wp-content\/uploads\/2013\/11\/Bureau-2-1024x804.jpg\" rel=\"gallery-0\"><img width=\"150\" height=\"150\" class=\"attachment-thumbnail\" alt=\"Bureau 2\" src=\"https:\/\/atelier-filmfest.com\/archives\/wp-content\/uploads\/2013\/11\/Bureau-2-150x150.jpg\" \/><\/a><\/dt><\/dl>\n\n<dl class=\"gallery-item\"><dt class=\"gallery-icon\">\n\t\t<a class=\"fancybox\" href=\"https:\/\/atelier-filmfest.com\/archives\/wp-content\/uploads\/2013\/11\/Hall-1024x762.jpg\" rel=\"gallery-0\"><img width=\"150\" height=\"150\" class=\"attachment-thumbnail\" alt=\"Hall\" src=\"https:\/\/atelier-filmfest.com\/archives\/wp-content\/uploads\/2013\/11\/Hall-150x150.jpg\" \/><\/a><\/dt><\/dl>\n\n<\/div><br clear=\"all\" \/><!-- Rendered by FancyBox without labels END -->\n\n<p style=\"text-align: center;\"><span style=\"text-decoration: underline;\"><strong>Premi\u00e8res installations<\/strong><\/span><\/p>\n<!-- Rendered by FancyBox without labels BEGIN -->\n\n\t<style type=\"text\/css\">\n\t\t\t\t\t#gallery-1 {\n\t\t\t\t\t\tmargin: auto;\n\t\t\t\t\t}\n\t\t\t\t\t#gallery-1 .gallery-item {\n\t\t\t\t\t\tfloat: left;\n\t\t\t\t\t\tmargin-top: 10px;\n\t\t\t\t\t\ttext-align: center;\n\t\t\t\t\t\twidth: 32%;\n\t\t\t\t\t}\n\t\t\t\t\t#gallery-1 img {\n\t\t\t\t\t\tborder: 2px solid #cfcfcf;\n\t\t\t\t\t}\n\t\t\t\t\t#gallery-1 .gallery-caption {\n\t\t\t\t\t\tmargin-left: 0;\n\t\t\t\t\t}\n\t<\/style>\n<script type=\"text\/javascript\">\n$(document).ready(function() {\n\t\/*\n\t *  Simple image gallery. Uses default settings\n\t *\/\n\n\t$(\".fancybox\").fancybox({\n\t\t\"transitionIn\"\t\t: \"none\",\n\t\t\"transitionOut\"\t\t: \"none\",\n\t\t\"titlePosition\" \t: \"over\"\n\n\t});\n});\n<\/script>\n\n\t<div id=\"gallery-1\" class=\"gallery galleryid-1 gallery-size-thumbnail\" style=\"\"><dl class=\"gallery-item\"><dt class=\"gallery-icon\">\n\t\t<a class=\"fancybox\" href=\"https:\/\/atelier-filmfest.com\/archives\/wp-content\/uploads\/2013\/11\/P1060287-768x1024.jpg\" rel=\"gallery-1\"><img width=\"150\" height=\"150\" class=\"attachment-thumbnail\" alt=\"\" src=\"https:\/\/atelier-filmfest.com\/archives\/wp-content\/uploads\/2013\/11\/P1060287-150x150.jpg\" \/><\/a><\/dt><\/dl>\n\n<dl class=\"gallery-item\"><dt class=\"gallery-icon\">\n\t\t<a class=\"fancybox\" href=\"https:\/\/atelier-filmfest.com\/archives\/wp-content\/uploads\/2013\/12\/P1060310-1024x682.jpg\" rel=\"gallery-1\"><img width=\"150\" height=\"150\" class=\"attachment-thumbnail\" alt=\"\" src=\"https:\/\/atelier-filmfest.com\/archives\/wp-content\/uploads\/2013\/12\/P1060310-150x150.jpg\" \/><\/a><\/dt><\/dl>\n\n<dl class=\"gallery-item\"><dt class=\"gallery-icon\">\n\t\t<a class=\"fancybox\" href=\"https:\/\/atelier-filmfest.com\/archives\/wp-content\/uploads\/2013\/12\/P1060312-682x1024.jpg\" rel=\"gallery-1\"><img width=\"150\" height=\"150\" class=\"attachment-thumbnail\" alt=\"\" src=\"https:\/\/atelier-filmfest.com\/archives\/wp-content\/uploads\/2013\/12\/P1060312-150x150.jpg\" \/><\/a><\/dt><\/dl>\n\n<\/div><br clear=\"all\" \/><!-- Rendered by FancyBox without labels END -->\n\n<p style=\"text-align: center;\"><span style=\"text-decoration: underline;\"><strong>Pr\u00e9parations des d\u00e9cors<\/strong><\/span><\/p>\n<!-- Rendered by FancyBox without labels BEGIN -->\n\n\t<style type=\"text\/css\">\n\t\t\t\t\t#gallery-2 {\n\t\t\t\t\t\tmargin: auto;\n\t\t\t\t\t}\n\t\t\t\t\t#gallery-2 .gallery-item {\n\t\t\t\t\t\tfloat: left;\n\t\t\t\t\t\tmargin-top: 10px;\n\t\t\t\t\t\ttext-align: center;\n\t\t\t\t\t\twidth: 32%;\n\t\t\t\t\t}\n\t\t\t\t\t#gallery-2 img {\n\t\t\t\t\t\tborder: 2px solid #cfcfcf;\n\t\t\t\t\t}\n\t\t\t\t\t#gallery-2 .gallery-caption {\n\t\t\t\t\t\tmargin-left: 0;\n\t\t\t\t\t}\n\t<\/style>\n<script type=\"text\/javascript\">\n$(document).ready(function() {\n\t\/*\n\t *  Simple image gallery. Uses default settings\n\t *\/\n\n\t$(\".fancybox\").fancybox({\n\t\t\"transitionIn\"\t\t: \"none\",\n\t\t\"transitionOut\"\t\t: \"none\",\n\t\t\"titlePosition\" \t: \"over\"\n\n\t});\n});\n<\/script>\n\n\t<div id=\"gallery-2\" class=\"gallery galleryid-2 gallery-size-thumbnail\" style=\"\"><dl class=\"gallery-item\"><dt class=\"gallery-icon\">\n\t\t<a class=\"fancybox\" href=\"https:\/\/atelier-filmfest.com\/archives\/wp-content\/uploads\/2013\/11\/P1060294-768x1024.jpg\" rel=\"gallery-2\"><img width=\"150\" height=\"150\" class=\"attachment-thumbnail\" alt=\"\" src=\"https:\/\/atelier-filmfest.com\/archives\/wp-content\/uploads\/2013\/11\/P1060294-150x150.jpg\" \/><\/a><\/dt><\/dl>\n\n<dl class=\"gallery-item\"><dt class=\"gallery-icon\">\n\t\t<a class=\"fancybox\" href=\"https:\/\/atelier-filmfest.com\/archives\/wp-content\/uploads\/2013\/11\/P1060291-1024x768.jpg\" rel=\"gallery-2\"><img width=\"150\" height=\"150\" class=\"attachment-thumbnail\" alt=\"\" src=\"https:\/\/atelier-filmfest.com\/archives\/wp-content\/uploads\/2013\/11\/P1060291-150x150.jpg\" \/><\/a><\/dt><\/dl>\n\n<dl class=\"gallery-item\"><dt class=\"gallery-icon\">\n\t\t<a class=\"fancybox\" href=\"https:\/\/atelier-filmfest.com\/archives\/wp-content\/uploads\/2013\/11\/P1060289-1024x768.jpg\" rel=\"gallery-2\"><img width=\"150\" height=\"150\" class=\"attachment-thumbnail\" alt=\"\" src=\"https:\/\/atelier-filmfest.com\/archives\/wp-content\/uploads\/2013\/11\/P1060289-150x150.jpg\" \/><\/a><\/dt><\/dl>\n\n<dl class=\"gallery-item\"><dt class=\"gallery-icon\">\n\t\t<a class=\"fancybox\" href=\"https:\/\/atelier-filmfest.com\/archives\/wp-content\/uploads\/2013\/12\/P1060303-1024x768.jpg\" rel=\"gallery-2\"><img width=\"150\" height=\"150\" class=\"attachment-thumbnail\" alt=\"\" src=\"https:\/\/atelier-filmfest.com\/archives\/wp-content\/uploads\/2013\/12\/P1060303-150x150.jpg\" \/><\/a><\/dt><\/dl>\n\n<dl class=\"gallery-item\"><dt class=\"gallery-icon\">\n\t\t<a class=\"fancybox\" href=\"https:\/\/atelier-filmfest.com\/archives\/wp-content\/uploads\/2013\/12\/P1060302-1024x768.jpg\" rel=\"gallery-2\"><img width=\"150\" height=\"150\" class=\"attachment-thumbnail\" alt=\"\" src=\"https:\/\/atelier-filmfest.com\/archives\/wp-content\/uploads\/2013\/12\/P1060302-150x150.jpg\" \/><\/a><\/dt><\/dl>\n\n<dl class=\"gallery-item\"><dt class=\"gallery-icon\">\n\t\t<a class=\"fancybox\" href=\"https:\/\/atelier-filmfest.com\/archives\/wp-content\/uploads\/2013\/12\/P1060301-1024x768.jpg\" rel=\"gallery-2\"><img width=\"150\" height=\"150\" class=\"attachment-thumbnail\" alt=\"\" src=\"https:\/\/atelier-filmfest.com\/archives\/wp-content\/uploads\/2013\/12\/P1060301-150x150.jpg\" \/><\/a><\/dt><\/dl>\n\n<\/div><br clear=\"all\" \/><!-- Rendered by FancyBox without labels END -->\n\n<p>Retrouvez les diff\u00e9rents travaux pr\u00e9paratoires de l&rsquo;ENSACF et l&rsquo;ENSA sur le plateau de l&rsquo;Atelier, remake cette ann\u00e9e du film <em>Les Trois jours du Condor<\/em> :<\/p>\n<p>&#8211;\u00a0<a href=\"http:\/\/ns203004.ovh.net\/%7Eatelfilm\/wp-content\/uploads\/2013\/11\/Les-diff\u00e9rentes-implantations-du-d\u00e9cor-au-plateau-23nov.pdf\">Les diff\u00e9rentes implantations du d\u00e9cor au plateau<\/a><br \/>\n&#8211;\u00a0<a href=\"http:\/\/ns203004.ovh.net\/%7Eatelfilm\/wp-content\/uploads\/2013\/11\/Costumes-2013-10-05.pdf\">Analyse des costumes du film Les Trois jours du Condor<\/a><br \/>\n&#8211;\u00a0<a href=\"http:\/\/ns203004.ovh.net\/%7Eatelfilm\/wp-content\/uploads\/2013\/11\/Recherche-esth\u00e9tique-2013-11-23.pdf\">Recherche esth\u00e9tique Les Trois jours du Condor<\/a><br \/>\n&#8211;\u00a0<a href=\"http:\/\/ns203004.ovh.net\/%7Eatelfilm\/wp-content\/uploads\/2013\/11\/Sch\u00e9mas-dispositions-pi\u00e8ces-2013-11-18.docx\">Sch\u00e9mas de dispositions des pi\u00e8ces<\/a><\/p>\n","protected":false},"excerpt":{"rendered":"<p>Collaboration ENSACF et ENSA Nantes Travaux pr\u00e9paratoires Les diff\u00e9rentes implantations du d\u00e9cor au plateau Premi\u00e8res installations Pr\u00e9parations des d\u00e9cors Retrouvez les diff\u00e9rents travaux pr\u00e9paratoires de l&rsquo;ENSACF et l&rsquo;ENSA sur le plateau de l&rsquo;Atelier, remake cette ann\u00e9e du film Les Trois jours du Condor : &#8211;\u00a0Les diff\u00e9rentes implantations du d\u00e9cor au&#8230;<\/p>\n<p><a class='more-link' href='https:\/\/atelier-filmfest.com\/archives\/collaboration-ensa-nantes\/'><span class='screen-reader-text'>Collaboration ENSA Nantes<\/span><\/a><\/p>","protected":false},"author":3,"featured_media":0,"parent":0,"menu_order":0,"comment_status":"closed","ping_status":"closed","template":"","meta":[],"_links":{"self":[{"href":"https:\/\/atelier-filmfest.com\/archives\/wp-json\/wp\/v2\/pages\/2861"}],"collection":[{"href":"https:\/\/atelier-filmfest.com\/archives\/wp-json\/wp\/v2\/pages"}],"about":[{"href":"https:\/\/atelier-filmfest.com\/archives\/wp-json\/wp\/v2\/types\/page"}],"author":[{"embeddable":true,"href":"https:\/\/atelier-filmfest.com\/archives\/wp-json\/wp\/v2\/users\/3"}],"replies":[{"embeddable":true,"href":"https:\/\/atelier-filmfest.com\/archives\/wp-json\/wp\/v2\/comments?post=2861"}],"version-history":[{"count":1,"href":"https:\/\/atelier-filmfest.com\/archives\/wp-json\/wp\/v2\/pages\/2861\/revisions"}],"predecessor-version":[{"id":6107,"href":"https:\/\/atelier-filmfest.com\/archives\/wp-json\/wp\/v2\/pages\/2861\/revisions\/6107"}],"wp:attachment":[{"href":"https:\/\/atelier-filmfest.com\/archives\/wp-json\/wp\/v2\/media?parent=2861"}],"curies":[{"name":"wp","href":"https:\/\/api.w.org\/{rel}","templated":true}]}}