 
 {"id":349,"date":"2012-10-19T09:17:35","date_gmt":"2012-10-19T08:17:35","guid":{"rendered":"http:\/\/atelierclermontfilmfest.wordpress.com\/?page_id=349"},"modified":"2021-03-24T21:26:58","modified_gmt":"2021-03-24T20:26:58","slug":"atelier-final-cut-studio-3","status":"publish","type":"page","link":"https:\/\/atelier-filmfest.com\/archives\/archives-2\/2010-2\/lapinsbleu\/atelier-final-cut-studio-3\/","title":{"rendered":"Atelier Final Cut studio 3"},"content":{"rendered":"<p><img decoding=\"async\" loading=\"lazy\" class=\"aligncenter\" title=\"Atelier Final cut\" alt=\"\" src=\"http:\/\/atelierclermontfilmfest.files.wordpress.com\/2012\/10\/atelier-final-cut.jpg?w=300\" width=\"300\" height=\"161\" \/><\/p>\n<div><\/div>\n<p style=\"text-align: justify;\">Lundi 1er\u00a0 et jeudi 4 f\u00e9vrier venez \u00e0 l\u2019atelier des lapins pour d\u00e9couvrir et\u2028 manipuler les diff\u00e9rents logiciels de la suite Final Cut Studio 3\u2028Un formateur vous guidera au travers des diff\u00e9rentes passerelles entre les logiciels en vous invitant \u00e0 manipuler vous-m\u00eames sur un des 10 iMac mis \u00e0 votre disposition.<\/p>\n<p style=\"text-align: justify;\">Les th\u00e8mes suivants seront abord\u00e9s\u2028\u2028 :<\/p>\n<p style=\"text-align: justify;\"><b>D\u00e9couverte de la gestion des media tapeless (data management) :<\/b> a partir de rushes enregistr\u00e9s sur diff\u00e9rents supports (P2, SxS, CompactFlash, SD, etc.) vous aborderez l\u2019acquisition, la gestion des fichiers, les transferts, les transcodagesn, etc.)\u2028 Mais \u00e9galement les normes et taux de transfert : USB 2, Firewire 400\/800, SCSI, eSata, SAS, PCIe. On y parlera \u00e9galement des probl\u00e8mes pouvant \u00eatre rencontr\u00e9s lors des transferts, ainsi que de la visualisation des rushes, etc.<\/p>\n<p style=\"text-align: justify;\"><b>D\u00e9couverte du travail en HD avec Final Cut Pro<\/b>\u2028Configuration du hardware, les param\u00e8tres logiciels, les settings de la timeline, les diff\u00e9rents formats\u00a0 de production en HD, le Codec Apple Pro Res et les codecs interm\u00e9diaires, le m\u00e9lange des diff\u00e9rents formats SD\/HD dans la timeline, la gestion 4\/3 &#8211; 16\/9, les encodages de fichiers HD, format de travail.<\/p>\n<p style=\"text-align: justify;\"><b>Comment finaliser un projet HD<\/b>\u2028Les imports\/exports, l\u2019auto-conformation, le gestionnaire de donn\u00e9es, le Clip Finder\u2028\u2028D\u00e9couverte de \u00e9talonnage avec Color : comment trouver des rep\u00e8res dans l\u2019interface de Color&#8230;<\/p>\n<p style=\"text-align: justify;\"><b>Les passerelles entre les diff\u00e9rents logiciels :<\/b>\u2028D\u00e9couvrir une utilisation basique de Motion, Soundtrack et Compressor.<\/p>\n","protected":false},"excerpt":{"rendered":"<p>Lundi 1er\u00a0 et jeudi 4 f\u00e9vrier venez \u00e0 l\u2019atelier des lapins pour d\u00e9couvrir et\u2028 manipuler les diff\u00e9rents logiciels de la suite Final Cut Studio 3\u2028Un formateur vous guidera au travers des diff\u00e9rentes passerelles entre les logiciels en vous invitant \u00e0 manipuler vous-m\u00eames sur un des 10 iMac mis \u00e0 votre&#8230;<\/p>\n<p><a class='more-link' href='https:\/\/atelier-filmfest.com\/archives\/archives-2\/2010-2\/lapinsbleu\/atelier-final-cut-studio-3\/'><span class='screen-reader-text'>Atelier Final Cut studio 3<\/span><\/a><\/p>","protected":false},"author":3,"featured_media":0,"parent":364,"menu_order":1,"comment_status":"closed","ping_status":"closed","template":"","meta":[],"_links":{"self":[{"href":"https:\/\/atelier-filmfest.com\/archives\/wp-json\/wp\/v2\/pages\/349"}],"collection":[{"href":"https:\/\/atelier-filmfest.com\/archives\/wp-json\/wp\/v2\/pages"}],"about":[{"href":"https:\/\/atelier-filmfest.com\/archives\/wp-json\/wp\/v2\/types\/page"}],"author":[{"embeddable":true,"href":"https:\/\/atelier-filmfest.com\/archives\/wp-json\/wp\/v2\/users\/3"}],"replies":[{"embeddable":true,"href":"https:\/\/atelier-filmfest.com\/archives\/wp-json\/wp\/v2\/comments?post=349"}],"version-history":[{"count":1,"href":"https:\/\/atelier-filmfest.com\/archives\/wp-json\/wp\/v2\/pages\/349\/revisions"}],"predecessor-version":[{"id":6079,"href":"https:\/\/atelier-filmfest.com\/archives\/wp-json\/wp\/v2\/pages\/349\/revisions\/6079"}],"up":[{"embeddable":true,"href":"https:\/\/atelier-filmfest.com\/archives\/wp-json\/wp\/v2\/pages\/364"}],"wp:attachment":[{"href":"https:\/\/atelier-filmfest.com\/archives\/wp-json\/wp\/v2\/media?parent=349"}],"curies":[{"name":"wp","href":"https:\/\/api.w.org\/{rel}","templated":true}]}}