 
 {"id":3673,"date":"2012-10-15T07:57:50","date_gmt":"2012-10-15T07:57:50","guid":{"rendered":"http:\/\/atelierclermontfilmfest.wordpress.com\/?page_id=2"},"modified":"2021-03-24T21:26:58","modified_gmt":"2021-03-24T20:26:58","slug":"about-2","status":"publish","type":"page","link":"https:\/\/atelier-filmfest.com\/archives\/about-2\/","title":{"rendered":"L&rsquo;Atelier"},"content":{"rendered":"<p><!--:fr--><\/p>\n<p style=\"text-align: left;\"><strong><strong>\u00a0 \u00a0\u00c9cole \u00e9ph\u00e9m\u00e8re du\u00a0<a href=\"http:\/\/www.atelier-filmfest.com\/wp-content\/uploads\/2012\/10\/lATELIER-site.jpg\">Festival du court m\u00e9trage de Clermont-Ferrand<br \/>\n<\/a><\/strong><\/strong><\/p>\n<p><iframe loading=\"lazy\" src=\"\/\/player.vimeo.com\/video\/86037429?title=0&amp;byline=0&amp;portrait=0\" width=\"500\" height=\"281\" frameborder=\"0\" allowfullscreen=\"allowfullscreen\"><\/iframe><\/p>\n<p style=\"text-align: left;\"><strong>Retrouvez l&rsquo;Atelier dans <a title=\"reportage de TV8\" href=\"http:\/\/www.clermont-ferrand.fr\/spip.php?page=video-une&amp;id_article=18166\" target=\"_blank\" rel=\"noopener\">le reportage r\u00e9alis\u00e9 par TV8<\/a><\/strong><\/p>\n<!-- Rendered by FancyBox without labels BEGIN -->\n\n\t<style type=\"text\/css\">\n\t\t\t\t\t#gallery-0 {\n\t\t\t\t\t\tmargin: auto;\n\t\t\t\t\t}\n\t\t\t\t\t#gallery-0 .gallery-item {\n\t\t\t\t\t\tfloat: left;\n\t\t\t\t\t\tmargin-top: 10px;\n\t\t\t\t\t\ttext-align: center;\n\t\t\t\t\t\twidth: 32%;\n\t\t\t\t\t}\n\t\t\t\t\t#gallery-0 img {\n\t\t\t\t\t\tborder: 2px solid #cfcfcf;\n\t\t\t\t\t}\n\t\t\t\t\t#gallery-0 .gallery-caption {\n\t\t\t\t\t\tmargin-left: 0;\n\t\t\t\t\t}\n\t<\/style>\n<script type=\"text\/javascript\">\n$(document).ready(function() {\n\t\/*\n\t *  Simple image gallery. Uses default settings\n\t *\/\n\n\t$(\".fancybox\").fancybox({\n\t\t\"transitionIn\"\t\t: \"none\",\n\t\t\"transitionOut\"\t\t: \"none\",\n\t\t\"titlePosition\" \t: \"over\"\n\n\t});\n});\n<\/script>\n\n\t<div id=\"gallery-0\" class=\"gallery galleryid-0 gallery-size-thumbnail\" style=\"\"><dl class=\"gallery-item\"><dt class=\"gallery-icon\">\n\t\t<a class=\"fancybox\" href=\"https:\/\/atelier-filmfest.com\/archives\/wp-content\/uploads\/2012\/10\/DSC7867-1024x681.jpg\" rel=\"gallery-0\"><img width=\"150\" height=\"150\" class=\"attachment-thumbnail\" alt=\"\" src=\"https:\/\/atelier-filmfest.com\/archives\/wp-content\/uploads\/2012\/10\/DSC7867-150x150.jpg\" \/><\/a><\/dt><\/dl>\n\n<dl class=\"gallery-item\"><dt class=\"gallery-icon\">\n\t\t<a class=\"fancybox\" href=\"https:\/\/atelier-filmfest.com\/archives\/wp-content\/uploads\/2014\/02\/DSC7952-1024x681.jpg\" rel=\"gallery-0\"><img width=\"150\" height=\"150\" class=\"attachment-thumbnail\" alt=\"\" src=\"https:\/\/atelier-filmfest.com\/archives\/wp-content\/uploads\/2014\/02\/DSC7952-150x150.jpg\" \/><\/a><\/dt><\/dl>\n\n<dl class=\"gallery-item\"><dt class=\"gallery-icon\">\n\t\t<a class=\"fancybox\" href=\"https:\/\/atelier-filmfest.com\/archives\/wp-content\/uploads\/2014\/02\/DSC7930-1024x681.jpg\" rel=\"gallery-0\"><img width=\"150\" height=\"150\" class=\"attachment-thumbnail\" alt=\"\" src=\"https:\/\/atelier-filmfest.com\/archives\/wp-content\/uploads\/2014\/02\/DSC7930-150x150.jpg\" \/><\/a><\/dt><\/dl>\n\n<dl class=\"gallery-item\"><dt class=\"gallery-icon\">\n\t\t<a class=\"fancybox\" href=\"https:\/\/atelier-filmfest.com\/archives\/wp-content\/uploads\/2014\/02\/DSC7883-681x1024.jpg\" rel=\"gallery-0\"><img width=\"150\" height=\"150\" class=\"attachment-thumbnail\" alt=\"\" src=\"https:\/\/atelier-filmfest.com\/archives\/wp-content\/uploads\/2014\/02\/DSC7883-150x150.jpg\" \/><\/a><\/dt><\/dl>\n\n<dl class=\"gallery-item\"><dt class=\"gallery-icon\">\n\t\t<a class=\"fancybox\" href=\"https:\/\/atelier-filmfest.com\/archives\/wp-content\/uploads\/2014\/02\/DSC7874-1024x681.jpg\" rel=\"gallery-0\"><img width=\"150\" height=\"150\" class=\"attachment-thumbnail\" alt=\"\" src=\"https:\/\/atelier-filmfest.com\/archives\/wp-content\/uploads\/2014\/02\/DSC7874-150x150.jpg\" \/><\/a><\/dt><\/dl>\n\n<dl class=\"gallery-item\"><dt class=\"gallery-icon\">\n\t\t<a class=\"fancybox\" href=\"https:\/\/atelier-filmfest.com\/archives\/wp-content\/uploads\/2014\/02\/DSC7852-1024x681.jpg\" rel=\"gallery-0\"><img width=\"150\" height=\"150\" class=\"attachment-thumbnail\" alt=\"\" src=\"https:\/\/atelier-filmfest.com\/archives\/wp-content\/uploads\/2014\/02\/DSC7852-150x150.jpg\" \/><\/a><\/dt><\/dl>\n\n<dl class=\"gallery-item\"><dt class=\"gallery-icon\">\n\t\t<a class=\"fancybox\" href=\"https:\/\/atelier-filmfest.com\/archives\/wp-content\/uploads\/2012\/10\/DSC7832-1024x681.jpg\" rel=\"gallery-0\"><img width=\"150\" height=\"150\" class=\"attachment-thumbnail\" alt=\"\" src=\"https:\/\/atelier-filmfest.com\/archives\/wp-content\/uploads\/2012\/10\/DSC7832-150x150.jpg\" \/><\/a><\/dt><\/dl>\n\n<dl class=\"gallery-item\"><dt class=\"gallery-icon\">\n\t\t<a class=\"fancybox\" href=\"https:\/\/atelier-filmfest.com\/archives\/wp-content\/uploads\/2012\/10\/DSC7834-1024x681.jpg\" rel=\"gallery-0\"><img width=\"150\" height=\"150\" class=\"attachment-thumbnail\" alt=\"\" src=\"https:\/\/atelier-filmfest.com\/archives\/wp-content\/uploads\/2012\/10\/DSC7834-150x150.jpg\" \/><\/a><\/dt><\/dl>\n\n<dl class=\"gallery-item\"><dt class=\"gallery-icon\">\n\t\t<a class=\"fancybox\" href=\"https:\/\/atelier-filmfest.com\/archives\/wp-content\/uploads\/2012\/10\/DSC7842-1024x681.jpg\" rel=\"gallery-0\"><img width=\"150\" height=\"150\" class=\"attachment-thumbnail\" alt=\"\" src=\"https:\/\/atelier-filmfest.com\/archives\/wp-content\/uploads\/2012\/10\/DSC7842-150x150.jpg\" \/><\/a><\/dt><\/dl>\n\n<dl class=\"gallery-item\"><dt class=\"gallery-icon\">\n\t\t<a class=\"fancybox\" href=\"https:\/\/atelier-filmfest.com\/archives\/wp-content\/uploads\/2012\/10\/DSC7851-1024x681.jpg\" rel=\"gallery-0\"><img width=\"150\" height=\"150\" class=\"attachment-thumbnail\" alt=\"\" src=\"https:\/\/atelier-filmfest.com\/archives\/wp-content\/uploads\/2012\/10\/DSC7851-150x150.jpg\" \/><\/a><\/dt><\/dl>\n\n<dl class=\"gallery-item\"><dt class=\"gallery-icon\">\n\t\t<a class=\"fancybox\" href=\"https:\/\/atelier-filmfest.com\/archives\/wp-content\/uploads\/2012\/10\/DSC7852-1024x681.jpg\" rel=\"gallery-0\"><img width=\"150\" height=\"150\" class=\"attachment-thumbnail\" alt=\"\" src=\"https:\/\/atelier-filmfest.com\/archives\/wp-content\/uploads\/2012\/10\/DSC7852-150x150.jpg\" \/><\/a><\/dt><\/dl>\n\n<dl class=\"gallery-item\"><dt class=\"gallery-icon\">\n\t\t<a class=\"fancybox\" href=\"https:\/\/atelier-filmfest.com\/archives\/wp-content\/uploads\/2012\/10\/DSC7858-681x1024.jpg\" rel=\"gallery-0\"><img width=\"150\" height=\"150\" class=\"attachment-thumbnail\" alt=\"\" src=\"https:\/\/atelier-filmfest.com\/archives\/wp-content\/uploads\/2012\/10\/DSC7858-150x150.jpg\" \/><\/a><\/dt><\/dl>\n\n<dl class=\"gallery-item\"><dt class=\"gallery-icon\">\n\t\t<a class=\"fancybox\" href=\"https:\/\/atelier-filmfest.com\/archives\/wp-content\/uploads\/2012\/10\/DSC7863-681x1024.jpg\" rel=\"gallery-0\"><img width=\"150\" height=\"150\" class=\"attachment-thumbnail\" alt=\"\" src=\"https:\/\/atelier-filmfest.com\/archives\/wp-content\/uploads\/2012\/10\/DSC7863-150x150.jpg\" \/><\/a><\/dt><\/dl>\n\n<dl class=\"gallery-item\"><dt class=\"gallery-icon\">\n\t\t<a class=\"fancybox\" href=\"https:\/\/atelier-filmfest.com\/archives\/wp-content\/uploads\/2012\/10\/DSC7865-1024x681.jpg\" rel=\"gallery-0\"><img width=\"150\" height=\"150\" class=\"attachment-thumbnail\" alt=\"\" src=\"https:\/\/atelier-filmfest.com\/archives\/wp-content\/uploads\/2012\/10\/DSC7865-150x150.jpg\" \/><\/a><\/dt><\/dl>\n\n<dl class=\"gallery-item\"><dt class=\"gallery-icon\">\n\t\t<a class=\"fancybox\" href=\"https:\/\/atelier-filmfest.com\/archives\/wp-content\/uploads\/2012\/10\/DSC78741-1024x681.jpg\" rel=\"gallery-0\"><img width=\"150\" height=\"150\" class=\"attachment-thumbnail\" alt=\"\" src=\"https:\/\/atelier-filmfest.com\/archives\/wp-content\/uploads\/2012\/10\/DSC78741-150x150.jpg\" \/><\/a><\/dt><\/dl>\n\n<dl class=\"gallery-item\"><dt class=\"gallery-icon\">\n\t\t<a class=\"fancybox\" href=\"https:\/\/atelier-filmfest.com\/archives\/wp-content\/uploads\/2012\/10\/DSC7883-681x1024.jpg\" rel=\"gallery-0\"><img width=\"150\" height=\"150\" class=\"attachment-thumbnail\" alt=\"\" src=\"https:\/\/atelier-filmfest.com\/archives\/wp-content\/uploads\/2012\/10\/DSC7883-150x150.jpg\" \/><\/a><\/dt><\/dl>\n\n<dl class=\"gallery-item\"><dt class=\"gallery-icon\">\n\t\t<a class=\"fancybox\" href=\"https:\/\/atelier-filmfest.com\/archives\/wp-content\/uploads\/2012\/10\/DSC7913-1024x681.jpg\" rel=\"gallery-0\"><img width=\"150\" height=\"150\" class=\"attachment-thumbnail\" alt=\"\" src=\"https:\/\/atelier-filmfest.com\/archives\/wp-content\/uploads\/2012\/10\/DSC7913-150x150.jpg\" \/><\/a><\/dt><\/dl>\n\n<dl class=\"gallery-item\"><dt class=\"gallery-icon\">\n\t\t<a class=\"fancybox\" href=\"https:\/\/atelier-filmfest.com\/archives\/wp-content\/uploads\/2012\/10\/DSC7905-1024x681.jpg\" rel=\"gallery-0\"><img width=\"150\" height=\"150\" class=\"attachment-thumbnail\" alt=\"\" src=\"https:\/\/atelier-filmfest.com\/archives\/wp-content\/uploads\/2012\/10\/DSC7905-150x150.jpg\" \/><\/a><\/dt><\/dl>\n\n<dl class=\"gallery-item\"><dt class=\"gallery-icon\">\n\t\t<a class=\"fancybox\" href=\"https:\/\/atelier-filmfest.com\/archives\/wp-content\/uploads\/2012\/10\/DSC7930-1024x681.jpg\" rel=\"gallery-0\"><img width=\"150\" height=\"150\" class=\"attachment-thumbnail\" alt=\"\" src=\"https:\/\/atelier-filmfest.com\/archives\/wp-content\/uploads\/2012\/10\/DSC7930-150x150.jpg\" \/><\/a><\/dt><\/dl>\n\n<dl class=\"gallery-item\"><dt class=\"gallery-icon\">\n\t\t<a class=\"fancybox\" href=\"https:\/\/atelier-filmfest.com\/archives\/wp-content\/uploads\/2012\/10\/DSC7952-1024x681.jpg\" rel=\"gallery-0\"><img width=\"150\" height=\"150\" class=\"attachment-thumbnail\" alt=\"\" src=\"https:\/\/atelier-filmfest.com\/archives\/wp-content\/uploads\/2012\/10\/DSC7952-150x150.jpg\" \/><\/a><\/dt><\/dl>\n\n<dl class=\"gallery-item\"><dt class=\"gallery-icon\">\n\t\t<a class=\"fancybox\" href=\"https:\/\/atelier-filmfest.com\/archives\/wp-content\/uploads\/2012\/10\/DSC7969-1024x681.jpg\" rel=\"gallery-0\"><img width=\"150\" height=\"150\" class=\"attachment-thumbnail\" alt=\"\" src=\"https:\/\/atelier-filmfest.com\/archives\/wp-content\/uploads\/2012\/10\/DSC7969-150x150.jpg\" \/><\/a><\/dt><\/dl>\n\n<dl class=\"gallery-item\"><dt class=\"gallery-icon\">\n\t\t<a class=\"fancybox\" href=\"https:\/\/atelier-filmfest.com\/archives\/wp-content\/uploads\/2012\/10\/DSC7979-681x1024.jpg\" rel=\"gallery-0\"><img width=\"150\" height=\"150\" class=\"attachment-thumbnail\" alt=\"\" src=\"https:\/\/atelier-filmfest.com\/archives\/wp-content\/uploads\/2012\/10\/DSC7979-150x150.jpg\" \/><\/a><\/dt><\/dl>\n\n<dl class=\"gallery-item\"><dt class=\"gallery-icon\">\n\t\t<a class=\"fancybox\" href=\"https:\/\/atelier-filmfest.com\/archives\/wp-content\/uploads\/2012\/10\/DSC8007-1024x681.jpg\" rel=\"gallery-0\"><img width=\"150\" height=\"150\" class=\"attachment-thumbnail\" alt=\"\" src=\"https:\/\/atelier-filmfest.com\/archives\/wp-content\/uploads\/2012\/10\/DSC8007-150x150.jpg\" \/><\/a><\/dt><\/dl>\n\n<dl class=\"gallery-item\"><dt class=\"gallery-icon\">\n\t\t<a class=\"fancybox\" href=\"https:\/\/atelier-filmfest.com\/archives\/wp-content\/uploads\/2012\/10\/DSC8058-1024x681.jpg\" rel=\"gallery-0\"><img width=\"150\" height=\"150\" class=\"attachment-thumbnail\" alt=\"\" src=\"https:\/\/atelier-filmfest.com\/archives\/wp-content\/uploads\/2012\/10\/DSC8058-150x150.jpg\" \/><\/a><\/dt><\/dl>\n\n<dl class=\"gallery-item\"><dt class=\"gallery-icon\">\n\t\t<a class=\"fancybox\" href=\"https:\/\/atelier-filmfest.com\/archives\/wp-content\/uploads\/2012\/10\/DSC8065-681x1024.jpg\" rel=\"gallery-0\"><img width=\"150\" height=\"150\" class=\"attachment-thumbnail\" alt=\"\" src=\"https:\/\/atelier-filmfest.com\/archives\/wp-content\/uploads\/2012\/10\/DSC8065-150x150.jpg\" \/><\/a><\/dt><\/dl>\n\n<dl class=\"gallery-item\"><dt class=\"gallery-icon\">\n\t\t<a class=\"fancybox\" href=\"https:\/\/atelier-filmfest.com\/archives\/wp-content\/uploads\/2012\/10\/DSC80283-681x1024.jpg\" rel=\"gallery-0\"><img width=\"150\" height=\"150\" class=\"attachment-thumbnail\" alt=\"\" src=\"https:\/\/atelier-filmfest.com\/archives\/wp-content\/uploads\/2012\/10\/DSC80283-150x150.jpg\" \/><\/a><\/dt><\/dl>\n\n<dl class=\"gallery-item\"><dt class=\"gallery-icon\">\n\t\t<a class=\"fancybox\" href=\"https:\/\/atelier-filmfest.com\/archives\/wp-content\/uploads\/2012\/10\/DSC8067-681x1024.jpg\" rel=\"gallery-0\"><img width=\"150\" height=\"150\" class=\"attachment-thumbnail\" alt=\"\" src=\"https:\/\/atelier-filmfest.com\/archives\/wp-content\/uploads\/2012\/10\/DSC8067-150x150.jpg\" \/><\/a><\/dt><\/dl>\n\n<dl class=\"gallery-item\"><dt class=\"gallery-icon\">\n\t\t<a class=\"fancybox\" href=\"https:\/\/atelier-filmfest.com\/archives\/wp-content\/uploads\/2012\/10\/DSC8072-1024x681.jpg\" rel=\"gallery-0\"><img width=\"150\" height=\"150\" class=\"attachment-thumbnail\" alt=\"\" src=\"https:\/\/atelier-filmfest.com\/archives\/wp-content\/uploads\/2012\/10\/DSC8072-150x150.jpg\" \/><\/a><\/dt><\/dl>\n\n<dl class=\"gallery-item\"><dt class=\"gallery-icon\">\n\t\t<a class=\"fancybox\" href=\"https:\/\/atelier-filmfest.com\/archives\/wp-content\/uploads\/2012\/10\/DSC8075-1024x681.jpg\" rel=\"gallery-0\"><img width=\"150\" height=\"150\" class=\"attachment-thumbnail\" alt=\"\" src=\"https:\/\/atelier-filmfest.com\/archives\/wp-content\/uploads\/2012\/10\/DSC8075-150x150.jpg\" \/><\/a><\/dt><\/dl>\n\n<dl class=\"gallery-item\"><dt class=\"gallery-icon\">\n\t\t<a class=\"fancybox\" href=\"https:\/\/atelier-filmfest.com\/archives\/wp-content\/uploads\/2012\/10\/DSC80811-1024x681.jpg\" rel=\"gallery-0\"><img width=\"150\" height=\"150\" class=\"attachment-thumbnail\" alt=\"\" src=\"https:\/\/atelier-filmfest.com\/archives\/wp-content\/uploads\/2012\/10\/DSC80811-150x150.jpg\" \/><\/a><\/dt><\/dl>\n\n<dl class=\"gallery-item\"><dt class=\"gallery-icon\">\n\t\t<a class=\"fancybox\" href=\"https:\/\/atelier-filmfest.com\/archives\/wp-content\/uploads\/2012\/10\/DSC8090-1024x681.jpg\" rel=\"gallery-0\"><img width=\"150\" height=\"150\" class=\"attachment-thumbnail\" alt=\"\" src=\"https:\/\/atelier-filmfest.com\/archives\/wp-content\/uploads\/2012\/10\/DSC8090-150x150.jpg\" \/><\/a><\/dt><\/dl>\n\n<dl class=\"gallery-item\"><dt class=\"gallery-icon\">\n\t\t<a class=\"fancybox\" href=\"https:\/\/atelier-filmfest.com\/archives\/wp-content\/uploads\/2012\/10\/DSC8094-1024x681.jpg\" rel=\"gallery-0\"><img width=\"150\" height=\"150\" class=\"attachment-thumbnail\" alt=\"\" src=\"https:\/\/atelier-filmfest.com\/archives\/wp-content\/uploads\/2012\/10\/DSC8094-150x150.jpg\" \/><\/a><\/dt><\/dl>\n\n<dl class=\"gallery-item\"><dt class=\"gallery-icon\">\n\t\t<a class=\"fancybox\" href=\"https:\/\/atelier-filmfest.com\/archives\/wp-content\/uploads\/2012\/10\/DSC8046-1024x681.jpg\" rel=\"gallery-0\"><img width=\"150\" height=\"150\" class=\"attachment-thumbnail\" alt=\"\" src=\"https:\/\/atelier-filmfest.com\/archives\/wp-content\/uploads\/2012\/10\/DSC8046-150x150.jpg\" \/><\/a><\/dt><\/dl>\n\n<\/div><br clear=\"all\" \/><!-- Rendered by FancyBox without labels END -->\n\n<p style=\"text-align: justify;\">\u00c0 la crois\u00e9e des m\u00e9tiers, des techniques, des d\u00e9sirs et des \u00e9critures du cin\u00e9ma, l&rsquo;Atelier en est l\u2019\u00e9cole \u00e9ph\u00e9m\u00e8re, chaque ann\u00e9e, \u00e0 l\u2019occasion du Festival du court m\u00e9trage de Clermont-Ferrand.<\/p>\n<p style=\"text-align: justify;\">Ecoles de cin\u00e9ma, studios de cr\u00e9ation, centres de formation aux m\u00e9tiers de l\u2019image et du son s\u2019y m\u00ealent pour t\u00e9moigner et faire vivre, en direct, la fabrique des films.<\/p>\n<p style=\"text-align: justify;\">Cinq jours durant, le plateau de tournage vit au rythme des sc\u00e8nes tourn\u00e9es, d\u00e9coup\u00e9es, mont\u00e9es avec toute sa m\u00e9nagerie de r\u00e9alisateur, d\u2019assistants, de photographes, de cadreurs, de monteurs, de truqueurs, de monteurs, de preneurs et d\u2019ing\u00e9nieurs du son, de sound designers, de mixeurs, d\u2019animateurs, de graphistes 2D et 3D, de directeurs de post prod\u2019, d\u2019infographistes, de superviseurs d\u2019effets sp\u00e9ciaux, d\u2019infographistes 3D, de st\u00e9r\u00e9ographes, de d\u00e9corateurs, d\u2019acteurs\u2026<\/p>\n<p style=\"text-align: justify;\">Tout au long de la semaine du Court, l&rsquo;Atelier dit le d\u00e9sordre et l\u2019ordre, la rigueur et la fantaisie, le r\u00eave et la r\u00e9alit\u00e9, l\u2019obscur et la lumi\u00e8re, les cendres et les \u00e9tincelles du cin\u00e9ma, son artisanat, sa technologie sophistiqu\u00e9e, son art, sa nuit et son jour, son envers et son endroit devant et derri\u00e8re l\u2019\u00e9cran.<\/p>\n<p style=\"text-align: justify;\">L&rsquo;Atelier est au c\u0153ur du secret de la fabrication des films. Il en d\u00e9voile les \u00e9tapes de leur cr\u00e9ation. Il invite \u00e0 y rentrer pour voir, apprendre, apprendre \u00e0 voir, regarder, \u00e9couter, poser des questions, puis essayer \u00e0 son tour.<\/p>\n<p style=\"text-align: justify;\">D.M.<\/p>\n<p style=\"text-align: justify;\">R\u00e9servation pour les groupes aupr\u00e8s de J\u00e9r\u00f4me Ters 04 73 14 73 13 et Jacques Pouillet 04 73 34 71 70.<\/p>\n<p><img decoding=\"async\" loading=\"lazy\" class=\"wp-image-2929 alignleft\" src=\"http:\/\/ns203004.ovh.net\/%7Eatelfilm\/wp-content\/uploads\/2012\/10\/adobelogo-e1386252821573.gif\" alt=\"adobelogo\" width=\"163\" height=\"131\" \/><\/p>\n<p>&nbsp;<\/p>\n<p>&nbsp;<!--:--><\/p>\n","protected":false},"excerpt":{"rendered":"<p>\u00a0 \u00a0\u00c9cole \u00e9ph\u00e9m\u00e8re du\u00a0Festival du court m\u00e9trage de Clermont-Ferrand Retrouvez l&rsquo;Atelier dans le reportage r\u00e9alis\u00e9 par TV8 \u00c0 la crois\u00e9e des m\u00e9tiers, des techniques, des d\u00e9sirs et des \u00e9critures du cin\u00e9ma, l&rsquo;Atelier en est l\u2019\u00e9cole \u00e9ph\u00e9m\u00e8re, chaque ann\u00e9e, \u00e0 l\u2019occasion du Festival du court m\u00e9trage de Clermont-Ferrand. Ecoles de cin\u00e9ma,&#8230;<\/p>\n<p><a class='more-link' href='https:\/\/atelier-filmfest.com\/archives\/about-2\/'><span class='screen-reader-text'>L&rsquo;Atelier<\/span><\/a><\/p>","protected":false},"author":3,"featured_media":826,"parent":0,"menu_order":0,"comment_status":"closed","ping_status":"open","template":"","meta":[],"_links":{"self":[{"href":"https:\/\/atelier-filmfest.com\/archives\/wp-json\/wp\/v2\/pages\/3673"}],"collection":[{"href":"https:\/\/atelier-filmfest.com\/archives\/wp-json\/wp\/v2\/pages"}],"about":[{"href":"https:\/\/atelier-filmfest.com\/archives\/wp-json\/wp\/v2\/types\/page"}],"author":[{"embeddable":true,"href":"https:\/\/atelier-filmfest.com\/archives\/wp-json\/wp\/v2\/users\/3"}],"replies":[{"embeddable":true,"href":"https:\/\/atelier-filmfest.com\/archives\/wp-json\/wp\/v2\/comments?post=3673"}],"version-history":[{"count":1,"href":"https:\/\/atelier-filmfest.com\/archives\/wp-json\/wp\/v2\/pages\/3673\/revisions"}],"predecessor-version":[{"id":6123,"href":"https:\/\/atelier-filmfest.com\/archives\/wp-json\/wp\/v2\/pages\/3673\/revisions\/6123"}],"wp:featuredmedia":[{"embeddable":true,"href":"https:\/\/atelier-filmfest.com\/archives\/wp-json\/"}],"wp:attachment":[{"href":"https:\/\/atelier-filmfest.com\/archives\/wp-json\/wp\/v2\/media?parent=3673"}],"curies":[{"name":"wp","href":"https:\/\/api.w.org\/{rel}","templated":true}]}}