 
 {"id":3979,"date":"2015-10-28T11:31:54","date_gmt":"2015-10-28T10:31:54","guid":{"rendered":"http:\/\/atelier-filmfest.com\/?page_id=3979"},"modified":"2021-03-24T21:26:58","modified_gmt":"2021-03-24T20:26:58","slug":"bac-pro-photo-lycee-lafayette","status":"publish","type":"page","link":"https:\/\/atelier-filmfest.com\/archives\/bac-pro-photo-lycee-lafayette\/","title":{"rendered":"Studio Photo Lyc\u00e9e La Fayette"},"content":{"rendered":"<p style=\"text-align: justify;\"><img decoding=\"async\" loading=\"lazy\" class=\"aligncenter size-full wp-image-4522\" src=\"http:\/\/atelier-filmfest.com\/wp-content\/uploads\/2015\/10\/lycee-lafayette-photo-v2.jpg\" alt=\"lycee-lafayette-photo-v2\" width=\"5184\" height=\"3456\" srcset=\"https:\/\/atelier-filmfest.com\/archives\/wp-content\/uploads\/2015\/10\/lycee-lafayette-photo-v2.jpg 1200w, https:\/\/atelier-filmfest.com\/archives\/wp-content\/uploads\/2015\/10\/lycee-lafayette-photo-v2-300x200.jpg 300w, https:\/\/atelier-filmfest.com\/archives\/wp-content\/uploads\/2015\/10\/lycee-lafayette-photo-v2-768x512.jpg 768w, https:\/\/atelier-filmfest.com\/archives\/wp-content\/uploads\/2015\/10\/lycee-lafayette-photo-v2-1024x683.jpg 1024w, https:\/\/atelier-filmfest.com\/archives\/wp-content\/uploads\/2015\/10\/lycee-lafayette-photo-v2-525x350.jpg 525w\" sizes=\"(max-width: 5184px) 100vw, 5184px\" \/><\/p>\n<p>Le P\u00f4le Plurim\u00e9dia du lyc\u00e9e La Fayette de Clermont-Ferrand r\u00e9unit les m\u00e9tiers de communication tels que l\u2019imprimerie, la communication visuelle, la photographie&#8230;<\/p>\n<p>Le bac professionnel photographie en 3 ans est une formation tr\u00e8s demand\u00e9e, seuls 15 \u00e9l\u00e8ves peuvent int\u00e9grer cette section.<\/p>\n<p>Le titulaire de ce dipl\u00f4me est capable de monter des projets en tenant compte des aspects artistiques, techniques et financiers. En prises de vue comme en traitement et tirages d\u2019images il maitrise les diff\u00e9rents types de photographies comme la mode, le portrait, le culinaire, le reportage et ainsi que les bases de l\u2019image anim\u00e9e.<\/p>\n<p>Lors de cette semaine, 4 de nos lyc\u00e9ens animent un studio avec diff\u00e9rents th\u00e8mes dont : le culinaire, la mode, le portrait et photos de groupes sur le th\u00e8me de la \u00ab\u00a0ruralit\u00e9\u00a0\u00bb.<\/p>\n<p>Ils se chargeront \u00e9galement de r\u00e9aliser plusieurs reportages photos au sein de l\u2019atelier.<\/p>\n<p>&nbsp;<\/p>\n<ul>\n<li>En savoir plus :\u00a0<strong><a style=\"font-size: 1em;\" href=\"http:\/\/pole-plurimedia.fr\/clermont\/\">Site internet du P\u00f4le Plurim\u00e9dia du Lyc\u00e9e Lafayette<\/a><\/strong><\/li>\n<\/ul>\n<p>&nbsp;<\/p>\n<p style=\"text-align: justify;\"><img decoding=\"async\" loading=\"lazy\" class=\"aligncenter size-full wp-image-4521\" src=\"http:\/\/atelier-filmfest.com\/wp-content\/uploads\/2015\/10\/lycee-lafayette-logo-v2.png\" alt=\"lycee-lafayette-logo-v2\" width=\"200\" height=\"116\" \/><\/p>\n","protected":false},"excerpt":{"rendered":"<p>Le P\u00f4le Plurim\u00e9dia du lyc\u00e9e La Fayette de Clermont-Ferrand r\u00e9unit les m\u00e9tiers de communication tels que l\u2019imprimerie, la communication visuelle, la photographie&#8230; Le bac professionnel photographie en 3 ans est une formation tr\u00e8s demand\u00e9e, seuls 15 \u00e9l\u00e8ves peuvent int\u00e9grer cette section. Le titulaire de ce dipl\u00f4me est capable de monter&#8230;<\/p>\n<p><a class='more-link' href='https:\/\/atelier-filmfest.com\/archives\/bac-pro-photo-lycee-lafayette\/'><span class='screen-reader-text'>Studio Photo Lyc\u00e9e La Fayette<\/span><\/a><\/p>","protected":false},"author":6,"featured_media":0,"parent":0,"menu_order":0,"comment_status":"closed","ping_status":"open","template":"","meta":[],"_links":{"self":[{"href":"https:\/\/atelier-filmfest.com\/archives\/wp-json\/wp\/v2\/pages\/3979"}],"collection":[{"href":"https:\/\/atelier-filmfest.com\/archives\/wp-json\/wp\/v2\/pages"}],"about":[{"href":"https:\/\/atelier-filmfest.com\/archives\/wp-json\/wp\/v2\/types\/page"}],"author":[{"embeddable":true,"href":"https:\/\/atelier-filmfest.com\/archives\/wp-json\/wp\/v2\/users\/6"}],"replies":[{"embeddable":true,"href":"https:\/\/atelier-filmfest.com\/archives\/wp-json\/wp\/v2\/comments?post=3979"}],"version-history":[{"count":1,"href":"https:\/\/atelier-filmfest.com\/archives\/wp-json\/wp\/v2\/pages\/3979\/revisions"}],"predecessor-version":[{"id":6134,"href":"https:\/\/atelier-filmfest.com\/archives\/wp-json\/wp\/v2\/pages\/3979\/revisions\/6134"}],"wp:attachment":[{"href":"https:\/\/atelier-filmfest.com\/archives\/wp-json\/wp\/v2\/media?parent=3979"}],"curies":[{"name":"wp","href":"https:\/\/api.w.org\/{rel}","templated":true}]}}