 
 {"id":410,"date":"2012-10-19T15:39:19","date_gmt":"2012-10-19T14:39:19","guid":{"rendered":"http:\/\/atelierclermontfilmfest.wordpress.com\/?page_id=410"},"modified":"2021-03-24T21:26:58","modified_gmt":"2021-03-24T20:26:58","slug":"atelier-prise-de-vues","status":"publish","type":"page","link":"https:\/\/atelier-filmfest.com\/archives\/archives-2\/2010-2\/lapinsbleu\/atelier-prise-de-vues\/","title":{"rendered":"Atelier test des reflexs vid\u00e9o"},"content":{"rendered":"<p>L\u2019\u00e9quipe de lapins bleus formation r\u00e9alisera chaque jour un sujet destin\u00e9 au web sur l\u2019actualit\u00e9 du festival.\u2028Il s\u2019agira de donner la parole aux festivaliers : ils seront invit\u00e9s \u00e0 nous livrer leurs souvenirs de spectateurs, leurs anecdotes de tournage et \u00e0 nous pr\u00e9senter le m\u00e9tier qu\u2019ils exercent dans le cin\u00e9ma. Chaque jour, un journaliste reporter d\u2019images partira \u00e0 leur rencontre pour r\u00e9aliser un reportage de 2 \u00e0 3 minutes.<\/p>\n","protected":false},"excerpt":{"rendered":"<p>L\u2019\u00e9quipe de lapins bleus formation r\u00e9alisera chaque jour un sujet destin\u00e9 au web sur l\u2019actualit\u00e9 du festival.\u2028Il s\u2019agira de donner la parole aux festivaliers : ils seront invit\u00e9s \u00e0 nous livrer leurs souvenirs de spectateurs, leurs anecdotes de tournage et \u00e0 nous pr\u00e9senter le m\u00e9tier qu\u2019ils exercent dans le cin\u00e9ma.&#8230;<\/p>\n<p><a class='more-link' href='https:\/\/atelier-filmfest.com\/archives\/archives-2\/2010-2\/lapinsbleu\/atelier-prise-de-vues\/'><span class='screen-reader-text'>Atelier test des reflexs vid\u00e9o<\/span><\/a><\/p>","protected":false},"author":3,"featured_media":0,"parent":364,"menu_order":1,"comment_status":"closed","ping_status":"closed","template":"","meta":[],"_links":{"self":[{"href":"https:\/\/atelier-filmfest.com\/archives\/wp-json\/wp\/v2\/pages\/410"}],"collection":[{"href":"https:\/\/atelier-filmfest.com\/archives\/wp-json\/wp\/v2\/pages"}],"about":[{"href":"https:\/\/atelier-filmfest.com\/archives\/wp-json\/wp\/v2\/types\/page"}],"author":[{"embeddable":true,"href":"https:\/\/atelier-filmfest.com\/archives\/wp-json\/wp\/v2\/users\/3"}],"replies":[{"embeddable":true,"href":"https:\/\/atelier-filmfest.com\/archives\/wp-json\/wp\/v2\/comments?post=410"}],"version-history":[{"count":1,"href":"https:\/\/atelier-filmfest.com\/archives\/wp-json\/wp\/v2\/pages\/410\/revisions"}],"predecessor-version":[{"id":6080,"href":"https:\/\/atelier-filmfest.com\/archives\/wp-json\/wp\/v2\/pages\/410\/revisions\/6080"}],"up":[{"embeddable":true,"href":"https:\/\/atelier-filmfest.com\/archives\/wp-json\/wp\/v2\/pages\/364"}],"wp:attachment":[{"href":"https:\/\/atelier-filmfest.com\/archives\/wp-json\/wp\/v2\/media?parent=410"}],"curies":[{"name":"wp","href":"https:\/\/api.w.org\/{rel}","templated":true}]}}