 
 {"id":4427,"date":"2016-10-26T10:59:08","date_gmt":"2016-10-26T08:59:08","guid":{"rendered":"http:\/\/atelier-filmfest.com\/?page_id=4427"},"modified":"2021-03-24T21:26:58","modified_gmt":"2021-03-24T20:26:58","slug":"latelier-crea-coeur","status":"publish","type":"page","link":"https:\/\/atelier-filmfest.com\/archives\/latelier-crea-coeur\/","title":{"rendered":"L\u2019Atelier Cr\u00e9a\u2019 C\u0153ur"},"content":{"rendered":"<div class=\"\">\n<div class=\"WordSection1\">\n<div class=\"\">\n<p><em>Cette ann\u00e9e, l\u2019Atelier Cr\u00e9a\u2019C\u0153ur et le Crous de Clermont-Ferrand interviendront sur l\u2019Atelier (\u00e9cole \u00e9ph\u00e9m\u00e8re de Cin\u00e9ma) en apportant diff\u00e9rents accessoires et costumes de sc\u00e8ne pour enrichir les ateliers de tournage qui auront lieu toute la semaine du 5 au 9 f\u00e9vrier.<\/em><\/p>\n<p><strong><img decoding=\"async\" loading=\"lazy\" class=\"aligncenter size-full wp-image-4442\" src=\"http:\/\/atelier-filmfest.com\/wp-content\/uploads\/2016\/10\/creacoeur-6.jpg\" alt=\"creacoeur\" width=\"506\" height=\"535\" srcset=\"https:\/\/atelier-filmfest.com\/archives\/wp-content\/uploads\/2016\/10\/creacoeur-6.jpg 506w, https:\/\/atelier-filmfest.com\/archives\/wp-content\/uploads\/2016\/10\/creacoeur-6-284x300.jpg 284w, https:\/\/atelier-filmfest.com\/archives\/wp-content\/uploads\/2016\/10\/creacoeur-6-331x350.jpg 331w\" sizes=\"(max-width: 506px) 100vw, 506px\" \/><\/strong><\/p>\n<p><strong>L\u2019Atelier Cr\u00e9a\u2019 C\u0153ur <\/strong>est une association qui intervient dans le cadre des activit\u00e9s du <strong>CROUS <\/strong>(Centre R\u00e9gional des \u0152uvres Universitaires et Scolaires) et qui organise des spectacles musicaux m\u00ealant <strong>disciplines artistiques et techniques<\/strong>\u00a0: le chant, la danse, le th\u00e9\u00e2tre, la fabrication de d\u00e9cors et accessoires, la confection de costumes, et la r\u00e9gie son et lumi\u00e8re.<\/p>\n<p>&nbsp;<\/p>\n<\/div>\n<\/div>\n<\/div>\n<div class=\"\" style=\"padding-left: 30px;\">\n<p><img decoding=\"async\" loading=\"lazy\" class=\"wp-image-4430 alignleft\" src=\"http:\/\/atelier-filmfest.com\/wp-content\/uploads\/2016\/10\/crous_logo_clermont_auvergne.jpg\" alt=\"Crous_logo_clermont_auvergne\" width=\"192\" height=\"192\" srcset=\"https:\/\/atelier-filmfest.com\/archives\/wp-content\/uploads\/2016\/10\/crous_logo_clermont_auvergne.jpg 1024w, https:\/\/atelier-filmfest.com\/archives\/wp-content\/uploads\/2016\/10\/crous_logo_clermont_auvergne-150x150.jpg 150w, https:\/\/atelier-filmfest.com\/archives\/wp-content\/uploads\/2016\/10\/crous_logo_clermont_auvergne-300x300.jpg 300w, https:\/\/atelier-filmfest.com\/archives\/wp-content\/uploads\/2016\/10\/crous_logo_clermont_auvergne-768x768.jpg 768w, https:\/\/atelier-filmfest.com\/archives\/wp-content\/uploads\/2016\/10\/crous_logo_clermont_auvergne-350x350.jpg 350w\" sizes=\"(max-width: 192px) 100vw, 192px\" \/><\/p>\n<div class=\"\">\u00a0<span style=\"color: #ffffff;\">g<\/span><\/div>\n<div class=\"\"><strong><span style=\"font-size: small;\"><span class=\"\" lang=\"EN-US\">Contacts<\/span><\/span><\/strong><\/div>\n<div class=\"\"><span style=\"font-size: small;\"><span class=\"\" lang=\"EN-US\">Mail :\u00a0<a class=\"\" href=\"mailto:lateliercreacoeur@gmail.com\">lateliercreacoeur@gmail.com<\/a>\u00a0<\/span><\/span><\/div>\n<div class=\"\"><span style=\"font-size: small;\"><span class=\"\" lang=\"EN-US\">T\u00e9l\u00e9phone : 06.37.13.55.31<\/span><\/span><\/div>\n<div class=\"\">&#8211;<\/div>\n<div class=\"\"><span style=\"font-size: small;\"><span class=\"\" lang=\"EN-US\">Facebook\u00a0:\u00a0<\/span><a class=\"\" href=\"https:\/\/www.facebook.com\/LatelierCreacoeur\/\"><span class=\"\" lang=\"EN-US\">https:\/\/www.facebook.com\/LatelierCreacoeur\/<\/span><\/a><\/span><\/div>\n<div class=\"\"><span style=\"font-size: small;\">Site internet\u00a0:\u00a0<\/span><span style=\"font-size: small;\"><a class=\"\" href=\"http:\/\/www.lateliercreacoeur.com\/\">www.lateliercreacoeur.com<\/a><\/span><\/div>\n<div class=\"\">\u00a0<span style=\"color: #ffffff;\">g<\/span><\/div>\n<div class=\"\">\n<div class=\"\">\u00a0<span style=\"color: #ffffff;\">g<\/span><\/div>\n<div class=\"\">\u00a0<span style=\"color: #ffffff;\">g<\/span><\/div>\n<\/div>\n<\/div>\n<div class=\"\"><\/div>\n<div class=\"\"><\/div>\n<div class=\"\"><\/div>\n","protected":false},"excerpt":{"rendered":"<p>Cette ann\u00e9e, l\u2019Atelier Cr\u00e9a\u2019C\u0153ur et le Crous de Clermont-Ferrand interviendront sur l\u2019Atelier (\u00e9cole \u00e9ph\u00e9m\u00e8re de Cin\u00e9ma) en apportant diff\u00e9rents accessoires et costumes de sc\u00e8ne pour enrichir les ateliers de tournage qui auront lieu toute la semaine du 5 au 9 f\u00e9vrier. L\u2019Atelier Cr\u00e9a\u2019 C\u0153ur est une association qui intervient dans&#8230;<\/p>\n<p><a class='more-link' href='https:\/\/atelier-filmfest.com\/archives\/latelier-crea-coeur\/'><span class='screen-reader-text'>L\u2019Atelier Cr\u00e9a\u2019 C\u0153ur<\/span><\/a><\/p>","protected":false},"author":6,"featured_media":0,"parent":0,"menu_order":0,"comment_status":"closed","ping_status":"closed","template":"","meta":[],"_links":{"self":[{"href":"https:\/\/atelier-filmfest.com\/archives\/wp-json\/wp\/v2\/pages\/4427"}],"collection":[{"href":"https:\/\/atelier-filmfest.com\/archives\/wp-json\/wp\/v2\/pages"}],"about":[{"href":"https:\/\/atelier-filmfest.com\/archives\/wp-json\/wp\/v2\/types\/page"}],"author":[{"embeddable":true,"href":"https:\/\/atelier-filmfest.com\/archives\/wp-json\/wp\/v2\/users\/6"}],"replies":[{"embeddable":true,"href":"https:\/\/atelier-filmfest.com\/archives\/wp-json\/wp\/v2\/comments?post=4427"}],"version-history":[{"count":1,"href":"https:\/\/atelier-filmfest.com\/archives\/wp-json\/wp\/v2\/pages\/4427\/revisions"}],"predecessor-version":[{"id":6125,"href":"https:\/\/atelier-filmfest.com\/archives\/wp-json\/wp\/v2\/pages\/4427\/revisions\/6125"}],"wp:attachment":[{"href":"https:\/\/atelier-filmfest.com\/archives\/wp-json\/wp\/v2\/media?parent=4427"}],"curies":[{"name":"wp","href":"https:\/\/api.w.org\/{rel}","templated":true}]}}