 
 {"id":4858,"date":"2017-10-26T16:40:02","date_gmt":"2017-10-26T14:40:02","guid":{"rendered":"http:\/\/atelier-filmfest.com\/?page_id=4858"},"modified":"2021-03-24T21:26:58","modified_gmt":"2021-03-24T20:26:58","slug":"on-parle-de-nous","status":"publish","type":"page","link":"https:\/\/atelier-filmfest.com\/archives\/on-parle-de-nous\/","title":{"rendered":"On parle de nous !"},"content":{"rendered":"<p>Radio Campus Clermont-Ferrand<\/p>\n<p><iframe loading=\"lazy\" src=\"https:\/\/player.vimeo.com\/video\/224434869\" width=\"640\" height=\"360\" frameborder=\"0\" allowfullscreen=\"allowfullscreen\" data-mce-fragment=\"1\"><\/iframe><\/p>\n<p>France 3 \/ 9h50 le matin<\/p>\n<p><iframe loading=\"lazy\" src=\"\/\/embedftv-a.akamaihd.net\/be9200a40aaf33efa112c39d45562a50\" width=\"544\" height=\"306\" frameborder=\"0\" scrolling=\"no\" allowfullscreen=\"allowfullscreen\" data-mce-fragment=\"1\"><\/iframe><br \/>\n<a href=\"http:\/\/france3-regions.francetvinfo.fr\/auvergne-rhone-alpes\/emissions\/9h50-auvergne-rhone-alpes\" target=\"_blank\" rel=\"noopener\">9h50 le matin en Auvergne Rh\u00f4ne-Alpes<\/a><\/p>\n<p><iframe loading=\"lazy\" src=\"https:\/\/www.facebook.com\/plugins\/video.php?href=https%3A%2F%2Fwww.facebook.com%2Ffrance3auvergne%2Fvideos%2F10154777133615469%2F&amp;show_text=0&amp;width=560\" width=\"560\" height=\"315\" frameborder=\"0\" scrolling=\"no\" allowfullscreen=\"allowfullscreen\" data-mce-fragment=\"1\"><\/iframe><\/p>\n<p>Reportage r\u00e9alis\u00e9 par les \u00e9tudiants de L2 Arts du spectacle de l&rsquo;Universit\u00e9 Clermont Auvergne<\/p>\n<p><iframe loading=\"lazy\" src=\"https:\/\/player.vimeo.com\/video\/204193096\" width=\"640\" height=\"360\" frameborder=\"0\" allowfullscreen=\"allowfullscreen\" data-mce-fragment=\"1\"><\/iframe><\/p>\n<p><a href=\"https:\/\/vimeo.com\/204193096\">Reportage sur L&rsquo;ATELIER-ECOLE EPHEMERE DE CINEMA<\/a> from <a href=\"https:\/\/vimeo.com\/user24468997\">L2 ADS UBP<\/a> on <a href=\"https:\/\/vimeo.com\">Vimeo<\/a>.<\/p>\n","protected":false},"excerpt":{"rendered":"<p>Radio Campus Clermont-Ferrand France 3 \/ 9h50 le matin 9h50 le matin en Auvergne Rh\u00f4ne-Alpes Reportage r\u00e9alis\u00e9 par les \u00e9tudiants de L2 Arts du spectacle de l&rsquo;Universit\u00e9 Clermont Auvergne Reportage sur L&rsquo;ATELIER-ECOLE EPHEMERE DE CINEMA from L2 ADS UBP on Vimeo.<\/p>\n<p><a class='more-link' href='https:\/\/atelier-filmfest.com\/archives\/on-parle-de-nous\/'><span class='screen-reader-text'>On parle de nous !<\/span><\/a><\/p>","protected":false},"author":6,"featured_media":0,"parent":0,"menu_order":0,"comment_status":"closed","ping_status":"closed","template":"","meta":[],"_links":{"self":[{"href":"https:\/\/atelier-filmfest.com\/archives\/wp-json\/wp\/v2\/pages\/4858"}],"collection":[{"href":"https:\/\/atelier-filmfest.com\/archives\/wp-json\/wp\/v2\/pages"}],"about":[{"href":"https:\/\/atelier-filmfest.com\/archives\/wp-json\/wp\/v2\/types\/page"}],"author":[{"embeddable":true,"href":"https:\/\/atelier-filmfest.com\/archives\/wp-json\/wp\/v2\/users\/6"}],"replies":[{"embeddable":true,"href":"https:\/\/atelier-filmfest.com\/archives\/wp-json\/wp\/v2\/comments?post=4858"}],"version-history":[{"count":1,"href":"https:\/\/atelier-filmfest.com\/archives\/wp-json\/wp\/v2\/pages\/4858\/revisions"}],"predecessor-version":[{"id":6130,"href":"https:\/\/atelier-filmfest.com\/archives\/wp-json\/wp\/v2\/pages\/4858\/revisions\/6130"}],"wp:attachment":[{"href":"https:\/\/atelier-filmfest.com\/archives\/wp-json\/wp\/v2\/media?parent=4858"}],"curies":[{"name":"wp","href":"https:\/\/api.w.org\/{rel}","templated":true}]}}