 
 {"id":658,"date":"2012-10-29T09:55:21","date_gmt":"2012-10-29T08:55:21","guid":{"rendered":"http:\/\/atelierclermontfilmfest.wordpress.com\/?page_id=658"},"modified":"2021-03-24T21:26:58","modified_gmt":"2021-03-24T20:26:58","slug":"ens-louis-lumiere","status":"publish","type":"page","link":"https:\/\/atelier-filmfest.com\/archives\/archives-2\/2012-2\/ens-louis-lumiere\/","title":{"rendered":"ENS Louis Lumi\u00e8re"},"content":{"rendered":"<p style=\"text-align: justify;\">Le projet\u00a0:\u00a0<i>Il \u00e9tait une fois\u2026<\/i>\u00a0le relief, avec l\u2019\u00c9cole Nationale Sup\u00e9rieure Louis-Lumi\u00e8re.<\/p>\n<p style=\"text-align: justify;\"><i>Comment cr\u00e9e-t-on une image en relief ? Quelles implications pour les m\u00e9tiers de la r\u00e9alisation, de l\u2019image, du son, de la postproduction ? Qu\u2019est-ce que le m\u00e9tier de st\u00e9r\u00e9ographe ?<\/i><\/p>\n<p style=\"text-align: justify;\">Autant de sujets que nous vous proposons de d\u00e9couvrir sur le plateau de tournage, avec une projection relief en direct des images tourn\u00e9es par les \u00e9tudiants. Ils s\u2019efforceront chaque jour de r\u00e9aliser en 3D des sc\u00e8nes de films connus autour du film \u00ab\u00a0La Mouche\u00a0\u00bb.<\/p>\n<p style=\"text-align: center;\"><a href=\"http:\/\/atelierclermontfilmfest.files.wordpress.com\/2012\/10\/clermont-2012-v11.pdf\"><a href=\"http:\/\/ns203004.ovh.net\/%7Eatelfilm\/wp-content\/uploads\/2012\/10\/Clermont-2012-V1.pdf\">Clermont 2012-V1<\/a><\/a><\/p>\n<p style=\"text-align: center;\"><a href=\"http:\/\/ns203004.ovh.net\/%7Eatelfilm\/wp-content\/uploads\/2012\/10\/Tournage-lundi-30-janvier-decoupage.pdf\">Tournage lundi 30 janvier-decoupage<\/a><\/p>\n<p style=\"text-align: center;\"><a href=\"http:\/\/ns203004.ovh.net\/%7Eatelfilm\/wp-content\/uploads\/2012\/10\/Tournage-lundi-30-janvier-scenario.pdf\">Tournage lundi 30 janvier-scenario<\/a><\/p>\n<p style=\"text-align: center;\"><a href=\"http:\/\/ns203004.ovh.net\/%7Eatelfilm\/wp-content\/uploads\/2012\/10\/Tournage-mardi-31-janvier-depouillement.pdf\">Tournage mardi 31 janvier-depouillement<\/a><\/p>\n<p style=\"text-align: center;\"><a href=\"http:\/\/ns203004.ovh.net\/%7Eatelfilm\/wp-content\/uploads\/2012\/10\/Tournage-mardi-31-janvier-scenario.pdf\">Tournage mardi 31 janvier-scenario<\/a><\/p>\n<p style=\"text-align: center;\"><a href=\"http:\/\/ns203004.ovh.net\/%7Eatelfilm\/wp-content\/uploads\/2012\/10\/Tournage-mercredi-1er-fevrier-depouillement.pdf\">Tournage mercredi 1er fevrier d\u00e9pouillement<\/a><\/p>\n<p style=\"text-align: center;\"><a href=\"http:\/\/ns203004.ovh.net\/%7Eatelfilm\/wp-content\/uploads\/2012\/10\/Tournage-mercredi-1er-f\u00e9vrier-scenario.pdf\">Tournage mercredi 1er f\u00e9vrier-scenario<\/a><\/p>\n<p style=\"text-align: center;\"><a href=\"http:\/\/ns203004.ovh.net\/%7Eatelfilm\/wp-content\/uploads\/2012\/10\/Tournage-jeudi-2-fevrier-depouillement.pdf\">Tournage jeudi 2 fevrier-depouillement<\/a><\/p>\n<p style=\"text-align: center;\"><a href=\"http:\/\/ns203004.ovh.net\/%7Eatelfilm\/wp-content\/uploads\/2012\/10\/Tournage-jeudi-2-fevrier-note-de-realisation.pdf\">Tournage jeudi 2 fevrier-note de r\u00e9alisation<\/a><\/p>\n<p style=\"text-align: center;\"><a href=\"http:\/\/ns203004.ovh.net\/%7Eatelfilm\/wp-content\/uploads\/2012\/10\/Tournage-vendredi-3-fevrier-scenario.pdf\">Tournage vendredi 3 fevrier-scenario<\/a><\/p>\n<p>&nbsp;<\/p>\n<p>&nbsp;<\/p>\n","protected":false},"excerpt":{"rendered":"<p>Le projet\u00a0:\u00a0Il \u00e9tait une fois\u2026\u00a0le relief, avec l\u2019\u00c9cole Nationale Sup\u00e9rieure Louis-Lumi\u00e8re. Comment cr\u00e9e-t-on une image en relief ? Quelles implications pour les m\u00e9tiers de la r\u00e9alisation, de l\u2019image, du son, de la postproduction ? Qu\u2019est-ce que le m\u00e9tier de st\u00e9r\u00e9ographe ? Autant de sujets que nous vous proposons de d\u00e9couvrir&#8230;<\/p>\n<p><a class='more-link' href='https:\/\/atelier-filmfest.com\/archives\/archives-2\/2012-2\/ens-louis-lumiere\/'><span class='screen-reader-text'>ENS Louis Lumi\u00e8re<\/span><\/a><\/p>","protected":false},"author":3,"featured_media":0,"parent":619,"menu_order":2,"comment_status":"closed","ping_status":"closed","template":"","meta":[],"_links":{"self":[{"href":"https:\/\/atelier-filmfest.com\/archives\/wp-json\/wp\/v2\/pages\/658"}],"collection":[{"href":"https:\/\/atelier-filmfest.com\/archives\/wp-json\/wp\/v2\/pages"}],"about":[{"href":"https:\/\/atelier-filmfest.com\/archives\/wp-json\/wp\/v2\/types\/page"}],"author":[{"embeddable":true,"href":"https:\/\/atelier-filmfest.com\/archives\/wp-json\/wp\/v2\/users\/3"}],"replies":[{"embeddable":true,"href":"https:\/\/atelier-filmfest.com\/archives\/wp-json\/wp\/v2\/comments?post=658"}],"version-history":[{"count":1,"href":"https:\/\/atelier-filmfest.com\/archives\/wp-json\/wp\/v2\/pages\/658\/revisions"}],"predecessor-version":[{"id":6065,"href":"https:\/\/atelier-filmfest.com\/archives\/wp-json\/wp\/v2\/pages\/658\/revisions\/6065"}],"up":[{"embeddable":true,"href":"https:\/\/atelier-filmfest.com\/archives\/wp-json\/wp\/v2\/pages\/619"}],"wp:attachment":[{"href":"https:\/\/atelier-filmfest.com\/archives\/wp-json\/wp\/v2\/media?parent=658"}],"curies":[{"name":"wp","href":"https:\/\/api.w.org\/{rel}","templated":true}]}}